{"id":3513,"date":"2016-04-19T23:59:14","date_gmt":"2016-04-19T21:59:14","guid":{"rendered":"http:\/\/www.acuarella.eu\/es\/?page_id=3513"},"modified":"2023-02-28T23:09:12","modified_gmt":"2023-02-28T22:09:12","slug":"contacto-acuarella","status":"publish","type":"page","link":"https:\/\/www.acuarella.eu\/es\/contacto-acuarella\/","title":{"rendered":"Contacto-Old"},"content":{"rendered":"<div class=\"wpb-content-wrapper\"><p>[vc_row full_width=\u00bbstretch_row\u00bb bg_style=\u00bbbg-effect-lg\u00bb css=\u00bb.vc_custom_1619628113112{padding-top: 55px !important;padding-bottom: 55px !important;background-color: #c32f17 !important;}\u00bb][vc_column][vc_custom_heading text=\u00bbDonde estamos\u00bb font_container=\u00bbtag:h1|text_align:center|color:%23ffffff\u00bb use_theme_fonts=\u00bbyes\u00bb link=\u00bburl:http%3A%2F%2Fwww.acuarella.eu%2Fcontacte%2F||\u00bb][\/vc_column][\/vc_row][vc_row row_head_color=\u00bb#575656&#8243; css=\u00bb.vc_custom_1452179558660{padding-top: 55px !important;}\u00bb][vc_column width=\u00bb1\/2&#8243;][vc_column_text]<\/p>\n<h2 style=\"text-align: center;\">Sant Fructu\u00f3s<\/h2>\n<p>[\/vc_column_text][vc_empty_space height=\u00bb20px\u00bb][vc_separator color=\u00bbcustom\u00bb border_width=\u00bb4&#8243; el_width=\u00bb50&#8243; custom_sparator_width=\u00bb155px\u00bb accent_color=\u00bb#7eaa16&#8243;][vc_empty_space height=\u00bb36px\u00bb][cms_fancybox icon1=\u00bbfa fa-home\u00bb title1=\u00bbSant Fructu\u00f3s, 46, 08004 Barcelona\u00bb cms_title_size=\u00bbh6&#8243; cms_fancybox_boder_color=\u00bb#7eaa16&#8243; cms_fancybox_bg_color=\u00bb#7eaa16&#8243; cms_template=\u00bbcms_fancybox&#8211;layout-3.php\u00bb][cms_fancybox icon1=\u00bbfar fa-envelope\u00bb title1=\u00bbfructuos@acuarella.eu\u00bb button_link1=\u00bb\u00bb cms_title_size=\u00bbh6&#8243; cms_fancybox_boder_color=\u00bb#7eaa16&#8243; cms_fancybox_bg_color=\u00bb#7eaa16&#8243; cms_template=\u00bbcms_fancybox&#8211;layout-3.php\u00bb][cms_fancybox icon1=\u00bbfa fa-phone\u00bb title1=\u00bb+34 935 271 172&#8243; cms_title_size=\u00bbh6&#8243; cms_fancybox_boder_color=\u00bb#7eaa16&#8243; cms_fancybox_bg_color=\u00bb#7eaa16&#8243; cms_template=\u00bbcms_fancybox&#8211;layout-3.php\u00bb][vc_column_text css_animation=\u00bbtop-to-bottom\u00bb css=\u00bb.vc_custom_1536099194652{padding-top: 55px !important;}\u00bb]<\/p>\n<p id=\"firstHeading\" lang=\"es\"><img loading=\"lazy\" src=\"http:\/\/www.acuarella.eu\/wp-content\/uploads\/web\/07.0_contacte\/transporte\/car.png\" alt=\"18px-Rodalies_de_Catalunya\" width=\"30\" height=\"30\" \/> Zona para detener el veh\u00edculo unos minutos<\/p>\n<h5>Gran Via &#8211; Santa Dorotea<\/h5>\n<h6>(a 3 minutos)<\/h6>\n<p><img loading=\"lazy\" class=\"alignnone size-full wp-image-3094\" src=\"http:\/\/www.acuarella.eu\/wp-content\/uploads\/web\/07.0_contacte\/transporte\/Nou_Bus.png\" alt=\"Nou_Bus\" width=\"22\" height=\"22\" \/>\u00a0 <img loading=\"lazy\" class=\"alignnone size-medium wp-image-3107\" src=\"http:\/\/www.acuarella.eu\/wp-content\/uploads\/web\/07.0_contacte\/transporte\/H12_20px.png\" alt=\"H12_20px\" width=\"20\" height=\"20\" \/> <img loading=\"lazy\" class=\"alignnone size-full wp-image-3139\" src=\"http:\/\/www.acuarella.eu\/wp-content\/uploads\/web\/07.0_contacte\/transporte\/H16_20px.png\" alt=\"H16_20px\" width=\"20\" height=\"20\" \/><\/p>\n<p><img loading=\"lazy\" class=\"alignnone size-full wp-image-3104\" src=\"http:\/\/www.acuarella.eu\/wp-content\/uploads\/web\/07.0_contacte\/transporte\/BusUrbano.png\" alt=\"BusUrbano\" width=\"20\" height=\"20\" \/>\u00a0\u00a0 <img loading=\"lazy\" class=\"alignnone size-medium wp-image-3113\" src=\"http:\/\/www.acuarella.eu\/wp-content\/uploads\/web\/07.0_contacte\/transporte\/B_37.png\" alt=\"B_37\" width=\"20\" height=\"20\" \/> <img loading=\"lazy\" class=\"alignnone size-medium wp-image-3114\" src=\"http:\/\/www.acuarella.eu\/wp-content\/uploads\/web\/07.0_contacte\/transporte\/B_46.png\" alt=\"B_46\" width=\"20\" height=\"20\" \/> <img loading=\"lazy\" class=\"alignnone size-medium wp-image-3117\" src=\"http:\/\/www.acuarella.eu\/wp-content\/uploads\/web\/07.0_contacte\/transporte\/B_65.png\" alt=\"B_65\" width=\"20\" height=\"20\" \/> <img loading=\"lazy\" class=\"alignnone size-medium wp-image-3118\" src=\"http:\/\/www.acuarella.eu\/wp-content\/uploads\/web\/07.0_contacte\/transporte\/B_79.png\" alt=\"B_79\" width=\"20\" height=\"20\" \/> <img loading=\"lazy\" class=\"alignnone size-medium wp-image-3119\" src=\"http:\/\/www.acuarella.eu\/wp-content\/uploads\/web\/07.0_contacte\/transporte\/B_91.png\" alt=\"B_91\" width=\"20\" height=\"20\" \/> <img loading=\"lazy\" class=\"alignnone size-medium wp-image-3120\" src=\"http:\/\/www.acuarella.eu\/wp-content\/uploads\/web\/07.0_contacte\/transporte\/B_109.png\" alt=\"B_109\" width=\"20\" height=\"20\" \/> <img loading=\"lazy\" class=\"alignnone size-medium wp-image-3121\" src=\"http:\/\/www.acuarella.eu\/wp-content\/uploads\/web\/07.0_contacte\/transporte\/B_165.png\" alt=\"B_165\" width=\"20\" height=\"20\" \/><\/p>\n<p style=\"padding-left: 30px;\"><img loading=\"lazy\" class=\"alignnone size-full wp-image-3101\" src=\"http:\/\/www.acuarella.eu\/wp-content\/uploads\/web\/07.0_contacte\/transporte\/l70_18px.png\" alt=\"l70_18px\" width=\"22\" height=\"18\" \/> <img loading=\"lazy\" class=\"alignnone size-full wp-image-3102\" src=\"http:\/\/www.acuarella.eu\/wp-content\/uploads\/web\/07.0_contacte\/transporte\/l72_18px.png\" alt=\"l72_18px\" width=\"22\" height=\"18\" \/> <img loading=\"lazy\" class=\"alignnone size-full wp-image-3103\" src=\"http:\/\/www.acuarella.eu\/wp-content\/uploads\/web\/07.0_contacte\/transporte\/l80_18px.png\" alt=\"l80_18px\" width=\"22\" height=\"18\" \/> <img loading=\"lazy\" class=\"alignnone size-full wp-image-3096\" src=\"http:\/\/www.acuarella.eu\/wp-content\/uploads\/web\/07.0_contacte\/transporte\/l81_18px.png\" alt=\"l81_18px\" width=\"22\" height=\"18\" \/> <img loading=\"lazy\" class=\"alignnone size-full wp-image-3097\" src=\"http:\/\/www.acuarella.eu\/wp-content\/uploads\/web\/07.0_contacte\/transporte\/l86_18px.png\" alt=\"l86_18px\" width=\"22\" height=\"18\" \/> <img loading=\"lazy\" class=\"alignnone size-full wp-image-3098\" src=\"http:\/\/www.acuarella.eu\/wp-content\/uploads\/web\/07.0_contacte\/transporte\/l87_18px.png\" alt=\"l87_18px\" width=\"22\" height=\"18\" \/> <img loading=\"lazy\" class=\"alignnone size-full wp-image-3099\" src=\"http:\/\/www.acuarella.eu\/wp-content\/uploads\/web\/07.0_contacte\/transporte\/l94_18px.png\" alt=\"l94_18px\" width=\"22\" height=\"18\" \/> <img loading=\"lazy\" class=\"alignnone size-full wp-image-3100\" src=\"http:\/\/www.acuarella.eu\/wp-content\/uploads\/web\/07.0_contacte\/transporte\/l95_18px.png\" alt=\"l95_18px\" width=\"22\" height=\"18\" \/><\/p>\n<h5>Pla\u00e7a Espanya<\/h5>\n<h6>(a 6 minutos)<\/h6>\n<p><img loading=\"lazy\" class=\"alignnone size-full wp-image-3082\" src=\"http:\/\/www.acuarella.eu\/wp-content\/uploads\/web\/07.0_contacte\/transporte\/Barcelona_Metro_Logo.png\" alt=\"Barcelona_Metro_Logo\" width=\"20\" height=\"15\" \/>\u00a0\u00a0 <img loading=\"lazy\" class=\"alignnone size-full wp-image-3080\" src=\"http:\/\/www.acuarella.eu\/wp-content\/uploads\/web\/07.0_contacte\/transporte\/L1_barcelona.png\" alt=\"L1_barcelona\" width=\"18\" height=\"18\" \/> <img loading=\"lazy\" class=\"alignnone size-full wp-image-3081\" src=\"http:\/\/www.acuarella.eu\/wp-content\/uploads\/web\/07.0_contacte\/transporte\/L3_barcelona.png\" alt=\"L3_barcelona\" width=\"18\" height=\"18\" \/><\/p>\n<p><img loading=\"lazy\" class=\"alignnone size-full wp-image-3083\" src=\"http:\/\/www.acuarella.eu\/wp-content\/uploads\/web\/07.0_contacte\/transporte\/Barcelon_FGC_Logo.png\" alt=\"Barcelon_FGC_Logo\" width=\"18\" height=\"18\" \/>\u00a0\u00a0 <img loading=\"lazy\" class=\"alignnone size-medium wp-image-3084\" src=\"http:\/\/www.acuarella.eu\/wp-content\/uploads\/web\/07.0_contacte\/transporte\/L8_barcelona.png\" alt=\"L8_barcelona\" width=\"18\" height=\"18\" \/> <img loading=\"lazy\" class=\"alignnone size-medium wp-image-3091\" src=\"http:\/\/www.acuarella.eu\/wp-content\/uploads\/web\/07.0_contacte\/transporte\/S33_barcelona.png\" alt=\"S33_barcelona\" width=\"18\" height=\"18\" \/> <img loading=\"lazy\" class=\"alignnone size-medium wp-image-3089\" src=\"http:\/\/www.acuarella.eu\/wp-content\/uploads\/web\/07.0_contacte\/transporte\/S4_barcelona.png\" alt=\"S4_barcelona\" width=\"18\" height=\"18\" \/> <img loading=\"lazy\" class=\"alignnone size-medium wp-image-3090\" src=\"http:\/\/www.acuarella.eu\/wp-content\/uploads\/web\/07.0_contacte\/transporte\/S8_barcelona.png\" alt=\"S8_barcelona\" width=\"18\" height=\"18\" \/> <img loading=\"lazy\" class=\"alignnone size-medium wp-image-3085\" src=\"http:\/\/www.acuarella.eu\/wp-content\/uploads\/web\/07.0_contacte\/transporte\/R5_barcelona.png\" alt=\"R5_barcelona\" width=\"18\" height=\"18\" \/> <img loading=\"lazy\" class=\"alignnone size-medium wp-image-3086\" src=\"http:\/\/www.acuarella.eu\/wp-content\/uploads\/web\/07.0_contacte\/transporte\/R6_barcelona.png\" alt=\"R6_barcelona\" width=\"18\" height=\"18\" \/> <img loading=\"lazy\" class=\"alignnone size-medium wp-image-3087\" src=\"http:\/\/www.acuarella.eu\/wp-content\/uploads\/web\/07.0_contacte\/transporte\/R50_barcelona.png\" alt=\"R50_barcelona\" width=\"18\" height=\"18\" \/> <img loading=\"lazy\" class=\"alignnone size-medium wp-image-3088\" src=\"http:\/\/www.acuarella.eu\/wp-content\/uploads\/web\/07.0_contacte\/transporte\/R60_barcelona.png\" alt=\"R60_barcelona\" width=\"18\" height=\"18\" \/><\/p>\n<p><img loading=\"lazy\" class=\"alignnone size-full wp-image-3094\" src=\"http:\/\/www.acuarella.eu\/wp-content\/uploads\/web\/07.0_contacte\/transporte\/Nou_Bus.png\" alt=\"Nou_Bus\" width=\"22\" height=\"22\" \/>\u00a0 <img loading=\"lazy\" class=\"alignnone size-full wp-image-3105\" src=\"http:\/\/www.acuarella.eu\/wp-content\/uploads\/web\/07.0_contacte\/transporte\/V7_20px.png\" alt=\"V7_20px\" width=\"20\" height=\"20\" \/> <img loading=\"lazy\" class=\"alignnone size-medium wp-image-3106\" src=\"http:\/\/www.acuarella.eu\/wp-content\/uploads\/web\/07.0_contacte\/transporte\/D20_20px.png\" alt=\"D20_20px\" width=\"20\" height=\"20\" \/><\/p>\n<p><img loading=\"lazy\" class=\"alignnone size-full wp-image-3104\" src=\"http:\/\/www.acuarella.eu\/wp-content\/uploads\/web\/07.0_contacte\/transporte\/BusUrbano.png\" alt=\"BusUrbano\" width=\"20\" height=\"20\" \/>\u00a0\u00a0 <img loading=\"lazy\" class=\"alignnone size-medium wp-image-3123\" src=\"http:\/\/www.acuarella.eu\/wp-content\/uploads\/web\/07.0_contacte\/transporte\/B_9.png\" alt=\"B_9\" width=\"20\" height=\"20\" \/> <img loading=\"lazy\" class=\"alignnone size-full wp-image-3110\" src=\"http:\/\/www.acuarella.eu\/wp-content\/uploads\/web\/07.0_contacte\/transporte\/B_13.png\" alt=\"B_13\" width=\"20\" height=\"20\" \/> <img loading=\"lazy\" class=\"alignnone size-medium wp-image-3111\" src=\"http:\/\/www.acuarella.eu\/wp-content\/uploads\/web\/07.0_contacte\/transporte\/B_23.png\" alt=\"B_23\" width=\"20\" height=\"20\" \/> <img loading=\"lazy\" class=\"alignnone size-medium wp-image-3112\" src=\"http:\/\/www.acuarella.eu\/wp-content\/uploads\/web\/07.0_contacte\/transporte\/B_27.png\" alt=\"B_27\" width=\"20\" height=\"20\" \/> <img loading=\"lazy\" class=\"alignnone size-medium wp-image-3115\" src=\"http:\/\/www.acuarella.eu\/wp-content\/uploads\/web\/07.0_contacte\/transporte\/B_50.png\" alt=\"B_50\" width=\"20\" height=\"20\" \/>\u00a0<img loading=\"lazy\" class=\"alignnone size-medium wp-image-3116\" src=\"http:\/\/www.acuarella.eu\/wp-content\/uploads\/web\/07.0_contacte\/transporte\/B_61.png\" alt=\"B_61\" width=\"20\" height=\"20\" \/> <img loading=\"lazy\" class=\"alignnone size-medium wp-image-3122\" src=\"http:\/\/www.acuarella.eu\/wp-content\/uploads\/web\/07.0_contacte\/transporte\/B_PM.png\" alt=\"B_PM\" width=\"20\" height=\"20\" \/>[\/vc_column_text][\/vc_column][vc_column width=\u00bb1\/2&#8243;][vc_column_text]<\/p>\n<h2 style=\"text-align: center;\">Melcior<\/h2>\n<p>[\/vc_column_text][vc_empty_space height=\u00bb20px\u00bb][vc_separator color=\u00bbcustom\u00bb border_width=\u00bb4&#8243; el_width=\u00bb50&#8243; custom_sparator_width=\u00bb155px\u00bb accent_color=\u00bb#ec6f06&#8243;][vc_empty_space height=\u00bb36px\u00bb][cms_fancybox icon1=\u00bbfa fa-home\u00bb title1=\u00bbMelcior de Palau, 131, 08014 Barcelona\u00bb cms_title_size=\u00bbh6&#8243; cms_fancybox_boder_color=\u00bb#ec6f06&#8243; cms_fancybox_bg_color=\u00bb#ec6f06&#8243; cms_template=\u00bbcms_fancybox&#8211;layout-3.php\u00bb][cms_fancybox icon1=\u00bbfar fa-envelope\u00bb title1=\u00bbmelcior@acuarella.eu\u00bb button_link1=\u00bbmailto:melcior@acuarella.eu\u00bb cms_title_size=\u00bbh6&#8243; cms_fancybox_boder_color=\u00bb#ec6f06&#8243; cms_fancybox_bg_color=\u00bb#ec6f06&#8243; cms_template=\u00bbcms_fancybox&#8211;layout-3.php\u00bb][cms_fancybox icon1=\u00bbfa fa-phone\u00bb title1=\u00bb+34 931 854 088&#8243; cms_title_size=\u00bbh6&#8243; cms_fancybox_boder_color=\u00bb#ec6f06&#8243; cms_fancybox_bg_color=\u00bb#ec6f06&#8243; cms_template=\u00bbcms_fancybox&#8211;layout-3.php\u00bb][vc_column_text css_animation=\u00bbtop-to-bottom\u00bb css=\u00bb.vc_custom_1536099169164{padding-top: 55px !important;}\u00bb]<\/p>\n<p id=\"firstHeading\" lang=\"es\"><img loading=\"lazy\" src=\"http:\/\/www.acuarella.eu\/wp-content\/uploads\/web\/07.0_contacte\/transporte\/car.png\" alt=\"18px-Rodalies_de_Catalunya\" width=\"30\" height=\"30\" \/> Zona para detener el veh\u00edculo unos minutos<\/p>\n<h5>Sants Estaci\u00f3<\/h5>\n<h6>(a 5 minutos)<\/h6>\n<p><img loading=\"lazy\" src=\"http:\/\/www.acuarella.eu\/wp-content\/uploads\/web\/07.0_contacte\/transporte\/Barcelona_Metro_Logo.png\" alt=\"Barcelona_Metro_Logo\" width=\"20\" height=\"15\" \/>\u00a0\u00a0 <img loading=\"lazy\" src=\"http:\/\/www.acuarella.eu\/wp-content\/uploads\/web\/07.0_contacte\/transporte\/L1_barcelona.png\" alt=\"L1_barcelona\" width=\"18\" height=\"18\" \/> <img loading=\"lazy\" src=\"http:\/\/www.acuarella.eu\/wp-content\/uploads\/web\/07.0_contacte\/transporte\/L3_barcelona.png\" alt=\"L3_barcelona\" width=\"18\" height=\"18\" \/> <img loading=\"lazy\" src=\"http:\/\/www.acuarella.eu\/wp-content\/uploads\/web\/07.0_contacte\/transporte\/L5_barcelona.png\" alt=\"L5_barcelona\" width=\"18\" height=\"18\" \/><\/p>\n<p><img loading=\"lazy\" src=\"http:\/\/www.acuarella.eu\/wp-content\/uploads\/web\/07.0_contacte\/transporte\/18px-Rodalies_de_Catalunya.png\" alt=\"18px-Rodalies_de_Catalunya\" width=\"18\" height=\"18\" \/>\u00a0\u00a0 <img loading=\"lazy\" src=\"http:\/\/www.acuarella.eu\/wp-content\/uploads\/web\/07.0_contacte\/transporte\/18px-R1_barcelona.png\" alt=\"18px-R1_barcelona\" width=\"18\" height=\"18\" \/> <img loading=\"lazy\" src=\"http:\/\/www.acuarella.eu\/wp-content\/uploads\/web\/07.0_contacte\/transporte\/18px-R2_barcelona.png\" alt=\"18px-R2_barcelona\" width=\"18\" height=\"18\" \/> <img loading=\"lazy\" src=\"http:\/\/www.acuarella.eu\/wp-content\/uploads\/web\/07.0_contacte\/transporte\/18px-R2_Nord_Rodalies.png\" alt=\"18px-R2_Nord_Rodalies\" width=\"18\" height=\"22\" \/> <img loading=\"lazy\" src=\"http:\/\/www.acuarella.eu\/wp-content\/uploads\/web\/07.0_contacte\/transporte\/18px-R2_Sud_Rodalies.png\" alt=\"18px-R2_Sud_Rodalies\" width=\"18\" height=\"22\" \/> <img loading=\"lazy\" src=\"http:\/\/www.acuarella.eu\/wp-content\/uploads\/web\/07.0_contacte\/transporte\/18px-R3_barcelona.png\" alt=\"18px-R3_barcelona\" width=\"18\" height=\"18\" \/> <img loading=\"lazy\" src=\"http:\/\/www.acuarella.eu\/wp-content\/uploads\/web\/07.0_contacte\/transporte\/18px-R4_barcelona.png\" alt=\"18px-R4_barcelona\" width=\"18\" height=\"18\" \/><\/p>\n<p><img loading=\"lazy\" src=\"http:\/\/www.acuarella.eu\/wp-content\/uploads\/web\/07.0_contacte\/transporte\/Nou_Bus.png\" alt=\"Nou_Bus\" width=\"22\" height=\"22\" \/>\u00a0 <img loading=\"lazy\" src=\"http:\/\/www.acuarella.eu\/wp-content\/uploads\/web\/07.0_contacte\/transporte\/H10_20px.png\" alt=\"H10_20px\" width=\"20\" height=\"20\" \/> <img loading=\"lazy\" src=\"http:\/\/www.acuarella.eu\/wp-content\/uploads\/web\/07.0_contacte\/transporte\/V7_20px.png\" alt=\"V7_20px\" width=\"20\" height=\"20\" \/> <img loading=\"lazy\" src=\"http:\/\/www.acuarella.eu\/wp-content\/uploads\/web\/07.0_contacte\/transporte\/D20_20px.png\" alt=\"D20_20px\" width=\"20\" height=\"20\" \/><\/p>\n<p><img loading=\"lazy\" src=\"http:\/\/www.acuarella.eu\/wp-content\/uploads\/web\/07.0_contacte\/transporte\/BusUrbano.png\" alt=\"BusUrbano\" width=\"20\" height=\"20\" \/>\u00a0\u00a0\u00a0<img loading=\"lazy\" src=\"http:\/\/www.acuarella.eu\/wp-content\/uploads\/web\/07.0_contacte\/transporte\/B_78.png\" alt=\"B_78\" width=\"20\" height=\"20\" \/> <img loading=\"lazy\" src=\"http:\/\/www.acuarella.eu\/wp-content\/uploads\/web\/07.0_contacte\/transporte\/B_109.png\" alt=\"B_109\" width=\"20\" height=\"20\" \/>\u00a0<img loading=\"lazy\" src=\"http:\/\/www.acuarella.eu\/wp-content\/uploads\/web\/07.0_contacte\/transporte\/B_115.png\" alt=\"B_115\" width=\"20\" height=\"20\" \/><\/p>\n<p style=\"padding-left: 30px;\"><img loading=\"lazy\" src=\"http:\/\/www.acuarella.eu\/wp-content\/uploads\/web\/07.0_contacte\/transporte\/CJ_18px.png\" alt=\"CJ_18px\" width=\"22\" height=\"18\" \/><\/p>\n<div class=\"gm-style-iw\">\n<div>\n<div dir=\"ltr\">\n<div class=\"poi-info-window gm-style\">\n<div class=\"transit-container\">\n<h5 class=\"transit-title\">Pla\u00e7a del Centre<\/h5>\n<h6>(a 5 minutos)<\/h6>\n<div><img loading=\"lazy\" src=\"http:\/\/www.acuarella.eu\/wp-content\/uploads\/web\/07.0_contacte\/transporte\/Barcelona_Metro_Logo.png\" alt=\"Barcelona_Metro_Logo\" width=\"20\" height=\"15\" \/>\u00a0\u00a0 <img loading=\"lazy\" src=\"http:\/\/www.acuarella.eu\/wp-content\/uploads\/web\/07.0_contacte\/transporte\/L3_barcelona.png\" alt=\"L3_barcelona\" width=\"18\" height=\"18\" \/><\/div>\n<div><img loading=\"lazy\" src=\"http:\/\/www.acuarella.eu\/wp-content\/uploads\/web\/07.0_contacte\/transporte\/Nou_Bus.png\" alt=\"Nou_Bus\" width=\"22\" height=\"22\" \/>\u00a0 <img loading=\"lazy\" src=\"http:\/\/www.acuarella.eu\/wp-content\/uploads\/web\/07.0_contacte\/transporte\/H10_20px.png\" alt=\"H10_20px\" width=\"20\" height=\"20\" \/><\/div>\n<div><img loading=\"lazy\" src=\"http:\/\/www.acuarella.eu\/wp-content\/uploads\/web\/07.0_contacte\/transporte\/BusUrbano.png\" alt=\"BusUrbano\" width=\"20\" height=\"20\" \/>\u00a0\u00a0 <img loading=\"lazy\" src=\"http:\/\/www.acuarella.eu\/wp-content\/uploads\/web\/07.0_contacte\/transporte\/B_54.png\" alt=\"B_54\" width=\"20\" height=\"20\" \/><\/div>\n<\/div>\n<\/div>\n<\/div>\n<\/div>\n<\/div>\n<p>[\/vc_column_text][\/vc_column][\/vc_row][vc_row][vc_column][vc_empty_space height=\u00bb50px\u00bb][\/vc_column][\/vc_row][vc_row gap=\u00bb35&#8243; css=\u00bb.vc_custom_1627897844998{margin-right: 20px !important;}\u00bb][vc_column width=\u00bb1\/2&#8243;][cms_googlemap api=\u00bbAIzaSyCEr4YwuAnlDPKGzIx_sO05WXF0KnEc-BE\u00bb address=\u00bbCarrer de Sant Fructu\u00f3s, 46, 08004, Barcelona\u00bb coordinate=\u00bb41.371035, 2.145628&#8243; infoclick=\u00bb1&#8243; markercoordinate=\u00bb41.371035, 2.145628&#8243; markertitle=\u00bbAcuarella\u00bb markerdesc=\u00bbCarrer de Sant Fructu\u00f3s, 46<br \/>\n08004 Barcelona\u00bb markericon=\u00bb2654&#8243; zoom=\u00bb17&#8243; height=\u00bb450px\u00bb]JTVCJTdCJTIyZmVhdHVyZVR5cGUlMjIlM0ElMjJwb2klMjIlMkMlMjJlbGVtZW50VHlwZSUyMiUzQSUyMmxhYmVscyUyMiUyQyUyMnN0eWxlcnMlMjIlM0ElNUIlN0IlMjJ2aXNpYmlsaXR5JTIyJTNBJTIyb2ZmJTIyJTdEJTVEJTdEJTJDJTdCJTIyZmVhdHVyZVR5cGUlMjIlM0ElMjJ0cmFuc2l0LnN0YXRpb24lMjIlMkMlMjJzdHlsZXJzJTIyJTNBJTVCJTdCJTIydmlzaWJpbGl0eSUyMiUzQSUyMm9uJTIyJTdEJTVEJTdEJTJDJTdCJTIyZmVhdHVyZVR5cGUlMjIlM0ElMjJ0cmFuc2l0LmxpbmUlMjIlMkMlMjJzdHlsZXJzJTIyJTNBJTVCJTdCJTIydmlzaWJpbGl0eSUyMiUzQSUyMm9mZiUyMiU3RCU1RCU3RCUyQyU3QiUyMmZlYXR1cmVUeXBlJTIyJTNBJTIycm9hZCUyMiUyQyUyMmVsZW1lbnRUeXBlJTIyJTNBJTIyZ2VvbWV0cnkuc3Ryb2tlJTIyJTJDJTIyc3R5bGVycyUyMiUzQSU1QiU3QiUyMnZpc2liaWxpdHklMjIlM0ElMjJvZmYlMjIlN0QlNUQlN0QlMkMlN0IlMjJmZWF0dXJlVHlwZSUyMiUzQSUyMnJvYWQlMjIlMkMlMjJlbGVtZW50VHlwZSUyMiUzQSUyMmxhYmVscy5pY29uJTIyJTJDJTIyc3R5bGVycyUyMiUzQSU1QiU3QiUyMnZpc2liaWxpdHklMjIlM0ElMjJvZmYlMjIlN0QlNUQlN0QlNUQ=[\/cms_googlemap][\/vc_column][vc_column width=\u00bb1\/2&#8243;][cms_googlemap api=\u00bbAIzaSyCEr4YwuAnlDPKGzIx_sO05WXF0KnEc-BE\u00bb address=\u00bbCarrer de Melcior de Palau, 131, 08014, Barcelona\u00bb coordinate=\u00bb41.380980, 2.137694&#8243; infoclick=\u00bb1&#8243; markercoordinate=\u00bb41.380980, 2.137694&#8243; markertitle=\u00bbAcuarella\u00bb markerdesc=\u00bbCarrer de Melcior de Palau, 131<br \/>\n08014 Barcelona\u00bb markericon=\u00bb2654&#8243; zoom=\u00bb17&#8243; height=\u00bb450px\u00bb]JTVCJTdCJTIyZmVhdHVyZVR5cGUlMjIlM0ElMjJwb2klMjIlMkMlMjJlbGVtZW50VHlwZSUyMiUzQSUyMmxhYmVscyUyMiUyQyUyMnN0eWxlcnMlMjIlM0ElNUIlN0IlMjJ2aXNpYmlsaXR5JTIyJTNBJTIyb2ZmJTIyJTdEJTVEJTdEJTJDJTdCJTIyZmVhdHVyZVR5cGUlMjIlM0ElMjJ0cmFuc2l0LnN0YXRpb24lMjIlMkMlMjJzdHlsZXJzJTIyJTNBJTVCJTdCJTIydmlzaWJpbGl0eSUyMiUzQSUyMm9uJTIyJTdEJTVEJTdEJTJDJTdCJTIyZmVhdHVyZVR5cGUlMjIlM0ElMjJ0cmFuc2l0LmxpbmUlMjIlMkMlMjJzdHlsZXJzJTIyJTNBJTVCJTdCJTIydmlzaWJpbGl0eSUyMiUzQSUyMm9mZiUyMiU3RCU1RCU3RCUyQyU3QiUyMmZlYXR1cmVUeXBlJTIyJTNBJTIycm9hZCUyMiUyQyUyMmVsZW1lbnRUeXBlJTIyJTNBJTIyZ2VvbWV0cnkuc3Ryb2tlJTIyJTJDJTIyc3R5bGVycyUyMiUzQSU1QiU3QiUyMnZpc2liaWxpdHklMjIlM0ElMjJvZmYlMjIlN0QlNUQlN0QlMkMlN0IlMjJmZWF0dXJlVHlwZSUyMiUzQSUyMnJvYWQlMjIlMkMlMjJlbGVtZW50VHlwZSUyMiUzQSUyMmxhYmVscy5pY29uJTIyJTJDJTIyc3R5bGVycyUyMiUzQSU1QiU3QiUyMnZpc2liaWxpdHklMjIlM0ElMjJvZmYlMjIlN0QlNUQlN0QlNUQ=[\/cms_googlemap][\/vc_column][\/vc_row][vc_row][vc_column][vc_empty_space height=\u00bb50px\u00bb][\/vc_column][\/vc_row][vc_row full_width=\u00bbstretch_row\u00bb row_head_color=\u00bb#575656&#8243; css=\u00bb.vc_custom_1619628121185{padding-top: 130px !important;padding-bottom: 130px !important;background-image: url(http:\/\/www.acuarella.eu\/wp-content\/uploads\/web\/07.0_contacte\/bg-row-contact.jpg?id=2802) !important;background-position: center !important;background-repeat: no-repeat !important;background-size: cover !important;}\u00bb][vc_column width=\u00bb1\/2&#8243;][\/vc_column][vc_column width=\u00bb1\/2&#8243;][vc_column_text]<\/p>\n<h2 style=\"text-align: center;\">Acuarella<\/h2>\n<p>[\/vc_column_text][vc_empty_space height=\u00bb20px\u00bb][vc_separator color=\u00bbcustom\u00bb border_width=\u00bb4&#8243; el_width=\u00bb50&#8243; custom_sparator_width=\u00bb155px\u00bb accent_color=\u00bb#7eaa16&#8243;][vc_empty_space height=\u00bb36px\u00bb][cms_fancybox icon1=\u00bbfas fa-phone-alt\u00bb title1=\u00bb+34 687 68 54 43&#8243; button_link1=\u00bbtel:+34687685443&#8243; cms_title_size=\u00bbh6&#8243; cms_fancybox_boder_color=\u00bb#f7aa00&#8243; cms_fancybox_bg_color=\u00bb#f7aa00&#8243; cms_template=\u00bbcms_fancybox&#8211;layout-3.php\u00bb heading_1=\u00bb\u00bb][cms_fancybox icon1=\u00bbfas fa-envelope\u00bb title1=\u00bbacuarella@acuarella.eu\u00bb button_link1=\u00bbmailto:acuarella@acuarella.eu\u00bb cms_title_size=\u00bbh6&#8243; cms_fancybox_boder_color=\u00bb#f7aa00&#8243; cms_fancybox_bg_color=\u00bb#f7aa00&#8243; cms_template=\u00bbcms_fancybox&#8211;layout-3.php\u00bb][cms_fancybox icon1=\u00bbfa fa-clock-o\u00bb title1=\u00bbLunes a viernes de 8:00 &#8211; 18:00&#8243; cms_title_size=\u00bbh6&#8243; cms_fancybox_boder_color=\u00bb#f7aa00&#8243; cms_fancybox_bg_color=\u00bb#f7aa00&#8243; cms_template=\u00bbcms_fancybox&#8211;layout-3.php\u00bb][cms_fancybox icon1=\u00bbfab fa-linkedin\u00bb title1=\u00bbLinkedin Acuarella\u00bb button_link1=\u00bbhttps:\/\/www.linkedin.com\/company\/11481738\/\u00bb cms_title_size=\u00bbh6&#8243; cms_fancybox_boder_color=\u00bb#f7aa00&#8243; cms_fancybox_bg_color=\u00bb#f7aa00&#8243; cms_template=\u00bbcms_fancybox&#8211;layout-3.php\u00bb heading_1=\u00bb\u00bb][\/vc_column][\/vc_row]<\/p>\n<\/div>","protected":false},"excerpt":{"rendered":"<p>[vc_row full_width=\u00bbstretch_row\u00bb bg_style=\u00bbbg-effect-lg\u00bb css=\u00bb.vc_custom_1619628113112{padding-top: 55px !important;padding-bottom: 55px !important;background-color: #c32f17 !important;}\u00bb][vc_column][vc_custom_heading text=\u00bbDonde estamos\u00bb font_container=\u00bbtag:h1|text_align:center|color:%23ffffff\u00bb use_theme_fonts=\u00bbyes\u00bb link=\u00bburl:http%3A%2F%2Fwww.acuarella.eu%2Fcontacte%2F||\u00bb][\/vc_column][\/vc_row][vc_row row_head_color=\u00bb#575656&#8243; css=\u00bb.vc_custom_1452179558660{padding-top: 55px !important;}\u00bb][vc_column width=\u00bb1\/2&#8243;][vc_column_text] Sant Fructu\u00f3s [\/vc_column_text][vc_empty_space height=\u00bb20px\u00bb][vc_separator color=\u00bbcustom\u00bb border_width=\u00bb4&#8243; el_width=\u00bb50&#8243; custom_sparator_width=\u00bb155px\u00bb accent_color=\u00bb#7eaa16&#8243;][vc_empty_space height=\u00bb36px\u00bb][cms_fancybox icon1=\u00bbfa fa-home\u00bb title1=\u00bbSant Fructu\u00f3s, 46, 08004 Barcelona\u00bb cms_title_size=\u00bbh6&#8243; cms_fancybox_boder_color=\u00bb#7eaa16&#8243; cms_fancybox_bg_color=\u00bb#7eaa16&#8243; cms_template=\u00bbcms_fancybox&#8211;layout-3.php\u00bb][cms_fancybox icon1=\u00bbfar fa-envelope\u00bb title1=\u00bbfructuos@acuarella.eu\u00bb button_link1=\u00bb\u00bb cms_title_size=\u00bbh6&#8243; cms_fancybox_boder_color=\u00bb#7eaa16&#8243; cms_fancybox_bg_color=\u00bb#7eaa16&#8243; cms_template=\u00bbcms_fancybox&#8211;layout-3.php\u00bb][cms_fancybox icon1=\u00bbfa fa-phone\u00bb title1=\u00bb+34 935 271 172&#8243; [&hellip;]<\/p>\n","protected":false},"author":3,"featured_media":0,"parent":0,"menu_order":60,"comment_status":"closed","ping_status":"closed","template":"","meta":[],"yoast_head":"<!-- This site is optimized with the Yoast SEO plugin v20.2.1 - https:\/\/yoast.com\/wordpress\/plugins\/seo\/ -->\n<title>Acuarella | Contacto | localizaci\u00f3n de nuestras guarder\u00edas en Barcelona<\/title>\n<meta name=\"description\" content=\"Contacto de nuestras guarder\u00edas en Barcelona. Acuarella Melcior, calle Melcior de Palau, 131 y Acuarella Fructu\u00f3s, calle Sant Fructu\u00f3s, 46\" \/>\n<meta name=\"robots\" content=\"index, follow, max-snippet:-1, max-image-preview:large, max-video-preview:-1\" \/>\n<link rel=\"canonical\" href=\"https:\/\/www.acuarella.eu\/es\/contacto-acuarella\/\" \/>\n<meta property=\"og:locale\" content=\"es_ES\" \/>\n<meta property=\"og:type\" content=\"article\" \/>\n<meta property=\"og:title\" content=\"Acuarella | Contacto | localizaci\u00f3n de nuestras guarder\u00edas en Barcelona\" \/>\n<meta property=\"og:description\" content=\"Contacto de nuestras guarder\u00edas en Barcelona. Acuarella Melcior, calle Melcior de Palau, 131 y Acuarella Fructu\u00f3s, calle Sant Fructu\u00f3s, 46\" \/>\n<meta property=\"og:url\" content=\"https:\/\/www.acuarella.eu\/es\/contacto-acuarella\/\" \/>\n<meta property=\"og:site_name\" content=\"Acuarella\" \/>\n<meta property=\"article:publisher\" content=\"https:\/\/www.facebook.com\/acuarellainfants\/\" \/>\n<meta property=\"article:modified_time\" content=\"2023-02-28T22:09:12+00:00\" \/>\n<meta property=\"og:image\" content=\"http:\/\/www.acuarella.eu\/wp-content\/uploads\/web\/07.0_contacte\/transporte\/car.png\" \/>\n<meta name=\"twitter:card\" content=\"summary_large_image\" \/>\n<meta name=\"twitter:site\" content=\"@AcuarellaLLI\" \/>\n<meta name=\"twitter:label1\" content=\"Tiempo de lectura\" \/>\n\t<meta name=\"twitter:data1\" content=\"4 minutos\" \/>\n<script type=\"application\/ld+json\" class=\"yoast-schema-graph\">{\"@context\":\"https:\/\/schema.org\",\"@graph\":[{\"@type\":\"WebPage\",\"@id\":\"https:\/\/www.acuarella.eu\/es\/contacto-acuarella\/\",\"url\":\"https:\/\/www.acuarella.eu\/es\/contacto-acuarella\/\",\"name\":\"Acuarella | Contacto | localizaci\u00f3n de nuestras guarder\u00edas en Barcelona\",\"isPartOf\":{\"@id\":\"https:\/\/www.acuarella.eu\/es\/#website\"},\"datePublished\":\"2016-04-19T21:59:14+00:00\",\"dateModified\":\"2023-02-28T22:09:12+00:00\",\"description\":\"Contacto de nuestras guarder\u00edas en Barcelona. Acuarella Melcior, calle Melcior de Palau, 131 y Acuarella Fructu\u00f3s, calle Sant Fructu\u00f3s, 46\",\"breadcrumb\":{\"@id\":\"https:\/\/www.acuarella.eu\/es\/contacto-acuarella\/#breadcrumb\"},\"inLanguage\":\"es\",\"potentialAction\":[{\"@type\":\"ReadAction\",\"target\":[\"https:\/\/www.acuarella.eu\/es\/contacto-acuarella\/\"]}]},{\"@type\":\"BreadcrumbList\",\"@id\":\"https:\/\/www.acuarella.eu\/es\/contacto-acuarella\/#breadcrumb\",\"itemListElement\":[{\"@type\":\"ListItem\",\"position\":1,\"name\":\"Portada\",\"item\":\"https:\/\/www.acuarella.eu\/es\/\"},{\"@type\":\"ListItem\",\"position\":2,\"name\":\"Contacto-Old\"}]},{\"@type\":\"WebSite\",\"@id\":\"https:\/\/www.acuarella.eu\/es\/#website\",\"url\":\"https:\/\/www.acuarella.eu\/es\/\",\"name\":\"Llars d'infants Acuarella\",\"description\":\"Escuela infantil en Barcelona\",\"publisher\":{\"@id\":\"https:\/\/www.acuarella.eu\/es\/#organization\"},\"potentialAction\":[{\"@type\":\"SearchAction\",\"target\":{\"@type\":\"EntryPoint\",\"urlTemplate\":\"https:\/\/www.acuarella.eu\/es\/?s={search_term_string}\"},\"query-input\":\"required name=search_term_string\"}],\"inLanguage\":\"es\"},{\"@type\":\"Organization\",\"@id\":\"https:\/\/www.acuarella.eu\/es\/#organization\",\"name\":\"Acuarella\",\"url\":\"https:\/\/www.acuarella.eu\/es\/\",\"logo\":{\"@type\":\"ImageObject\",\"inLanguage\":\"es\",\"@id\":\"https:\/\/www.acuarella.eu\/es\/#\/schema\/logo\/image\/\",\"url\":\"https:\/\/www.acuarella.eu\/wp-content\/uploads\/revslider\/Navidad2018\/logo_500px.png\",\"contentUrl\":\"https:\/\/www.acuarella.eu\/wp-content\/uploads\/revslider\/Navidad2018\/logo_500px.png\",\"width\":500,\"height\":207,\"caption\":\"Acuarella\"},\"image\":{\"@id\":\"https:\/\/www.acuarella.eu\/es\/#\/schema\/logo\/image\/\"},\"sameAs\":[\"https:\/\/www.facebook.com\/acuarellainfants\/\",\"https:\/\/twitter.com\/AcuarellaLLI\",\"https:\/\/www.instagram.com\/acuarella_llars\/\",\"https:\/\/www.linkedin.com\/company\/11481738\/admin\/\"]}]}<\/script>\n<!-- \/ Yoast SEO plugin. -->","yoast_head_json":{"title":"Acuarella | Contacto | localizaci\u00f3n de nuestras guarder\u00edas en Barcelona","description":"Contacto de nuestras guarder\u00edas en Barcelona. Acuarella Melcior, calle Melcior de Palau, 131 y Acuarella Fructu\u00f3s, calle Sant Fructu\u00f3s, 46","robots":{"index":"index","follow":"follow","max-snippet":"max-snippet:-1","max-image-preview":"max-image-preview:large","max-video-preview":"max-video-preview:-1"},"canonical":"https:\/\/www.acuarella.eu\/es\/contacto-acuarella\/","og_locale":"es_ES","og_type":"article","og_title":"Acuarella | Contacto | localizaci\u00f3n de nuestras guarder\u00edas en Barcelona","og_description":"Contacto de nuestras guarder\u00edas en Barcelona. Acuarella Melcior, calle Melcior de Palau, 131 y Acuarella Fructu\u00f3s, calle Sant Fructu\u00f3s, 46","og_url":"https:\/\/www.acuarella.eu\/es\/contacto-acuarella\/","og_site_name":"Acuarella","article_publisher":"https:\/\/www.facebook.com\/acuarellainfants\/","article_modified_time":"2023-02-28T22:09:12+00:00","og_image":[{"url":"http:\/\/www.acuarella.eu\/wp-content\/uploads\/web\/07.0_contacte\/transporte\/car.png"}],"twitter_card":"summary_large_image","twitter_site":"@AcuarellaLLI","twitter_misc":{"Tiempo de lectura":"4 minutos"},"schema":{"@context":"https:\/\/schema.org","@graph":[{"@type":"WebPage","@id":"https:\/\/www.acuarella.eu\/es\/contacto-acuarella\/","url":"https:\/\/www.acuarella.eu\/es\/contacto-acuarella\/","name":"Acuarella | Contacto | localizaci\u00f3n de nuestras guarder\u00edas en Barcelona","isPartOf":{"@id":"https:\/\/www.acuarella.eu\/es\/#website"},"datePublished":"2016-04-19T21:59:14+00:00","dateModified":"2023-02-28T22:09:12+00:00","description":"Contacto de nuestras guarder\u00edas en Barcelona. Acuarella Melcior, calle Melcior de Palau, 131 y Acuarella Fructu\u00f3s, calle Sant Fructu\u00f3s, 46","breadcrumb":{"@id":"https:\/\/www.acuarella.eu\/es\/contacto-acuarella\/#breadcrumb"},"inLanguage":"es","potentialAction":[{"@type":"ReadAction","target":["https:\/\/www.acuarella.eu\/es\/contacto-acuarella\/"]}]},{"@type":"BreadcrumbList","@id":"https:\/\/www.acuarella.eu\/es\/contacto-acuarella\/#breadcrumb","itemListElement":[{"@type":"ListItem","position":1,"name":"Portada","item":"https:\/\/www.acuarella.eu\/es\/"},{"@type":"ListItem","position":2,"name":"Contacto-Old"}]},{"@type":"WebSite","@id":"https:\/\/www.acuarella.eu\/es\/#website","url":"https:\/\/www.acuarella.eu\/es\/","name":"Llars d'infants Acuarella","description":"Escuela infantil en Barcelona","publisher":{"@id":"https:\/\/www.acuarella.eu\/es\/#organization"},"potentialAction":[{"@type":"SearchAction","target":{"@type":"EntryPoint","urlTemplate":"https:\/\/www.acuarella.eu\/es\/?s={search_term_string}"},"query-input":"required name=search_term_string"}],"inLanguage":"es"},{"@type":"Organization","@id":"https:\/\/www.acuarella.eu\/es\/#organization","name":"Acuarella","url":"https:\/\/www.acuarella.eu\/es\/","logo":{"@type":"ImageObject","inLanguage":"es","@id":"https:\/\/www.acuarella.eu\/es\/#\/schema\/logo\/image\/","url":"https:\/\/www.acuarella.eu\/wp-content\/uploads\/revslider\/Navidad2018\/logo_500px.png","contentUrl":"https:\/\/www.acuarella.eu\/wp-content\/uploads\/revslider\/Navidad2018\/logo_500px.png","width":500,"height":207,"caption":"Acuarella"},"image":{"@id":"https:\/\/www.acuarella.eu\/es\/#\/schema\/logo\/image\/"},"sameAs":["https:\/\/www.facebook.com\/acuarellainfants\/","https:\/\/twitter.com\/AcuarellaLLI","https:\/\/www.instagram.com\/acuarella_llars\/","https:\/\/www.linkedin.com\/company\/11481738\/admin\/"]}]}},"_links":{"self":[{"href":"https:\/\/www.acuarella.eu\/es\/wp-json\/wp\/v2\/pages\/3513"}],"collection":[{"href":"https:\/\/www.acuarella.eu\/es\/wp-json\/wp\/v2\/pages"}],"about":[{"href":"https:\/\/www.acuarella.eu\/es\/wp-json\/wp\/v2\/types\/page"}],"author":[{"embeddable":true,"href":"https:\/\/www.acuarella.eu\/es\/wp-json\/wp\/v2\/users\/3"}],"replies":[{"embeddable":true,"href":"https:\/\/www.acuarella.eu\/es\/wp-json\/wp\/v2\/comments?post=3513"}],"version-history":[{"count":13,"href":"https:\/\/www.acuarella.eu\/es\/wp-json\/wp\/v2\/pages\/3513\/revisions"}],"predecessor-version":[{"id":9341,"href":"https:\/\/www.acuarella.eu\/es\/wp-json\/wp\/v2\/pages\/3513\/revisions\/9341"}],"wp:attachment":[{"href":"https:\/\/www.acuarella.eu\/es\/wp-json\/wp\/v2\/media?parent=3513"}],"curies":[{"name":"wp","href":"https:\/\/api.w.org\/{rel}","templated":true}]}}