{"id":3602,"date":"2016-05-09T20:44:07","date_gmt":"2016-05-09T18:44:07","guid":{"rendered":"http:\/\/www.acuarella.eu\/es\/?page_id=3602"},"modified":"2023-01-23T08:28:05","modified_gmt":"2023-01-23T07:28:05","slug":"las-guarderias","status":"publish","type":"page","link":"https:\/\/www.acuarella.eu\/es\/las-guarderias\/","title":{"rendered":"Las guarder\u00edas"},"content":{"rendered":"<div class=\"wpb-content-wrapper\"><p>[vc_row full_width=\u00bbstretch_row\u00bb bg_style=\u00bbbg-effect-lg\u00bb css=\u00bb.vc_custom_1619630347199{background-color: #f7aa00 !important;}\u00bb][vc_column][vc_custom_heading text=\u00bbLas guarder\u00edas\u00bb font_container=\u00bbtag:h1|text_align:center|color:%23ffffff\u00bb use_theme_fonts=\u00bbyes\u00bb css=\u00bb.vc_custom_1573926312205{padding-top: 55px !important;padding-bottom: 55px !important;}\u00bb][\/vc_column][\/vc_row][vc_row css=\u00bb.vc_custom_1459606663125{padding-top: 55px !important;}\u00bb][vc_column width=\u00bb1\/2&#8243;][vc_custom_heading text=\u00bbEspacios\u00bb font_container=\u00bbtag:h2|text_align:center\u00bb use_theme_fonts=\u00bbyes\u00bb][vc_empty_space height=\u00bb10px\u00bb][vc_separator color=\u00bbcustom\u00bb align=\u00bbcenter\u00bb border_width=\u00bb4&#8243; custom_sparator_width=\u00bb155px\u00bb accent_color=\u00bb#f7aa00&#8243;][vc_empty_space height=\u00bb20px\u00bb][vc_column_text]En este sitio encontrar\u00e9is el enlace a las guarder\u00edas Acuarella, donde ver\u00e9is muchas im\u00e1genes de cada escuela, as\u00ed como fotos de actividades que se realizan e imagenes de cada perfil de nuestro equipo docente.<\/p>\n<p>Al exporar este apartado tendr\u00e9is una visi\u00f3n aproximada de cada escuela, pero si quer\u00e9is visitarla, no dud\u00e9is en poneros en <a href=\"https:\/\/www.acuarella.eu\/es\/contacto\/\">contacto<\/a> con nosotros y os la ense\u00f1aremos gustosamente y sin ning\u00fan compromiso.[\/vc_column_text][\/vc_column][vc_column width=\u00bb1\/2&#8243;][vc_single_image image=\u00bb6118&#8243; img_size=\u00bbfull\u00bb alignment=\u00bbcenter\u00bb style=\u00bbvc_box_shadow_3d\u00bb css_animation=\u00bbright-to-left\u00bb][\/vc_column][\/vc_row][vc_row][vc_column][vc_empty_space height=\u00bb20px\u00bb][vc_separator color=\u00bbcustom\u00bb align=\u00bbcenter\u00bb el_width=\u00bb70&#8243; accent_color=\u00bb#e9e9e9&#8243;][vc_empty_space height=\u00bb20px\u00bb][\/vc_column][\/vc_row][vc_row css=\u00bb.vc_custom_1459607582211{padding-top: 55px !important;}\u00bb][vc_column][vc_custom_heading text=\u00bbLas guarder\u00edas\u00bb font_container=\u00bbtag:h2|text_align:center\u00bb use_theme_fonts=\u00bbyes\u00bb][vc_empty_space height=\u00bb10px\u00bb][vc_separator color=\u00bbcustom\u00bb align=\u00bbcenter\u00bb border_width=\u00bb4&#8243; custom_sparator_width=\u00bb155px\u00bb accent_color=\u00bb#f7aa00&#8243;][vc_empty_space height=\u00bb20px\u00bb][\/vc_column][\/vc_row][vc_row css=\u00bb.vc_custom_1459607616795{padding-top: 55px !important;}\u00bb][vc_column width=\u00bb1\/2&#8243;][vc_btn title=\u00bbSants\u00bb align=\u00bbcenter\u00bb link=\u00bburl:https%3A%2F%2Fwww.acuarella.eu%2Fes%2Flas-guarderias%2Fsants%2F|title:Sants||\u00bb][vc_column_text]<\/p>\n<p style=\"text-align: center;\"><img loading=\"lazy\" class=\"alignnone size-medium wp-image-6889\" src=\"https:\/\/www.acuarella.eu\/wp-content\/uploads\/Fa\u00e7ana-Sant-Fructu\u00f3s-WEB-2-300x200.jpg\" alt=\"\" width=\"300\" height=\"200\" srcset=\"https:\/\/www.acuarella.eu\/wp-content\/uploads\/Fa\u00e7ana-Sant-Fructu\u00f3s-WEB-2-300x200.jpg 300w, https:\/\/www.acuarella.eu\/wp-content\/uploads\/Fa\u00e7ana-Sant-Fructu\u00f3s-WEB-2-768x512.jpg 768w, https:\/\/www.acuarella.eu\/wp-content\/uploads\/Fa\u00e7ana-Sant-Fructu\u00f3s-WEB-2-624x416.jpg 624w, https:\/\/www.acuarella.eu\/wp-content\/uploads\/Fa\u00e7ana-Sant-Fructu\u00f3s-WEB-2.jpg 800w\" sizes=\"(max-width: 300px) 100vw, 300px\" \/><\/p>\n<p style=\"text-align: center;\">Sant Fructu\u00f3s<\/p>\n<p>[\/vc_column_text][\/vc_column][vc_column width=\u00bb1\/2&#8243;][vc_btn title=\u00bbSants-Les Corts\u00bb align=\u00bbcenter\u00bb link=\u00bburl:https%3A%2F%2Fwww.acuarella.eu%2Fes%2Flas-guarderias%2Fsants-les-corts%2F|title:Sants||\u00bb][vc_column_text]<\/p>\n<p style=\"text-align: center;\"><img loading=\"lazy\" class=\"alignnone size-medium wp-image-5061\" src=\"https:\/\/www.acuarella.eu\/wp-content\/uploads\/fotos\/melcior\/galeria\/MP_01_galeria_000-300x200.jpg\" alt=\"\" width=\"300\" height=\"200\" srcset=\"https:\/\/www.acuarella.eu\/wp-content\/uploads\/fotos\/melcior\/galeria\/MP_01_galeria_000-300x200.jpg 300w, https:\/\/www.acuarella.eu\/wp-content\/uploads\/fotos\/melcior\/galeria\/MP_01_galeria_000-768x512.jpg 768w, https:\/\/www.acuarella.eu\/wp-content\/uploads\/fotos\/melcior\/galeria\/MP_01_galeria_000-624x416.jpg 624w, https:\/\/www.acuarella.eu\/wp-content\/uploads\/fotos\/melcior\/galeria\/MP_01_galeria_000.jpg 800w\" sizes=\"(max-width: 300px) 100vw, 300px\" \/><\/p>\n<p style=\"text-align: center;\">Acuarella Melcior<\/p>\n<p>[\/vc_column_text][\/vc_column][\/vc_row][vc_row][vc_column][vc_empty_space height=\u00bb20px\u00bb][vc_separator color=\u00bbcustom\u00bb align=\u00bbcenter\u00bb el_width=\u00bb70&#8243; accent_color=\u00bb#e9e9e9&#8243;][vc_empty_space height=\u00bb20px\u00bb][\/vc_column][\/vc_row][vc_row css=\u00bb.vc_custom_1459607582211{padding-top: 55px !important;}\u00bb][vc_column][vc_custom_heading text=\u00bbGrupos\u00bb font_container=\u00bbtag:h2|text_align:center\u00bb use_theme_fonts=\u00bbyes\u00bb][vc_empty_space height=\u00bb10px\u00bb][vc_separator color=\u00bbcustom\u00bb align=\u00bbcenter\u00bb border_width=\u00bb4&#8243; custom_sparator_width=\u00bb155px\u00bb accent_color=\u00bb#f7aa00&#8243;][vc_empty_space height=\u00bb20px\u00bb][\/vc_column][\/vc_row][vc_row css=\u00bb.vc_custom_1459607616795{padding-top: 55px !important;}\u00bb][vc_column width=\u00bb1\/3&#8243;][cms_fancybox content_align=\u00bbcenter\u00bb icon1=\u00bbfa fa-sun-o\u00bb title1=\u00bbSoles\u00bb cms_fancybox_boder_color=\u00bb#f7aa00&#8243; cms_fancybox_bg_color=\u00bb#f7aa00&#8243; cms_template=\u00bbcms_fancybox.php\u00bb][vc_column_text]<\/p>\n<p style=\"text-align: center;\">(0 &#8211; 1 a\u00f1os)<\/p>\n<p style=\"text-align: center;\">Primera toma de contacto con otros ni\u00f1os y un entorno nuevo. En esta etapa trabajaremos todos sus sentidos (vista, o\u00eddo, olfato, tacto y gusto) mediante experimentaciones, juegos de regazo, masajes y paneras, como la de los tesoros, con el objetivo que se desarrollan tanto f\u00edsica como intelectualmente.<\/p>\n<p>[\/vc_column_text][\/vc_column][vc_column width=\u00bb1\/3&#8243;][cms_fancybox content_align=\u00bbcenter\u00bb icon1=\u00bbfa fa-moon-o\u00bb title1=\u00bbLunas\u00bb cms_fancybox_boder_color=\u00bb#005c2b\u00bb cms_fancybox_bg_color=\u00bb#005c2b\u00bb cms_template=\u00bbcms_fancybox.php\u00bb][vc_column_text]<\/p>\n<p style=\"text-align: center;\">(1 &#8211; 2 a\u00f1os)<\/p>\n<p style=\"text-align: center;\">Los ni\u00f1os ya disfrutan de la habilidad de coger objetos y transportarlos, momento ideal para introducirlos el \u201cjuego heur\u00edstico\u201d combinando juego, exploraci\u00f3n y objetos. En esta etapa damos mucha importancia a la comprensi\u00f3n del lenguaje y la articulaci\u00f3n de palabras y frases cortas.<\/p>\n<p>[\/vc_column_text][\/vc_column][vc_column width=\u00bb1\/3&#8243;][cms_fancybox content_align=\u00bbcenter\u00bb icon1=\u00bbfa fa-star-o\u00bb title1=\u00bbEstrellas\u00bb cms_fancybox_boder_color=\u00bb#c32f17&#8243; cms_fancybox_bg_color=\u00bb#c32f17&#8243; cms_template=\u00bbcms_fancybox.php\u00bb][vc_column_text]<\/p>\n<p style=\"text-align: center;\">(2 &#8211; 3 a\u00f1os)<\/p>\n<p style=\"text-align: center;\">Los peques ya interaccionan entre ellos de una manera global. Tambi\u00e9n crece la empat\u00eda y es el momento ideal para introducirles los juegos de aprendizaje m\u00e1s elaborados, como es el caso del juego simb\u00f3lico.<\/p>\n<p>[\/vc_column_text][\/vc_column][\/vc_row]<\/p>\n<\/div>","protected":false},"excerpt":{"rendered":"<p>[vc_row full_width=\u00bbstretch_row\u00bb bg_style=\u00bbbg-effect-lg\u00bb css=\u00bb.vc_custom_1619630347199{background-color: #f7aa00 !important;}\u00bb][vc_column][vc_custom_heading text=\u00bbLas guarder\u00edas\u00bb font_container=\u00bbtag:h1|text_align:center|color:%23ffffff\u00bb use_theme_fonts=\u00bbyes\u00bb css=\u00bb.vc_custom_1573926312205{padding-top: 55px !important;padding-bottom: 55px !important;}\u00bb][\/vc_column][\/vc_row][vc_row css=\u00bb.vc_custom_1459606663125{padding-top: 55px !important;}\u00bb][vc_column width=\u00bb1\/2&#8243;][vc_custom_heading text=\u00bbEspacios\u00bb font_container=\u00bbtag:h2|text_align:center\u00bb use_theme_fonts=\u00bbyes\u00bb][vc_empty_space height=\u00bb10px\u00bb][vc_separator color=\u00bbcustom\u00bb align=\u00bbcenter\u00bb border_width=\u00bb4&#8243; custom_sparator_width=\u00bb155px\u00bb accent_color=\u00bb#f7aa00&#8243;][vc_empty_space height=\u00bb20px\u00bb][vc_column_text]En este sitio encontrar\u00e9is el enlace a las guarder\u00edas Acuarella, donde ver\u00e9is muchas im\u00e1genes de cada escuela, as\u00ed como fotos de actividades que se realizan e imagenes [&hellip;]<\/p>\n","protected":false},"author":3,"featured_media":0,"parent":0,"menu_order":20,"comment_status":"closed","ping_status":"closed","template":"","meta":[],"yoast_head":"<!-- This site is optimized with the Yoast SEO plugin v20.2.1 - https:\/\/yoast.com\/wordpress\/plugins\/seo\/ -->\n<title>Acuarella | las guarder\u00edas | Las escuelas de Barcelona<\/title>\n<meta name=\"description\" content=\"En este sitio encontrar\u00e9is el enlace a cada guarder\u00eda Acuarella donde ver\u00e9is muchas im\u00e1genes de cada escuela y de las actividades que hacemos\" \/>\n<meta name=\"robots\" content=\"index, follow, max-snippet:-1, max-image-preview:large, max-video-preview:-1\" \/>\n<link rel=\"canonical\" href=\"https:\/\/www.acuarella.eu\/es\/las-guarderias\/\" \/>\n<meta property=\"og:locale\" content=\"es_ES\" \/>\n<meta property=\"og:type\" content=\"article\" \/>\n<meta property=\"og:title\" content=\"Acuarella | las guarder\u00edas | Las escuelas de Barcelona\" \/>\n<meta property=\"og:description\" content=\"En este sitio encontrar\u00e9is el enlace a cada guarder\u00eda Acuarella donde ver\u00e9is muchas im\u00e1genes de cada escuela y de las actividades que hacemos\" \/>\n<meta property=\"og:url\" content=\"https:\/\/www.acuarella.eu\/es\/las-guarderias\/\" \/>\n<meta property=\"og:site_name\" content=\"Acuarella\" \/>\n<meta property=\"article:publisher\" content=\"https:\/\/www.facebook.com\/acuarellainfants\/\" \/>\n<meta property=\"article:modified_time\" content=\"2023-01-23T07:28:05+00:00\" \/>\n<meta property=\"og:image\" content=\"https:\/\/www.acuarella.eu\/wp-content\/uploads\/fotos\/melcior\/galeria\/MP_01_galeria_000-300x200.jpg\" \/>\n<meta name=\"twitter:card\" content=\"summary_large_image\" \/>\n<meta name=\"twitter:site\" content=\"@AcuarellaLLI\" \/>\n<meta name=\"twitter:label1\" content=\"Tiempo de lectura\" \/>\n\t<meta name=\"twitter:data1\" content=\"4 minutos\" \/>\n<script type=\"application\/ld+json\" class=\"yoast-schema-graph\">{\"@context\":\"https:\/\/schema.org\",\"@graph\":[{\"@type\":\"WebPage\",\"@id\":\"https:\/\/www.acuarella.eu\/es\/las-guarderias\/\",\"url\":\"https:\/\/www.acuarella.eu\/es\/las-guarderias\/\",\"name\":\"Acuarella | las guarder\u00edas | Las escuelas de Barcelona\",\"isPartOf\":{\"@id\":\"https:\/\/www.acuarella.eu\/es\/#website\"},\"datePublished\":\"2016-05-09T18:44:07+00:00\",\"dateModified\":\"2023-01-23T07:28:05+00:00\",\"description\":\"En este sitio encontrar\u00e9is el enlace a cada guarder\u00eda Acuarella donde ver\u00e9is muchas im\u00e1genes de cada escuela y de las actividades que hacemos\",\"breadcrumb\":{\"@id\":\"https:\/\/www.acuarella.eu\/es\/las-guarderias\/#breadcrumb\"},\"inLanguage\":\"es\",\"potentialAction\":[{\"@type\":\"ReadAction\",\"target\":[\"https:\/\/www.acuarella.eu\/es\/las-guarderias\/\"]}]},{\"@type\":\"BreadcrumbList\",\"@id\":\"https:\/\/www.acuarella.eu\/es\/las-guarderias\/#breadcrumb\",\"itemListElement\":[{\"@type\":\"ListItem\",\"position\":1,\"name\":\"Portada\",\"item\":\"https:\/\/www.acuarella.eu\/es\/\"},{\"@type\":\"ListItem\",\"position\":2,\"name\":\"Las guarder\u00edas\"}]},{\"@type\":\"WebSite\",\"@id\":\"https:\/\/www.acuarella.eu\/es\/#website\",\"url\":\"https:\/\/www.acuarella.eu\/es\/\",\"name\":\"Llars d'infants Acuarella\",\"description\":\"Escuela infantil en Barcelona\",\"publisher\":{\"@id\":\"https:\/\/www.acuarella.eu\/es\/#organization\"},\"potentialAction\":[{\"@type\":\"SearchAction\",\"target\":{\"@type\":\"EntryPoint\",\"urlTemplate\":\"https:\/\/www.acuarella.eu\/es\/?s={search_term_string}\"},\"query-input\":\"required name=search_term_string\"}],\"inLanguage\":\"es\"},{\"@type\":\"Organization\",\"@id\":\"https:\/\/www.acuarella.eu\/es\/#organization\",\"name\":\"Acuarella\",\"url\":\"https:\/\/www.acuarella.eu\/es\/\",\"logo\":{\"@type\":\"ImageObject\",\"inLanguage\":\"es\",\"@id\":\"https:\/\/www.acuarella.eu\/es\/#\/schema\/logo\/image\/\",\"url\":\"https:\/\/www.acuarella.eu\/wp-content\/uploads\/revslider\/Navidad2018\/logo_500px.png\",\"contentUrl\":\"https:\/\/www.acuarella.eu\/wp-content\/uploads\/revslider\/Navidad2018\/logo_500px.png\",\"width\":500,\"height\":207,\"caption\":\"Acuarella\"},\"image\":{\"@id\":\"https:\/\/www.acuarella.eu\/es\/#\/schema\/logo\/image\/\"},\"sameAs\":[\"https:\/\/www.facebook.com\/acuarellainfants\/\",\"https:\/\/twitter.com\/AcuarellaLLI\",\"https:\/\/www.instagram.com\/acuarella_llars\/\",\"https:\/\/www.linkedin.com\/company\/11481738\/admin\/\"]}]}<\/script>\n<!-- \/ Yoast SEO plugin. -->","yoast_head_json":{"title":"Acuarella | las guarder\u00edas | Las escuelas de Barcelona","description":"En este sitio encontrar\u00e9is el enlace a cada guarder\u00eda Acuarella donde ver\u00e9is muchas im\u00e1genes de cada escuela y de las actividades que hacemos","robots":{"index":"index","follow":"follow","max-snippet":"max-snippet:-1","max-image-preview":"max-image-preview:large","max-video-preview":"max-video-preview:-1"},"canonical":"https:\/\/www.acuarella.eu\/es\/las-guarderias\/","og_locale":"es_ES","og_type":"article","og_title":"Acuarella | las guarder\u00edas | Las escuelas de Barcelona","og_description":"En este sitio encontrar\u00e9is el enlace a cada guarder\u00eda Acuarella donde ver\u00e9is muchas im\u00e1genes de cada escuela y de las actividades que hacemos","og_url":"https:\/\/www.acuarella.eu\/es\/las-guarderias\/","og_site_name":"Acuarella","article_publisher":"https:\/\/www.facebook.com\/acuarellainfants\/","article_modified_time":"2023-01-23T07:28:05+00:00","og_image":[{"url":"https:\/\/www.acuarella.eu\/wp-content\/uploads\/fotos\/melcior\/galeria\/MP_01_galeria_000-300x200.jpg"}],"twitter_card":"summary_large_image","twitter_site":"@AcuarellaLLI","twitter_misc":{"Tiempo de lectura":"4 minutos"},"schema":{"@context":"https:\/\/schema.org","@graph":[{"@type":"WebPage","@id":"https:\/\/www.acuarella.eu\/es\/las-guarderias\/","url":"https:\/\/www.acuarella.eu\/es\/las-guarderias\/","name":"Acuarella | las guarder\u00edas | Las escuelas de Barcelona","isPartOf":{"@id":"https:\/\/www.acuarella.eu\/es\/#website"},"datePublished":"2016-05-09T18:44:07+00:00","dateModified":"2023-01-23T07:28:05+00:00","description":"En este sitio encontrar\u00e9is el enlace a cada guarder\u00eda Acuarella donde ver\u00e9is muchas im\u00e1genes de cada escuela y de las actividades que hacemos","breadcrumb":{"@id":"https:\/\/www.acuarella.eu\/es\/las-guarderias\/#breadcrumb"},"inLanguage":"es","potentialAction":[{"@type":"ReadAction","target":["https:\/\/www.acuarella.eu\/es\/las-guarderias\/"]}]},{"@type":"BreadcrumbList","@id":"https:\/\/www.acuarella.eu\/es\/las-guarderias\/#breadcrumb","itemListElement":[{"@type":"ListItem","position":1,"name":"Portada","item":"https:\/\/www.acuarella.eu\/es\/"},{"@type":"ListItem","position":2,"name":"Las guarder\u00edas"}]},{"@type":"WebSite","@id":"https:\/\/www.acuarella.eu\/es\/#website","url":"https:\/\/www.acuarella.eu\/es\/","name":"Llars d'infants Acuarella","description":"Escuela infantil en Barcelona","publisher":{"@id":"https:\/\/www.acuarella.eu\/es\/#organization"},"potentialAction":[{"@type":"SearchAction","target":{"@type":"EntryPoint","urlTemplate":"https:\/\/www.acuarella.eu\/es\/?s={search_term_string}"},"query-input":"required name=search_term_string"}],"inLanguage":"es"},{"@type":"Organization","@id":"https:\/\/www.acuarella.eu\/es\/#organization","name":"Acuarella","url":"https:\/\/www.acuarella.eu\/es\/","logo":{"@type":"ImageObject","inLanguage":"es","@id":"https:\/\/www.acuarella.eu\/es\/#\/schema\/logo\/image\/","url":"https:\/\/www.acuarella.eu\/wp-content\/uploads\/revslider\/Navidad2018\/logo_500px.png","contentUrl":"https:\/\/www.acuarella.eu\/wp-content\/uploads\/revslider\/Navidad2018\/logo_500px.png","width":500,"height":207,"caption":"Acuarella"},"image":{"@id":"https:\/\/www.acuarella.eu\/es\/#\/schema\/logo\/image\/"},"sameAs":["https:\/\/www.facebook.com\/acuarellainfants\/","https:\/\/twitter.com\/AcuarellaLLI","https:\/\/www.instagram.com\/acuarella_llars\/","https:\/\/www.linkedin.com\/company\/11481738\/admin\/"]}]}},"_links":{"self":[{"href":"https:\/\/www.acuarella.eu\/es\/wp-json\/wp\/v2\/pages\/3602"}],"collection":[{"href":"https:\/\/www.acuarella.eu\/es\/wp-json\/wp\/v2\/pages"}],"about":[{"href":"https:\/\/www.acuarella.eu\/es\/wp-json\/wp\/v2\/types\/page"}],"author":[{"embeddable":true,"href":"https:\/\/www.acuarella.eu\/es\/wp-json\/wp\/v2\/users\/3"}],"replies":[{"embeddable":true,"href":"https:\/\/www.acuarella.eu\/es\/wp-json\/wp\/v2\/comments?post=3602"}],"version-history":[{"count":5,"href":"https:\/\/www.acuarella.eu\/es\/wp-json\/wp\/v2\/pages\/3602\/revisions"}],"predecessor-version":[{"id":9006,"href":"https:\/\/www.acuarella.eu\/es\/wp-json\/wp\/v2\/pages\/3602\/revisions\/9006"}],"wp:attachment":[{"href":"https:\/\/www.acuarella.eu\/es\/wp-json\/wp\/v2\/media?parent=3602"}],"curies":[{"name":"wp","href":"https:\/\/api.w.org\/{rel}","templated":true}]}}