{"id":3630,"date":"2016-05-09T21:54:57","date_gmt":"2016-05-09T19:54:57","guid":{"rendered":"http:\/\/www.acuarella.eu\/es\/?page_id=3630"},"modified":"2024-08-13T11:26:05","modified_gmt":"2024-08-13T09:26:05","slug":"servicios","status":"publish","type":"page","link":"https:\/\/www.acuarella.eu\/es\/servicios\/","title":{"rendered":"Servicios"},"content":{"rendered":"<div class=\"wpb-content-wrapper\"><p>[vc_row full_width=\u00bbstretch_row\u00bb bg_style=\u00bbbg-effect-lg\u00bb css=\u00bb.vc_custom_1619978773271{padding-top: 55px !important;padding-bottom: 55px !important;background-color: #005c2b !important;}\u00bb][vc_column][vc_custom_heading text=\u00bbServicios\u00bb font_container=\u00bbtag:h1|text_align:center|color:%23ffffff\u00bb use_theme_fonts=\u00bbyes\u00bb][\/vc_column][\/vc_row][vc_row css=\u00bb.vc_custom_1458648942275{padding-top: 55px !important;}\u00bb][vc_column offset=\u00bbvc_col-lg-6 vc_col-md-6 vc_col-xs-12&#8243; css=\u00bb.vc_custom_1622048569881{padding-right: 25px !important;}\u00bb][vc_custom_heading text=\u00bbNuestro horario\u00bb font_container=\u00bbtag:h2|text_align:center\u00bb use_theme_fonts=\u00bbyes\u00bb][vc_empty_space height=\u00bb10px\u00bb][vc_separator color=\u00bbcustom\u00bb align=\u00bbcenter\u00bb border_width=\u00bb4&#8243; custom_sparator_width=\u00bb155px\u00bb accent_color=\u00bb#005c2b\u00bb][vc_empty_space height=\u00bb20px\u00bb][vc_column_text]<\/p>\n<p style=\"text-align: justify;\">Acuarella abre\u00a0a las<strong> 7:30 <\/strong>de la ma\u00f1ana hasta las<strong> 18h<\/strong>, ofreciendo a los padres diversos horarios y flexibilidad para adaptarnos a las necesidades de las familias.<\/p>\n<p>[\/vc_column_text][vc_empty_space height=\u00bb20px\u00bb][vc_custom_heading text=\u00bbServicios educativos\u00bb font_container=\u00bbtag:h2|text_align:center\u00bb use_theme_fonts=\u00bbyes\u00bb][vc_empty_space height=\u00bb10px\u00bb][vc_separator color=\u00bbcustom\u00bb align=\u00bbcenter\u00bb border_width=\u00bb4&#8243; custom_sparator_width=\u00bb155px\u00bb accent_color=\u00bb#005c2b\u00bb][vc_empty_space height=\u00bb20px\u00bb][vc_column_text]Ofrecemos un <strong>ambiente educativo<\/strong> en todo el entorno escolar, en los que se incluyen la escolaridad (todas las actividades dentro el Proyecto Educativo) y las especialidades de m\u00fasica, ingl\u00e9s, psicomotricidad, juegos y ejercicios de est\u00edmulo que ayudan al correcto desarrollo intelectual, f\u00edsico y emocional del ni\u00f1o.<\/p>\n<p style=\"text-align: justify;\"><strong>Se impartir\u00e1n en la franja horaria de 9:00 a 12:00 y de 15:00 a 17:00 de lunes a viernes.<\/strong><\/p>\n<p>[\/vc_column_text][vc_empty_space height=\u00bb20px\u00bb][vc_custom_heading text=\u00bbServicio de comedor y descanso\u00bb font_container=\u00bbtag:h2|text_align:center\u00bb use_theme_fonts=\u00bbyes\u00bb][vc_empty_space height=\u00bb10px\u00bb][vc_separator color=\u00bbcustom\u00bb align=\u00bbcenter\u00bb border_width=\u00bb4&#8243; custom_sparator_width=\u00bb155px\u00bb accent_color=\u00bb#005c2b\u00bb][vc_empty_space height=\u00bb20px\u00bb][vc_column_text]Ofrecemos <strong>comedor y \u00e1rea de descanso<\/strong>. Este ocupar\u00e1 la franja horaria de <strong>12:00 a 15:00<\/strong>, en la cual los ni\u00f1os comen y hacen la siesta. Puede ser fijo o espor\u00e1dico.[\/vc_column_text][vc_empty_space height=\u00bb20px\u00bb][vc_custom_heading text=\u00bbServicio de acogida normal\u00bb font_container=\u00bbtag:h2|text_align:center\u00bb use_theme_fonts=\u00bbyes\u00bb][vc_empty_space height=\u00bb10px\u00bb][vc_separator color=\u00bbcustom\u00bb align=\u00bbcenter\u00bb border_width=\u00bb4&#8243; custom_sparator_width=\u00bb155px\u00bb accent_color=\u00bb#005c2b\u00bb][vc_empty_space height=\u00bb20px\u00bb][vc_column_text]<\/p>\n<p style=\"text-align: justify;\">Es el servicio que ofrecemos dentro del horario habitual del centro <strong>de<\/strong> <strong>7:30 a 9:00 y de 17:00 a 18:00 de lunes a viernes.<\/strong><\/p>\n<p>[\/vc_column_text][\/vc_column][vc_column offset=\u00bbvc_col-lg-6 vc_col-md-6 vc_col-xs-12&#8243;][vc_single_image image=\u00bb7960&#8243; img_size=\u00bbfull\u00bb alignment=\u00bbcenter\u00bb style=\u00bbvc_box_shadow_3d\u00bb][\/vc_column][\/vc_row][vc_row css=\u00bb.vc_custom_1458585083786{padding-top: 55px !important;padding-bottom: 55px !important;}\u00bb][vc_column][vc_custom_heading text=\u00bbActividades complementarias\u00bb font_container=\u00bbtag:h2|text_align:center\u00bb use_theme_fonts=\u00bbyes\u00bb][vc_empty_space height=\u00bb10px\u00bb][vc_separator color=\u00bbcustom\u00bb align=\u00bbcenter\u00bb border_width=\u00bb4&#8243; custom_sparator_width=\u00bb155px\u00bb accent_color=\u00bb#005c2b\u00bb][vc_empty_space height=\u00bb20px\u00bb][vc_column_text css=\u00bb\u00bb]Una vez por semana <strong>vamos a la<\/strong> <strong>piscina<\/strong>, al <a href=\"http:\/\/clubmetropolitan.com\/gimnasio\/barcelona\/galileo\">Club Metropolitan<\/a> de la calle Galileo de Barcelona y al Club Nataci\u00f3 Matar\u00f3, donde los ni\u00f1os pueden disfrutar de las primeras experiencias con el agua.<\/p>\n<p style=\"text-align: justify;\">Visitamos parques, bibliotecas infantiles, vamos al teatro, hacemos escapadas a la monta\u00f1a de Monju\u00efc, paseos por el barrio, al mercado\u2026 y todas ellas incluidas en los servicios educativos de Acuarella.<\/p>\n<p>[\/vc_column_text][vc_empty_space height=\u00bb20px\u00bb][\/vc_column][\/vc_row][vc_row full_width=\u00bbstretch_row\u00bb parallax=\u00bbcontent-moving\u00bb parallax_image=\u00bb6547&#8243; el_class=\u00bbrow-overlay\u00bb css=\u00bb.vc_custom_1638223988994{padding-top: 55px !important;padding-bottom: 55px !important;background-color: rgba(255,255,255,0.7) !important;*background-color: rgb(255,255,255) !important;}\u00bb el_id=\u00bbIngles\u00bb][vc_column][vc_custom_heading text=\u00bbIngl\u00e9s en Acuarella\u00bb font_container=\u00bbtag:h2|text_align:center\u00bb use_theme_fonts=\u00bbyes\u00bb][vc_empty_space height=\u00bb10px\u00bb][vc_separator color=\u00bbcustom\u00bb align=\u00bbcenter\u00bb border_width=\u00bb4&#8243; custom_sparator_width=\u00bb155px\u00bb accent_color=\u00bb#005c2b\u00bb][vc_empty_space height=\u00bb20px\u00bb][vc_column_text css=\u00bb\u00bb]<span style=\"color: #000000;\">Los ni\u00f1os y ni\u00f1as aumentan continuamente su vocabulario y la comprensi\u00f3n de cada lengua desde sus primeros a\u00f1os de vida. Para el aprendizaje de un idioma, desde el nacimiento, hay que ofrecer un modelo apropiado de la nueva lengua. En nuestros jardines de infancia, queremos que los ni\u00f1os empiecen a pensar en ingl\u00e9s ya que sabemos que pueden entender mucho antes de poder hablar, por tanto, debemos aprovechar este momento para ofrecerles esto.<\/span><\/p>\n<p>&nbsp;<\/p>\n<p><span style=\"color: #000000;\">Acuarella dispone de su m\u00e9todo propio de aprendizaje de ingl\u00e9s, basado en vocabulario b\u00e1sico de las partes del cuerpo, colores, n\u00fameros, acciones, sentimientos y frases cotidianas de entre otras, que llevamos a cabo con la exposici\u00f3n diaria de unas canciones mediante unas pistas de audio y con el acompa\u00f1amiento de la maestra de ingl\u00e9s.\u00a0<\/span><\/p>\n<p>&nbsp;<\/p>\n<p><span style=\"color: #000000;\">Tambi\u00e9n colaboran con nosotros la academia de ingl\u00e9s Kids &amp; Us, sus maestras vienen a centros Acuarella a dar clases a los grupos de I1 y I2 en horarios escolares. Para m\u00e1s informaci\u00f3n puede consultar su web<\/span> <a href=\"https:\/\/www.kidsandus.es\/es\/\">https:\/\/www.kidsandus.es\/es\/<\/a>[\/vc_column_text][vc_empty_space height=\u00bb80px\u00bb][\/vc_column][\/vc_row][vc_row css=\u00bb.vc_custom_1458585083786{padding-top: 55px !important;padding-bottom: 55px !important;}\u00bb][vc_column][vc_empty_space height=\u00bb10px\u00bb][vc_custom_heading text=\u00bbOtros beneficios\u00bb font_container=\u00bbtag:h2|text_align:center\u00bb use_theme_fonts=\u00bbyes\u00bb][vc_separator color=\u00bbcustom\u00bb align=\u00bbcenter\u00bb border_width=\u00bb4&#8243; custom_sparator_width=\u00bb155px\u00bb accent_color=\u00bb#005c2b\u00bb][vc_column_text css=\u00bb\u00bb]<\/p>\n<ul>\n<li>Los baberos los ponemos nosotros, no tendr\u00e9is que preocuparos de lavarlos a diario.<\/li>\n<li>Los hermanos que coinciden en la escuela, tienen descuento tanto en la matr\u00edcula como en la cuota mensual.<\/li>\n<li>Descontamos el comedor en caso de ausencias.<\/li>\n<li>El material escolar fungible est\u00e1 incluido en la cuota mensual.<\/li>\n<li>Abrimos las guarder\u00edas desde el primer d\u00eda de septiembre hasta el \u00faltimo de julio, solo cerrando unos d\u00edas en concepto de d\u00edas de libre disposici\u00f3n.<\/li>\n<\/ul>\n<p>[\/vc_column_text][vc_empty_space height=\u00bb60px\u00bb][vc_custom_heading text=\u00bbDescuentos en la cuota mensual\u00bb font_container=\u00bbtag:h2|text_align:center\u00bb use_theme_fonts=\u00bbyes\u00bb][vc_separator color=\u00bbcustom\u00bb align=\u00bbcenter\u00bb border_width=\u00bb4&#8243; custom_sparator_width=\u00bb155px\u00bb accent_color=\u00bb#005c2b\u00bb][\/vc_column][\/vc_row][vc_row background_color_row=\u00bbyes\u00bb css=\u00bb.vc_custom_1622051068873{padding-top: 10px !important;padding-bottom: 55px !important;}\u00bb background_color_row_left=\u00bb#eaeaea\u00bb background_color_row_right=\u00bb#f5f5f5&#8243;][vc_column width=\u00bb1\/2&#8243;][vc_custom_heading text=\u00bbDeducciones en la Renta\u00bb font_container=\u00bbtag:h2|text_align:center\u00bb use_theme_fonts=\u00bbyes\u00bb][vc_empty_space height=\u00bb10px\u00bb][vc_separator color=\u00bbcustom\u00bb align=\u00bbcenter\u00bb border_width=\u00bb4&#8243; custom_sparator_width=\u00bb155px\u00bb accent_color=\u00bb#005c2b\u00bb][vc_empty_space height=\u00bb20px\u00bb][vc_column_text]<\/p>\n<h5>Ayudas para las madres trabajadoras<\/h5>\n<p>Aparte de la ayuda de 1.200\u20ac por hijo, que ya obtienen las madres trabajadoras, se increment\u00f3 en 1.000 euros adicionales la ayuda a la deducci\u00f3n por maternidad para hijos menores de tres a\u00f1os escolarizados en guarder\u00edas autorizadas. La deducci\u00f3n se calcula de manera proporcional al n\u00famero de meses que el ni\u00f1o asista a la guarder\u00eda. Por regla general, las madres que cumplen los requisitos para recibir la deducci\u00f3n de 1.200\u20ac tambi\u00e9n los cumplen para recibir esta ayuda. La deducci\u00f3n se har\u00e1 por cada mes abonado con una limitaci\u00f3n de 100\u20ac mensuales. Las familias no tienen que hacer ning\u00fan tr\u00e1mite, somos nosotros que mediante el modelo 233 informamos al Agencia tributaria de todas las cuotas abonadas, incluida la matr\u00edcula.[\/vc_column_text][vc_empty_space height=\u00bb50px\u00bb][\/vc_column][vc_column width=\u00bb1\/2&#8243;][vc_custom_heading text=\u00bbRetribuciones en especie\u00bb font_container=\u00bbtag:h2|text_align:center\u00bb use_theme_fonts=\u00bbyes\u00bb][vc_empty_space height=\u00bb10px\u00bb][vc_separator color=\u00bbcustom\u00bb align=\u00bbcenter\u00bb border_width=\u00bb4&#8243; custom_sparator_width=\u00bb155px\u00bb accent_color=\u00bb#005c2b\u00bb][vc_empty_space height=\u00bb20px\u00bb][vc_column_text]<\/p>\n<h5>\u00bfConoc\u00e9is el cheque guarder\u00eda?<\/h5>\n<p>Es un sistema que permite abonar la cuota mensual obteniendo unas importantes ventajas fiscales. En una cuota de unos 330\u20ac mensuales el ahorro anual es de aproximadamente 726\u20ac, dependiendo de la retenci\u00f3n de cada contribuyente.<\/p>\n<p>La escuela no tiene ning\u00fan beneficio con el cobro por esta v\u00eda, incluso debe asumir unas peque\u00f1as comisiones del emisor del cheque. Pero apostamos por todas las ayudas que pueda obtener para ayudarle a cubrir los gastos de la escuela.[\/vc_column_text][vc_empty_space height=\u00bb20px\u00bb][vc_single_image image=\u00bb10018&#8243; img_size=\u00bbfull\u00bb alignment=\u00bbcenter\u00bb css=\u00bb\u00bb][\/vc_column][\/vc_row]<\/p>\n<\/div>","protected":false},"excerpt":{"rendered":"<p>[vc_row full_width=\u00bbstretch_row\u00bb bg_style=\u00bbbg-effect-lg\u00bb css=\u00bb.vc_custom_1619978773271{padding-top: 55px !important;padding-bottom: 55px !important;background-color: #005c2b !important;}\u00bb][vc_column][vc_custom_heading text=\u00bbServicios\u00bb font_container=\u00bbtag:h1|text_align:center|color:%23ffffff\u00bb use_theme_fonts=\u00bbyes\u00bb][\/vc_column][\/vc_row][vc_row css=\u00bb.vc_custom_1458648942275{padding-top: 55px !important;}\u00bb][vc_column offset=\u00bbvc_col-lg-6 vc_col-md-6 vc_col-xs-12&#8243; css=\u00bb.vc_custom_1622048569881{padding-right: 25px !important;}\u00bb][vc_custom_heading text=\u00bbNuestro horario\u00bb font_container=\u00bbtag:h2|text_align:center\u00bb use_theme_fonts=\u00bbyes\u00bb][vc_empty_space height=\u00bb10px\u00bb][vc_separator color=\u00bbcustom\u00bb align=\u00bbcenter\u00bb border_width=\u00bb4&#8243; custom_sparator_width=\u00bb155px\u00bb accent_color=\u00bb#005c2b\u00bb][vc_empty_space height=\u00bb20px\u00bb][vc_column_text] Acuarella abre\u00a0a las 7:30 de la ma\u00f1ana hasta las 18h, ofreciendo a los padres diversos horarios y flexibilidad para adaptarnos a las [&hellip;]<\/p>\n","protected":false},"author":3,"featured_media":0,"parent":0,"menu_order":40,"comment_status":"closed","ping_status":"closed","template":"","meta":[],"yoast_head":"<!-- This site is optimized with the Yoast SEO plugin v20.2.1 - https:\/\/yoast.com\/wordpress\/plugins\/seo\/ -->\n<title>Servicios | Acuarella | todos los servicios y beneficios de Acuarella<\/title>\n<meta name=\"description\" content=\"Ofrecemos un ambiente educativo en todo el entorno escolar, con un amplio horario de lunes a viernes desde las 7:30h\" \/>\n<meta name=\"robots\" content=\"index, follow, max-snippet:-1, max-image-preview:large, max-video-preview:-1\" \/>\n<link rel=\"canonical\" href=\"https:\/\/www.acuarella.eu\/es\/servicios\/\" \/>\n<meta property=\"og:locale\" content=\"es_ES\" \/>\n<meta property=\"og:type\" content=\"article\" \/>\n<meta property=\"og:title\" content=\"Servicios | Acuarella | todos los servicios y beneficios de Acuarella\" \/>\n<meta property=\"og:description\" content=\"Ofrecemos un ambiente educativo en todo el entorno escolar, con un amplio horario de lunes a viernes desde las 7:30h\" \/>\n<meta property=\"og:url\" content=\"https:\/\/www.acuarella.eu\/es\/servicios\/\" \/>\n<meta property=\"og:site_name\" content=\"Acuarella\" \/>\n<meta property=\"article:publisher\" content=\"https:\/\/www.facebook.com\/acuarellainfants\/\" \/>\n<meta property=\"article:modified_time\" content=\"2024-08-13T09:26:05+00:00\" \/>\n<meta name=\"twitter:card\" content=\"summary_large_image\" \/>\n<meta name=\"twitter:site\" content=\"@AcuarellaLLI\" \/>\n<meta name=\"twitter:label1\" content=\"Tiempo de lectura\" \/>\n\t<meta name=\"twitter:data1\" content=\"4 minutos\" \/>\n<script type=\"application\/ld+json\" class=\"yoast-schema-graph\">{\"@context\":\"https:\/\/schema.org\",\"@graph\":[{\"@type\":\"WebPage\",\"@id\":\"https:\/\/www.acuarella.eu\/es\/servicios\/\",\"url\":\"https:\/\/www.acuarella.eu\/es\/servicios\/\",\"name\":\"Servicios | Acuarella | todos los servicios y beneficios de Acuarella\",\"isPartOf\":{\"@id\":\"https:\/\/www.acuarella.eu\/es\/#website\"},\"datePublished\":\"2016-05-09T19:54:57+00:00\",\"dateModified\":\"2024-08-13T09:26:05+00:00\",\"description\":\"Ofrecemos un ambiente educativo en todo el entorno escolar, con un amplio horario de lunes a viernes desde las 7:30h\",\"breadcrumb\":{\"@id\":\"https:\/\/www.acuarella.eu\/es\/servicios\/#breadcrumb\"},\"inLanguage\":\"es\",\"potentialAction\":[{\"@type\":\"ReadAction\",\"target\":[\"https:\/\/www.acuarella.eu\/es\/servicios\/\"]}]},{\"@type\":\"BreadcrumbList\",\"@id\":\"https:\/\/www.acuarella.eu\/es\/servicios\/#breadcrumb\",\"itemListElement\":[{\"@type\":\"ListItem\",\"position\":1,\"name\":\"Portada\",\"item\":\"https:\/\/www.acuarella.eu\/es\/\"},{\"@type\":\"ListItem\",\"position\":2,\"name\":\"Servicios\"}]},{\"@type\":\"WebSite\",\"@id\":\"https:\/\/www.acuarella.eu\/es\/#website\",\"url\":\"https:\/\/www.acuarella.eu\/es\/\",\"name\":\"Llars d'infants Acuarella\",\"description\":\"Escuela infantil en Barcelona\",\"publisher\":{\"@id\":\"https:\/\/www.acuarella.eu\/es\/#organization\"},\"potentialAction\":[{\"@type\":\"SearchAction\",\"target\":{\"@type\":\"EntryPoint\",\"urlTemplate\":\"https:\/\/www.acuarella.eu\/es\/?s={search_term_string}\"},\"query-input\":\"required name=search_term_string\"}],\"inLanguage\":\"es\"},{\"@type\":\"Organization\",\"@id\":\"https:\/\/www.acuarella.eu\/es\/#organization\",\"name\":\"Acuarella\",\"url\":\"https:\/\/www.acuarella.eu\/es\/\",\"logo\":{\"@type\":\"ImageObject\",\"inLanguage\":\"es\",\"@id\":\"https:\/\/www.acuarella.eu\/es\/#\/schema\/logo\/image\/\",\"url\":\"https:\/\/www.acuarella.eu\/wp-content\/uploads\/revslider\/Navidad2018\/logo_500px.png\",\"contentUrl\":\"https:\/\/www.acuarella.eu\/wp-content\/uploads\/revslider\/Navidad2018\/logo_500px.png\",\"width\":500,\"height\":207,\"caption\":\"Acuarella\"},\"image\":{\"@id\":\"https:\/\/www.acuarella.eu\/es\/#\/schema\/logo\/image\/\"},\"sameAs\":[\"https:\/\/www.facebook.com\/acuarellainfants\/\",\"https:\/\/twitter.com\/AcuarellaLLI\",\"https:\/\/www.instagram.com\/acuarella_llars\/\",\"https:\/\/www.linkedin.com\/company\/11481738\/admin\/\"]}]}<\/script>\n<!-- \/ Yoast SEO plugin. -->","yoast_head_json":{"title":"Servicios | Acuarella | todos los servicios y beneficios de Acuarella","description":"Ofrecemos un ambiente educativo en todo el entorno escolar, con un amplio horario de lunes a viernes desde las 7:30h","robots":{"index":"index","follow":"follow","max-snippet":"max-snippet:-1","max-image-preview":"max-image-preview:large","max-video-preview":"max-video-preview:-1"},"canonical":"https:\/\/www.acuarella.eu\/es\/servicios\/","og_locale":"es_ES","og_type":"article","og_title":"Servicios | Acuarella | todos los servicios y beneficios de Acuarella","og_description":"Ofrecemos un ambiente educativo en todo el entorno escolar, con un amplio horario de lunes a viernes desde las 7:30h","og_url":"https:\/\/www.acuarella.eu\/es\/servicios\/","og_site_name":"Acuarella","article_publisher":"https:\/\/www.facebook.com\/acuarellainfants\/","article_modified_time":"2024-08-13T09:26:05+00:00","twitter_card":"summary_large_image","twitter_site":"@AcuarellaLLI","twitter_misc":{"Tiempo de lectura":"4 minutos"},"schema":{"@context":"https:\/\/schema.org","@graph":[{"@type":"WebPage","@id":"https:\/\/www.acuarella.eu\/es\/servicios\/","url":"https:\/\/www.acuarella.eu\/es\/servicios\/","name":"Servicios | Acuarella | todos los servicios y beneficios de Acuarella","isPartOf":{"@id":"https:\/\/www.acuarella.eu\/es\/#website"},"datePublished":"2016-05-09T19:54:57+00:00","dateModified":"2024-08-13T09:26:05+00:00","description":"Ofrecemos un ambiente educativo en todo el entorno escolar, con un amplio horario de lunes a viernes desde las 7:30h","breadcrumb":{"@id":"https:\/\/www.acuarella.eu\/es\/servicios\/#breadcrumb"},"inLanguage":"es","potentialAction":[{"@type":"ReadAction","target":["https:\/\/www.acuarella.eu\/es\/servicios\/"]}]},{"@type":"BreadcrumbList","@id":"https:\/\/www.acuarella.eu\/es\/servicios\/#breadcrumb","itemListElement":[{"@type":"ListItem","position":1,"name":"Portada","item":"https:\/\/www.acuarella.eu\/es\/"},{"@type":"ListItem","position":2,"name":"Servicios"}]},{"@type":"WebSite","@id":"https:\/\/www.acuarella.eu\/es\/#website","url":"https:\/\/www.acuarella.eu\/es\/","name":"Llars d'infants Acuarella","description":"Escuela infantil en Barcelona","publisher":{"@id":"https:\/\/www.acuarella.eu\/es\/#organization"},"potentialAction":[{"@type":"SearchAction","target":{"@type":"EntryPoint","urlTemplate":"https:\/\/www.acuarella.eu\/es\/?s={search_term_string}"},"query-input":"required name=search_term_string"}],"inLanguage":"es"},{"@type":"Organization","@id":"https:\/\/www.acuarella.eu\/es\/#organization","name":"Acuarella","url":"https:\/\/www.acuarella.eu\/es\/","logo":{"@type":"ImageObject","inLanguage":"es","@id":"https:\/\/www.acuarella.eu\/es\/#\/schema\/logo\/image\/","url":"https:\/\/www.acuarella.eu\/wp-content\/uploads\/revslider\/Navidad2018\/logo_500px.png","contentUrl":"https:\/\/www.acuarella.eu\/wp-content\/uploads\/revslider\/Navidad2018\/logo_500px.png","width":500,"height":207,"caption":"Acuarella"},"image":{"@id":"https:\/\/www.acuarella.eu\/es\/#\/schema\/logo\/image\/"},"sameAs":["https:\/\/www.facebook.com\/acuarellainfants\/","https:\/\/twitter.com\/AcuarellaLLI","https:\/\/www.instagram.com\/acuarella_llars\/","https:\/\/www.linkedin.com\/company\/11481738\/admin\/"]}]}},"_links":{"self":[{"href":"https:\/\/www.acuarella.eu\/es\/wp-json\/wp\/v2\/pages\/3630"}],"collection":[{"href":"https:\/\/www.acuarella.eu\/es\/wp-json\/wp\/v2\/pages"}],"about":[{"href":"https:\/\/www.acuarella.eu\/es\/wp-json\/wp\/v2\/types\/page"}],"author":[{"embeddable":true,"href":"https:\/\/www.acuarella.eu\/es\/wp-json\/wp\/v2\/users\/3"}],"replies":[{"embeddable":true,"href":"https:\/\/www.acuarella.eu\/es\/wp-json\/wp\/v2\/comments?post=3630"}],"version-history":[{"count":16,"href":"https:\/\/www.acuarella.eu\/es\/wp-json\/wp\/v2\/pages\/3630\/revisions"}],"predecessor-version":[{"id":10062,"href":"https:\/\/www.acuarella.eu\/es\/wp-json\/wp\/v2\/pages\/3630\/revisions\/10062"}],"wp:attachment":[{"href":"https:\/\/www.acuarella.eu\/es\/wp-json\/wp\/v2\/media?parent=3630"}],"curies":[{"name":"wp","href":"https:\/\/api.w.org\/{rel}","templated":true}]}}