{"id":9229,"date":"2023-02-13T17:26:18","date_gmt":"2023-02-13T16:26:18","guid":{"rendered":"https:\/\/www.acuarella.eu\/las-guarderias\/guarderia-en-les-corts-copy\/"},"modified":"2026-04-07T16:23:22","modified_gmt":"2026-04-07T14:23:22","slug":"acuarella-melcior","status":"publish","type":"page","link":"https:\/\/www.acuarella.eu\/es\/las-guarderias\/acuarella-melcior\/","title":{"rendered":"Acuarella Melcior"},"content":{"rendered":"<div class=\"wpb-content-wrapper\"><p>[vc_row full_width=\u00bbstretch_row\u00bb bg_style=\u00bbbg-effect-lg\u00bb css=\u00bb.vc_custom_1607704018108{padding-top: 55px !important;padding-bottom: 55px !important;background-color: #ec6f06 !important;}\u00bb][vc_column][vc_custom_heading text=\u00bbMelcior de Palau\u00bb font_container=\u00bbtag:h1|text_align:center|color:%23ffffff\u00bb use_theme_fonts=\u00bbyes\u00bb][\/vc_column][\/vc_row][vc_row css=\u00bb.vc_custom_1534803532644{padding-top: 55px !important;padding-bottom: 55px !important;}\u00bb][vc_column width=\u00bb1\/2&#8243;][vc_column_text]Se encuentra en la calle <strong>Melcior de Palau 131, <\/strong>de Barcelona. Ubicada en el Barrio de Sants, tocando Les Corts i L\u2019Eixample Esquerra (entre la calle Berl\u00edn, la calle Num\u00e0ncia y Sants Estaci\u00f3).<\/p>\n<p>La escuelita est\u00e1 ubicada en un edificio catalogado de la antigua <em>G\u00e9neros de Punto Farr\u00e9s<\/em>, f\u00e1brica textil de estampados construida el a\u00f1o 1.920 y rehabilitada el a\u00f1o 2.007. La finca ofrece una est\u00e9tica sobria combinada con un ambiente infantil y moderno<strong>.<\/strong> Est\u00e1 rodeada de un entorno completamente colegial, goza de una magn\u00edfica calle peatonal dentro del recorrido \u201ccam\u00ed escolar\u201d, sin tr\u00e1fico ni ruidos. Es un local nuevo, con espacios amplios y con mucha luz natural, tanto en nuestras aulas como en nuestro patio exterior.[\/vc_column_text][\/vc_column][vc_column width=\u00bb1\/2&#8243;][vc_single_image image=\u00bb6846&#8243; img_size=\u00bbfull\u00bb alignment=\u00bbcenter\u00bb style=\u00bbvc_box_shadow_3d\u00bb css_animation=\u00bbright-to-left\u00bb][\/vc_column][\/vc_row][vc_row full_width=\u00bbstretch_row\u00bb parallax=\u00bbcontent-moving\u00bb parallax_image=\u00bb4857&#8243; el_class=\u00bbrow-overlay\u00bb bg_style=\u00bbimg_parallax\u00bb overlay_row=\u00bbyes\u00bb css=\u00bb.vc_custom_1691007022371{padding-top: 55px !important;padding-bottom: 55px !important;background-color: rgba(236,111,6,0.4) !important;*background-color: rgb(236,111,6) !important;}\u00bb bd_p_speed=\u00bb0.7&#8243; overlay_color=\u00bb#ec6f06&#8243; overlay_opacity=\u00bb0.5&#8243;][vc_column font_color=\u00bb#000000&#8243;][cms_carousel xsmall_items=\u00bb1&#8243; small_items=\u00bb2&#8243; medium_items=\u00bb3&#8243; large_items=\u00bb4&#8243; margin=\u00bb30&#8243; dots=\u00bbfalse\u00bb source=\u00bbsize:All|order_by:date|post_type:team|tax_query:37&#8243; cms_template=\u00bbcms_carousel&#8211;layout-team-1.php\u00bb][\/vc_column][\/vc_row][vc_row full_width=\u00bbstretch_row_content\u00bb][vc_column][vc_masonry_media_grid element_width=\u00bb3&#8243; gap=\u00bb4&#8243; css=\u00bb.vc_custom_1621457034577{padding-top: 4px !important;padding-bottom: 4px !important;}\u00bb initial_loading_animation=\u00bbfadeIn\u00bb grid_id=\u00bbvc_gid:1775571757618-9288f104-aa10-5&#8243; include=\u00bb7687,7672,7682,7677&#8243;][vc_empty_space height=\u00bb60px\u00bb][vc_custom_heading text=\u00bbGrupos\u00bb font_container=\u00bbtag:h2|text_align:center\u00bb use_theme_fonts=\u00bbyes\u00bb][vc_empty_space height=\u00bb20px\u00bb][vc_separator color=\u00bbcustom\u00bb border_width=\u00bb4&#8243; el_width=\u00bb50&#8243; accent_color=\u00bb#ec6f06&#8243;][vc_empty_space height=\u00bb20px\u00bb][\/vc_column][\/vc_row][vc_row css=\u00bb.vc_custom_1676887182615{padding-top: 55px !important;padding-bottom: 55px !important;}\u00bb][vc_column width=\u00bb1\/3&#8243;][cms_fancybox content_align=\u00bbcenter\u00bb icon1=\u00bbfar fa-sun\u00bb title1=\u00bbSoles\u00bb cms_fancybox_boder_color=\u00bb#f7aa00&#8243; cms_fancybox_bg_color=\u00bb#f7aa00&#8243; cms_template=\u00bbcms_fancybox.php\u00bb][vc_column_text]<\/p>\n<p style=\"text-align: center;\">(0-1 a\u00f1os)<\/p>\n<p style=\"font-weight: 400; text-align: center;\">Primera toma de contacto con otros ni\u00f1os y un entorno nuevo. En esta etapa trabajaremos todos sus sentidos (vista, o\u00eddo, olfato, tacto y gusto) mediante experimentaciones, juegos de regazo, masajes y paneras, como la de los tesoros, con el objetivo que se desarrollan tanto f\u00edsica como intelectualmente.<\/p>\n<p>[\/vc_column_text][\/vc_column][vc_column width=\u00bb1\/3&#8243;][cms_fancybox content_align=\u00bbcenter\u00bb icon1=\u00bbfar fa-moon\u00bb title1=\u00bbLunas\u00bb cms_fancybox_boder_color=\u00bb#005c2b\u00bb cms_fancybox_bg_color=\u00bb#005c2b\u00bb cms_template=\u00bbcms_fancybox.php\u00bb][vc_column_text]<\/p>\n<p style=\"text-align: center;\">(1 \u2013 2 a\u00f1os)<\/p>\n<p style=\"text-align: center;\">Los ni\u00f1os ya disfrutan de la habilidad de coger objetos y transportarlos, momento ideal para introducirlos el \u201cjuego heur\u00edstico\u201d combinando juego, exploraci\u00f3n y objetos. En esta etapa damos mucha importancia a la comprensi\u00f3n del lenguaje y la articulaci\u00f3n de palabras y frases cortas.<\/p>\n<p>[\/vc_column_text][\/vc_column][vc_column width=\u00bb1\/3&#8243;][cms_fancybox content_align=\u00bbcenter\u00bb icon1=\u00bbfar fa-star\u00bb title1=\u00bbEstrellas\u00bb cms_fancybox_boder_color=\u00bb#c32f17&#8243; cms_fancybox_bg_color=\u00bb#c32f17&#8243; cms_template=\u00bbcms_fancybox.php\u00bb][vc_column_text]<\/p>\n<p style=\"font-weight: 400; text-align: center;\">(2 \u2013 3 a\u00f1os)<\/p>\n<p style=\"font-weight: 400; text-align: center;\">Los peques ya interaccionan entre ellos de una manera global. Tambi\u00e9n crece la empat\u00eda y es el momento ideal para introducirles los juegos de aprendizaje m\u00e1s elaborados, como es el caso del juego simb\u00f3lico.<\/p>\n<p>[\/vc_column_text][\/vc_column][\/vc_row][vc_row full_width=\u00bbstretch_row\u00bb bg_style=\u00bbbg-effect-lg\u00bb css=\u00bb.vc_custom_1607704037836{padding-top: 55px !important;padding-bottom: 55px !important;background-color: #ec6f06 !important;}\u00bb][vc_column][vc_custom_heading text=\u00bbAlimentaci\u00f3n\u00bb font_container=\u00bbtag:h1|text_align:center|color:%23ffffff\u00bb use_theme_fonts=\u00bbyes\u00bb][\/vc_column][\/vc_row][vc_row full_width=\u00bbstretch_row\u00bb gap=\u00bb2&#8243; parallax=\u00bbcontent-moving\u00bb parallax_image=\u00bb6329&#8243; el_class=\u00bbrow-overlay\u00bb bg_style=\u00bbbg-effect-lg\u00bb css=\u00bb.vc_custom_1623619521071{padding-top: 55px !important;padding-bottom: 55px !important;background-color: rgba(255,255,255,0.7) !important;*background-color: rgb(255,255,255) !important;}\u00bb][vc_column][vc_custom_heading text=\u00bbServicio de comedor\u00bb font_container=\u00bbtag:h2|text_align:center|color:%23000000&#8243; use_theme_fonts=\u00bbyes\u00bb][vc_separator color=\u00bbcustom\u00bb border_width=\u00bb4&#8243; el_width=\u00bb50&#8243; accent_color=\u00bb#ec6f06&#8243;][vc_empty_space height=\u00bb60px\u00bb][vc_column_text]<span style=\"color: #000000;\">Los centros Acuarella disponen de cocina y de un amplio comedor.<\/span><\/p>\n<p><span style=\"color: #000000;\">En Acuarella disponemos de cocina propia. Toda la comida se elabora diariamente en nuestras instalaciones; no se sirve comida precocinada ni transportada.<\/span><\/p>\n<p><span style=\"color: #000000;\">En la escuela son las tutoras las que se ocupan del comedor, esto permite desarrollar el trabajo educativo en el comedor observando el comportamiento y costumbres nutricionales de los ni\u00f1os y ni\u00f1as a la hora de comer.<\/span><\/p>\n<p><span style=\"color: #000000;\">En Acuarella, los men\u00fas se elaboran con el asesoramiento de nutricionistas, personal de cocina y equipo docente de los diferentes centros. Unos men\u00fas que se adaptan a los ni\u00f1os m\u00e1s peque\u00f1os, a los casos de intolerancias y alergias.<\/span><\/p>\n<p><span style=\"color: #000000;\">Diariamente se recogen muestras de los platos elaborados, las cuales est\u00e1n a disposici\u00f3n de la inspecci\u00f3n sanitaria, as\u00ed como los registros de la toma de temperatura de los platos.<\/span>[\/vc_column_text][vc_empty_space height=\u00bb60px\u00bb][vc_custom_heading text=\u00bbDescargar men\u00fa 4\/2026&#8243; font_container=\u00bbtag:h1|text_align:center|color:%23000000&#8243; use_theme_fonts=\u00bbyes\u00bb css=\u00bb\u00bb][vc_empty_space height=\u00bb10px\u00bb][vc_separator color=\u00bbcustom\u00bb border_width=\u00bb4&#8243; el_width=\u00bb50&#8243; accent_color=\u00bb#ec6f06&#8243;][vc_empty_space height=\u00bb20px\u00bb][\/vc_column][\/vc_row][vc_row][vc_column width=\u00bb1\/2&#8243;][vc_btn title=\u00bbMen\u00fa 6-12 meses\u00bb align=\u00bbcenter\u00bb i_type=\u00bblinecons\u00bb i_icon_linecons=\u00bbvc_li vc_li-food\u00bb css=\u00bb\u00bb button_block=\u00bbtrue\u00bb add_icon=\u00bbtrue\u00bb link=\u00bburl:https%3A%2F%2Fwww.acuarella.eu%2Fwp-content%2Fuploads%2F26-4_menu_6-12m.pdf|target:_blank\u00bb][vc_empty_space height=\u00bb10px\u00bb][\/vc_column][vc_column width=\u00bb1\/2&#8243;][vc_btn title=\u00bbMen\u00fa 12-36 meses\u00bb align=\u00bbcenter\u00bb i_type=\u00bblinecons\u00bb i_icon_linecons=\u00bbvc_li vc_li-food\u00bb css=\u00bb\u00bb button_block=\u00bbtrue\u00bb add_icon=\u00bbtrue\u00bb link=\u00bburl:https%3A%2F%2Fwww.acuarella.eu%2Fwp-content%2Fuploads%2F26-4_menu_12-36m.pdf|target:_blank\u00bb][vc_empty_space height=\u00bb10px\u00bb][\/vc_column][\/vc_row][vc_row][vc_column][vc_empty_space height=\u00bb10px\u00bb][\/vc_column][\/vc_row][vc_row full_width=\u00bbstretch_row\u00bb bg_style=\u00bbbg-effect-lg\u00bb css=\u00bb.vc_custom_1607704037836{padding-top: 55px !important;padding-bottom: 55px !important;background-color: #ec6f06 !important;}\u00bb][vc_column][vc_empty_space height=\u00bb10px\u00bb][vc_custom_heading text=\u00bbGaleria Melcior de Palau\u00bb font_container=\u00bbtag:h1|text_align:center|color:%23ffffff\u00bb use_theme_fonts=\u00bbyes\u00bb][\/vc_column][\/vc_row][vc_row full_width=\u00bbstretch_row\u00bb bg_style=\u00bbbg-effect-lg\u00bb css=\u00bb.vc_custom_1676887588607{background-color: #ec6f06 !important;}\u00bb][vc_column][vc_custom_heading text=\u00bbHaz clic en las fotos para verlas en grande\u00bb font_container=\u00bbtag:h6|text_align:center|color:%23ffffff\u00bb use_theme_fonts=\u00bbyes\u00bb][\/vc_column][\/vc_row][vc_row full_width=\u00bbstretch_row_content\u00bb][vc_column][vc_masonry_media_grid element_width=\u00bb3&#8243; gap=\u00bb4&#8243; grid_id=\u00bbvc_gid:1775571757624-9cceb80d-71da-2&#8243; include=\u00bb8336,7581,7538,8321,5061,7616,7664,8326,7645,7542,7600,7549,7612,8350,7608,7604,7641,7658,8358,8331&#8243;][\/vc_column][\/vc_row]<\/p>\n<\/div>","protected":false},"excerpt":{"rendered":"<p>[vc_row full_width=\u00bbstretch_row\u00bb bg_style=\u00bbbg-effect-lg\u00bb css=\u00bb.vc_custom_1607704018108{padding-top: 55px !important;padding-bottom: 55px !important;background-color: #ec6f06 !important;}\u00bb][vc_column][vc_custom_heading text=\u00bbMelcior de Palau\u00bb font_container=\u00bbtag:h1|text_align:center|color:%23ffffff\u00bb use_theme_fonts=\u00bbyes\u00bb][\/vc_column][\/vc_row][vc_row css=\u00bb.vc_custom_1534803532644{padding-top: 55px !important;padding-bottom: 55px !important;}\u00bb][vc_column width=\u00bb1\/2&#8243;][vc_column_text]Se encuentra en la calle Melcior de Palau 131, de Barcelona. Ubicada en el Barrio de Sants, tocando Les Corts i L\u2019Eixample Esquerra (entre la calle Berl\u00edn, la calle Num\u00e0ncia y Sants Estaci\u00f3). La escuelita [&hellip;]<\/p>\n","protected":false},"author":4,"featured_media":0,"parent":3602,"menu_order":10,"comment_status":"closed","ping_status":"closed","template":"","meta":[],"yoast_head":"<!-- This site is optimized with the Yoast SEO plugin v20.2.1 - https:\/\/yoast.com\/wordpress\/plugins\/seo\/ -->\n<title>Guarder\u00eda Acuarella Melcior | C\/ Melcior de Palau, 131 08014<\/title>\n<meta name=\"description\" content=\"Situada en la calle Melcior de Palau 131, se encuentra en el Barrio de Sants, tocando Les Corts i L\u2019Eixample Esquerra.\" \/>\n<meta name=\"robots\" content=\"index, follow, max-snippet:-1, max-image-preview:large, max-video-preview:-1\" \/>\n<link rel=\"canonical\" href=\"https:\/\/www.acuarella.eu\/es\/las-guarderias\/acuarella-melcior\/\" \/>\n<meta property=\"og:locale\" content=\"es_ES\" \/>\n<meta property=\"og:type\" content=\"article\" \/>\n<meta property=\"og:title\" content=\"Guarder\u00eda Acuarella Melcior | C\/ Melcior de Palau, 131 08014\" \/>\n<meta property=\"og:description\" content=\"Situada en la calle Melcior de Palau 131, se encuentra en el Barrio de Sants, tocando Les Corts i L\u2019Eixample Esquerra.\" \/>\n<meta property=\"og:url\" content=\"https:\/\/www.acuarella.eu\/es\/las-guarderias\/acuarella-melcior\/\" \/>\n<meta property=\"og:site_name\" content=\"Acuarella\" \/>\n<meta property=\"article:publisher\" content=\"https:\/\/www.facebook.com\/acuarellainfants\/\" \/>\n<meta property=\"article:modified_time\" content=\"2026-04-07T14:23:22+00:00\" \/>\n<meta name=\"twitter:card\" content=\"summary_large_image\" \/>\n<meta name=\"twitter:site\" content=\"@AcuarellaLLI\" \/>\n<meta name=\"twitter:label1\" content=\"Tiempo de lectura\" \/>\n\t<meta name=\"twitter:data1\" content=\"3 minutos\" \/>\n<script type=\"application\/ld+json\" class=\"yoast-schema-graph\">{\"@context\":\"https:\/\/schema.org\",\"@graph\":[{\"@type\":\"WebPage\",\"@id\":\"https:\/\/www.acuarella.eu\/es\/las-guarderias\/acuarella-melcior\/\",\"url\":\"https:\/\/www.acuarella.eu\/es\/las-guarderias\/acuarella-melcior\/\",\"name\":\"Guarder\u00eda Acuarella Melcior | C\/ Melcior de Palau, 131 08014\",\"isPartOf\":{\"@id\":\"https:\/\/www.acuarella.eu\/es\/#website\"},\"datePublished\":\"2023-02-13T16:26:18+00:00\",\"dateModified\":\"2026-04-07T14:23:22+00:00\",\"description\":\"Situada en la calle Melcior de Palau 131, se encuentra en el Barrio de Sants, tocando Les Corts i L\u2019Eixample Esquerra.\",\"breadcrumb\":{\"@id\":\"https:\/\/www.acuarella.eu\/es\/las-guarderias\/acuarella-melcior\/#breadcrumb\"},\"inLanguage\":\"es\",\"potentialAction\":[{\"@type\":\"ReadAction\",\"target\":[\"https:\/\/www.acuarella.eu\/es\/las-guarderias\/acuarella-melcior\/\"]}]},{\"@type\":\"BreadcrumbList\",\"@id\":\"https:\/\/www.acuarella.eu\/es\/las-guarderias\/acuarella-melcior\/#breadcrumb\",\"itemListElement\":[{\"@type\":\"ListItem\",\"position\":1,\"name\":\"Portada\",\"item\":\"https:\/\/www.acuarella.eu\/es\/\"},{\"@type\":\"ListItem\",\"position\":2,\"name\":\"Las guarder\u00edas\",\"item\":\"https:\/\/www.acuarella.eu\/es\/las-guarderias\/\"},{\"@type\":\"ListItem\",\"position\":3,\"name\":\"Acuarella Melcior\"}]},{\"@type\":\"WebSite\",\"@id\":\"https:\/\/www.acuarella.eu\/es\/#website\",\"url\":\"https:\/\/www.acuarella.eu\/es\/\",\"name\":\"Llars d'infants Acuarella\",\"description\":\"Escuela infantil en Barcelona\",\"publisher\":{\"@id\":\"https:\/\/www.acuarella.eu\/es\/#organization\"},\"potentialAction\":[{\"@type\":\"SearchAction\",\"target\":{\"@type\":\"EntryPoint\",\"urlTemplate\":\"https:\/\/www.acuarella.eu\/es\/?s={search_term_string}\"},\"query-input\":\"required name=search_term_string\"}],\"inLanguage\":\"es\"},{\"@type\":\"Organization\",\"@id\":\"https:\/\/www.acuarella.eu\/es\/#organization\",\"name\":\"Acuarella\",\"url\":\"https:\/\/www.acuarella.eu\/es\/\",\"logo\":{\"@type\":\"ImageObject\",\"inLanguage\":\"es\",\"@id\":\"https:\/\/www.acuarella.eu\/es\/#\/schema\/logo\/image\/\",\"url\":\"https:\/\/www.acuarella.eu\/wp-content\/uploads\/revslider\/Navidad2018\/logo_500px.png\",\"contentUrl\":\"https:\/\/www.acuarella.eu\/wp-content\/uploads\/revslider\/Navidad2018\/logo_500px.png\",\"width\":500,\"height\":207,\"caption\":\"Acuarella\"},\"image\":{\"@id\":\"https:\/\/www.acuarella.eu\/es\/#\/schema\/logo\/image\/\"},\"sameAs\":[\"https:\/\/www.facebook.com\/acuarellainfants\/\",\"https:\/\/twitter.com\/AcuarellaLLI\",\"https:\/\/www.instagram.com\/acuarella_llars\/\",\"https:\/\/www.linkedin.com\/company\/11481738\/admin\/\"]}]}<\/script>\n<!-- \/ Yoast SEO plugin. -->","yoast_head_json":{"title":"Guarder\u00eda Acuarella Melcior | C\/ Melcior de Palau, 131 08014","description":"Situada en la calle Melcior de Palau 131, se encuentra en el Barrio de Sants, tocando Les Corts i L\u2019Eixample Esquerra.","robots":{"index":"index","follow":"follow","max-snippet":"max-snippet:-1","max-image-preview":"max-image-preview:large","max-video-preview":"max-video-preview:-1"},"canonical":"https:\/\/www.acuarella.eu\/es\/las-guarderias\/acuarella-melcior\/","og_locale":"es_ES","og_type":"article","og_title":"Guarder\u00eda Acuarella Melcior | C\/ Melcior de Palau, 131 08014","og_description":"Situada en la calle Melcior de Palau 131, se encuentra en el Barrio de Sants, tocando Les Corts i L\u2019Eixample Esquerra.","og_url":"https:\/\/www.acuarella.eu\/es\/las-guarderias\/acuarella-melcior\/","og_site_name":"Acuarella","article_publisher":"https:\/\/www.facebook.com\/acuarellainfants\/","article_modified_time":"2026-04-07T14:23:22+00:00","twitter_card":"summary_large_image","twitter_site":"@AcuarellaLLI","twitter_misc":{"Tiempo de lectura":"3 minutos"},"schema":{"@context":"https:\/\/schema.org","@graph":[{"@type":"WebPage","@id":"https:\/\/www.acuarella.eu\/es\/las-guarderias\/acuarella-melcior\/","url":"https:\/\/www.acuarella.eu\/es\/las-guarderias\/acuarella-melcior\/","name":"Guarder\u00eda Acuarella Melcior | C\/ Melcior de Palau, 131 08014","isPartOf":{"@id":"https:\/\/www.acuarella.eu\/es\/#website"},"datePublished":"2023-02-13T16:26:18+00:00","dateModified":"2026-04-07T14:23:22+00:00","description":"Situada en la calle Melcior de Palau 131, se encuentra en el Barrio de Sants, tocando Les Corts i L\u2019Eixample Esquerra.","breadcrumb":{"@id":"https:\/\/www.acuarella.eu\/es\/las-guarderias\/acuarella-melcior\/#breadcrumb"},"inLanguage":"es","potentialAction":[{"@type":"ReadAction","target":["https:\/\/www.acuarella.eu\/es\/las-guarderias\/acuarella-melcior\/"]}]},{"@type":"BreadcrumbList","@id":"https:\/\/www.acuarella.eu\/es\/las-guarderias\/acuarella-melcior\/#breadcrumb","itemListElement":[{"@type":"ListItem","position":1,"name":"Portada","item":"https:\/\/www.acuarella.eu\/es\/"},{"@type":"ListItem","position":2,"name":"Las guarder\u00edas","item":"https:\/\/www.acuarella.eu\/es\/las-guarderias\/"},{"@type":"ListItem","position":3,"name":"Acuarella Melcior"}]},{"@type":"WebSite","@id":"https:\/\/www.acuarella.eu\/es\/#website","url":"https:\/\/www.acuarella.eu\/es\/","name":"Llars d'infants Acuarella","description":"Escuela infantil en Barcelona","publisher":{"@id":"https:\/\/www.acuarella.eu\/es\/#organization"},"potentialAction":[{"@type":"SearchAction","target":{"@type":"EntryPoint","urlTemplate":"https:\/\/www.acuarella.eu\/es\/?s={search_term_string}"},"query-input":"required name=search_term_string"}],"inLanguage":"es"},{"@type":"Organization","@id":"https:\/\/www.acuarella.eu\/es\/#organization","name":"Acuarella","url":"https:\/\/www.acuarella.eu\/es\/","logo":{"@type":"ImageObject","inLanguage":"es","@id":"https:\/\/www.acuarella.eu\/es\/#\/schema\/logo\/image\/","url":"https:\/\/www.acuarella.eu\/wp-content\/uploads\/revslider\/Navidad2018\/logo_500px.png","contentUrl":"https:\/\/www.acuarella.eu\/wp-content\/uploads\/revslider\/Navidad2018\/logo_500px.png","width":500,"height":207,"caption":"Acuarella"},"image":{"@id":"https:\/\/www.acuarella.eu\/es\/#\/schema\/logo\/image\/"},"sameAs":["https:\/\/www.facebook.com\/acuarellainfants\/","https:\/\/twitter.com\/AcuarellaLLI","https:\/\/www.instagram.com\/acuarella_llars\/","https:\/\/www.linkedin.com\/company\/11481738\/admin\/"]}]}},"_links":{"self":[{"href":"https:\/\/www.acuarella.eu\/es\/wp-json\/wp\/v2\/pages\/9229"}],"collection":[{"href":"https:\/\/www.acuarella.eu\/es\/wp-json\/wp\/v2\/pages"}],"about":[{"href":"https:\/\/www.acuarella.eu\/es\/wp-json\/wp\/v2\/types\/page"}],"author":[{"embeddable":true,"href":"https:\/\/www.acuarella.eu\/es\/wp-json\/wp\/v2\/users\/4"}],"replies":[{"embeddable":true,"href":"https:\/\/www.acuarella.eu\/es\/wp-json\/wp\/v2\/comments?post=9229"}],"version-history":[{"count":86,"href":"https:\/\/www.acuarella.eu\/es\/wp-json\/wp\/v2\/pages\/9229\/revisions"}],"predecessor-version":[{"id":10392,"href":"https:\/\/www.acuarella.eu\/es\/wp-json\/wp\/v2\/pages\/9229\/revisions\/10392"}],"up":[{"embeddable":true,"href":"https:\/\/www.acuarella.eu\/es\/wp-json\/wp\/v2\/pages\/3602"}],"wp:attachment":[{"href":"https:\/\/www.acuarella.eu\/es\/wp-json\/wp\/v2\/media?parent=9229"}],"curies":[{"name":"wp","href":"https:\/\/api.w.org\/{rel}","templated":true}]}}