{"id":10034,"date":"2024-08-06T17:35:17","date_gmt":"2024-08-06T15:35:17","guid":{"rendered":"https:\/\/www.acuarella.eu\/cours-2023-24-copy\/"},"modified":"2025-08-19T19:27:51","modified_gmt":"2025-08-19T17:27:51","slug":"cours-2025-26","status":"publish","type":"page","link":"https:\/\/www.acuarella.eu\/fr\/cours-2025-26\/","title":{"rendered":"Cours 2025-26"},"content":{"rendered":"<div class=\"wpb-content-wrapper\"><p>[vc_row full_width=\u00a0\u00bbstretch_row\u00a0\u00bb bg_style=\u00a0\u00bbbg-effect-lg\u00a0\u00bb css=\u00a0\u00bb.vc_custom_1607698073616{padding-top: 55px !important;padding-bottom: 55px !important;background-color: #005c2b !important;}\u00a0\u00bb][vc_column][vc_custom_heading text=\u00a0\u00bbCours 2025-26&Prime; font_container=\u00a0\u00bbtag:h1|text_align:center|color:%23ffffff\u00a0\u00bb use_theme_fonts=\u00a0\u00bbyes\u00a0\u00bb css=\u00a0\u00bb\u00a0\u00bb][\/vc_column][\/vc_row][vc_row css=\u00a0\u00bb.vc_custom_1662479966313{margin-right: 25px !important;margin-left: 25px !important;padding-top: 55px !important;padding-bottom: 25px !important;background-color: rgba(255,255,255,0.8) !important;*background-color: rgb(255,255,255) !important;}\u00a0\u00bb][vc_column][vc_custom_heading text=\u00a0\u00bbBienvenue au cours 2025-26&Prime; font_container=\u00a0\u00bbtag:h2|text_align:center\u00a0\u00bb use_theme_fonts=\u00a0\u00bbyes\u00a0\u00bb css=\u00a0\u00bb\u00a0\u00bb][vc_empty_space height=\u00a0\u00bb10px\u00a0\u00bb][vc_separator color=\u00a0\u00bbcustom\u00a0\u00bb border_width=\u00a0\u00bb4&Prime; el_width=\u00a0\u00bb50&Prime; custom_sparator_width=\u00a0\u00bb155px\u00a0\u00bb accent_color=\u00a0\u00bb#005c2b\u00a0\u00bb][vc_empty_space height=\u00a0\u00bb40px\u00a0\u00bb][vc_column_text]<\/p>\n<p style=\"font-weight: 400; text-align: center;\"><span style=\"color: #333333;\"><strong>Dans cette section, vous trouverez des informations sur la salle \u00e0 manger et la piscine pour l&rsquo;ann\u00e9e en cours, ainsi que des liens pour consulter le menu du mois et le calendrier scolaire.<\/strong><\/span><\/p>\n<p style=\"font-weight: 400; text-align: center;\"><span style=\"color: #333333;\"><strong>Vous trouverez \u00e9galement l&rsquo;acc\u00e8s \u00e0 notre galerie d&rsquo;images exclusive pour les familles Acuarella, o\u00f9 elles peuvent voir et t\u00e9l\u00e9charger toutes les photos prises dans les diff\u00e9rentes activit\u00e9s du cours en cours, une galerie que nous gardons disponible pour deux cours.<\/strong><\/span><\/p>\n<p>[\/vc_column_text][vc_empty_space height=\u00a0\u00bb40px\u00a0\u00bb][\/vc_column][\/vc_row][vc_row full_width=\u00a0\u00bbstretch_row\u00a0\u00bb gap=\u00a0\u00bb2&Prime; parallax=\u00a0\u00bbcontent-moving\u00a0\u00bb parallax_image=\u00a0\u00bb8864&Prime; el_class=\u00a0\u00bbrow-overlay\u00a0\u00bb css=\u00a0\u00bb.vc_custom_1662480353330{margin-right: 25px !important;margin-left: 25px !important;padding-top: 55px !important;padding-bottom: 25px !important;background-color: rgba(255,255,255,0.7) !important;*background-color: rgb(255,255,255) !important;}\u00a0\u00bb][vc_column][vc_custom_heading text=\u00a0\u00bbSERVICE DE D\u00c9JEUNER\u00a0\u00bb font_container=\u00a0\u00bbtag:h2|text_align:center\u00a0\u00bb use_theme_fonts=\u00a0\u00bbyes\u00a0\u00bb][vc_empty_space height=\u00a0\u00bb10px\u00a0\u00bb][vc_separator color=\u00a0\u00bbcustom\u00a0\u00bb border_width=\u00a0\u00bb4&Prime; el_width=\u00a0\u00bb50&Prime; custom_sparator_width=\u00a0\u00bb155px\u00a0\u00bb accent_color=\u00a0\u00bb#005c2b\u00a0\u00bb][vc_empty_space height=\u00a0\u00bb60px\u00a0\u00bb][vc_column_text css=\u00a0\u00bb.vc_custom_1663321540214{margin-bottom: 55px !important;}\u00a0\u00bb]<\/p>\n<p style=\"font-weight: 400;\"><span style=\"color: #000000;\">Les centres Acuarella disposent d&rsquo;une cuisine et d&rsquo;une grande salle \u00e0 manger.<\/span><\/p>\n<p style=\"font-weight: 400;\"><span style=\"color: #000000;\">Notre propre cuisine permet de pr\u00e9parer tous les aliments quotidiennement dans nos installations (aucun aliment pr\u00e9cuit ou transport\u00e9 n&rsquo;est servi), suivant une alimentation saine, satisfaisante, compl\u00e8te, \u00e9quilibr\u00e9e, s\u00fbre, adapt\u00e9e aux enfants et \u00e0 l&rsquo;environnement, durable et abordable. Notre alimentation est bas\u00e9e sur la consommation majoritaire d&rsquo;aliments d&rsquo;origine v\u00e9g\u00e9tale, tels que les fruits frais et les l\u00e9gumes de saison, les l\u00e9gumineuses, les c\u00e9r\u00e9ales compl\u00e8tes, l&rsquo;huile d&rsquo;olive vierge et, moins fr\u00e9quemment, les produits laitiers, le poisson, la viande et les \u0153ufs.<\/span><\/p>\n<p style=\"font-weight: 400;\"><span style=\"color: #000000;\">Nous \u00e9laborons des menus adapt\u00e9s aux plus jeunes enfants ainsi qu&rsquo;aux cas d&rsquo;intol\u00e9rances et d&rsquo;allergies. Vous pouvez consulter le menu du mois dans l&rsquo;onglet de chaque \u00e9cole ou directement en contactant votre centre.<\/span><\/p>\n<p style=\"font-weight: 400;\"><span style=\"color: #000000;\">Pour les b\u00e9b\u00e9s nous proposons \u00e9galement, pour les familles qui le souhaitent, une alimentation bas\u00e9e sur le \u00ab\u00a0baby led weaning\u00a0\u00bb (BLW), expression qui signifie que le \u00ab\u00a0b\u00e9b\u00e9 conduit le sevrage\u00a0\u00bb et donne son nom \u00e0 la m\u00e9thode dite \u00ab\u00a0d&rsquo;alimentation autor\u00e9gul\u00e9e pour le b\u00e9b\u00e9\u00a0\u00bb et consiste \u00e0 donner \u00e0 l&rsquo;enfant des pr\u00e9parations faisant partie du menu 12m-36m en petites portions, sans recourir \u00e0 celles en pur\u00e9e de l&rsquo;alimentation conventionnelle. Les bienfaits du BLW sont multiples, il favorise la motricit\u00e9 et l&rsquo;autonomie du b\u00e9b\u00e9 et l&rsquo;incite \u00e0 essayer de nouveaux aliments de mani\u00e8re agr\u00e9able.<\/span><\/p>\n<p style=\"font-weight: 400;\"><span style=\"color: #000000;\">Vous pouvez consulter plus d&rsquo;informations sur cette m\u00e9thode au <span style=\"color: #0000ff;\"><a style=\"color: #0000ff;\" href=\"https:\/\/www.alimmenta.com\/dietas\/baby-led-weaning-alimentacion-complementaria-dirigida-bebe\/\" target=\"_blank\" rel=\"noopener noreferrer\">lien<\/a><\/span> suivant ou en consultant directement les centres <span style=\"color: #0000ff;\"><a style=\"color: #0000ff;\" href=\"https:\/\/www.acuarella.eu\/fr\/contact-acuarella\/\" rel=\"noopener noreferrer\">Acuarella<\/a><\/span>.<\/span><\/p>\n<p>[\/vc_column_text][vc_empty_space height=\u00a0\u00bb40px\u00a0\u00bb][\/vc_column][\/vc_row][vc_row background_color_row=\u00a0\u00bbyes\u00a0\u00bb css=\u00a0\u00bb.vc_custom_1458590756220{padding-top: 55px !important;}\u00a0\u00bb background_color_row_left=\u00a0\u00bb#eaeaea\u00a0\u00bb background_color_row_right=\u00a0\u00bb#f5f5f5&Prime;][vc_column width=\u00a0\u00bb1\/2&Prime;][vc_custom_heading text=\u00a0\u00bbR\u00e8gles scolaires\u00a0\u00bb font_container=\u00a0\u00bbtag:h2|text_align:center\u00a0\u00bb use_theme_fonts=\u00a0\u00bbyes\u00a0\u00bb][vc_empty_space height=\u00a0\u00bb10px\u00a0\u00bb][vc_separator color=\u00a0\u00bbcustom\u00a0\u00bb border_width=\u00a0\u00bb4&Prime; el_width=\u00a0\u00bb50&Prime; custom_sparator_width=\u00a0\u00bb155px\u00a0\u00bb accent_color=\u00a0\u00bb#005c2b\u00a0\u00bb][vc_empty_space height=\u00a0\u00bb20px\u00a0\u00bb][vc_column_text css=\u00a0\u00bb.vc_custom_1662480702932{margin-right: 10px !important;margin-bottom: 50px !important;margin-left: 10px !important;}\u00a0\u00bb]<\/p>\n<p style=\"font-weight: 400;\">Il s&rsquo;agit d&rsquo;un document qui comprend une s\u00e9rie de conseils et de r\u00e8gles que nous avons \u00e9tablis pour les cr\u00e8ches Acuarella. La majeure partie de notre travail vise \u00e0 amener les enfants \u00e0 apprendre \u00e0 faire des choses par eux-m\u00eames. Pour le bon fonctionnement de <a href=\"https:\/\/www.acuarella.eu\/fr\/les-ecoles\/\" target=\"_blank\" rel=\"noopener noreferrer\">l&rsquo;\u00e9cole<\/a>, nous avons besoin de la collaboration et de la confiance des familles, avec la compr\u00e9hension des points \u00e9tablis dans le r\u00e8glement, pour maximiser les possibilit\u00e9s personnelles, affectives et de socialisation des gar\u00e7ons et des filles.<\/p>\n<p style=\"font-weight: 400;\">Chaque centre vous fournira ce document.<\/p>\n<p>[\/vc_column_text][vc_empty_space height=\u00a0\u00bb10px\u00a0\u00bb][\/vc_column][vc_column width=\u00a0\u00bb1\/2&Prime;][vc_custom_heading text=\u00a0\u00bbCalendrier\u00a0\u00bb font_container=\u00a0\u00bbtag:h2|text_align:center\u00a0\u00bb use_theme_fonts=\u00a0\u00bbyes\u00a0\u00bb][vc_empty_space height=\u00a0\u00bb10px\u00a0\u00bb][vc_separator color=\u00a0\u00bbcustom\u00a0\u00bb border_width=\u00a0\u00bb4&Prime; el_width=\u00a0\u00bb50&Prime; custom_sparator_width=\u00a0\u00bb155px\u00a0\u00bb accent_color=\u00a0\u00bb#005c2b\u00a0\u00bb][vc_empty_space height=\u00a0\u00bb20px\u00a0\u00bb][vc_column_text css=\u00a0\u00bb\u00a0\u00bb]<span style=\"font-weight: 400;\">Le cours commence le Lundi <\/span><b>1\u00a0<\/b>septembre et le dernier jour de cours sera le Jeudi\u00a0<strong style=\"font-weight: 400;\">30<\/strong> juillet 2026.<\/p>\n<p><span style=\"font-weight: 400;\">Les \u00e9coles Acuarella sont ferm\u00e9es cette ann\u00e9e pendant <\/span><b>9\u00a0<\/b>jours en tant que jours f\u00e9ri\u00e9s (No\u00ebl et Semaine Sainte) et jours libres, en dehors des jours f\u00e9ri\u00e9s \u00e9tablis dans le calendrier des vacances de Barcelone.<\/p>\n<p><a href=\"https:\/\/www.acuarella.eu\/wp-content\/uploads\/Calendrier_Fr_25-26.pdf\" target=\"_blank\" rel=\"noopener\">Calendrier en PDF<\/a>[\/vc_column_text][vc_empty_space height=\u00a0\u00bb10px\u00a0\u00bb][\/vc_column][\/vc_row][vc_row full_width=\u00a0\u00bbstretch_row\u00a0\u00bb bg_style=\u00a0\u00bbimg_parallax\u00a0\u00bb css=\u00a0\u00bb.vc_custom_1607698664705{padding-top: 55px !important;padding-bottom: 55px !important;background-image: url(http:\/\/www.acuarella.eu\/wp-content\/uploads\/web\/03.0_lescola\/bg_fotos_curs.jpg?id=3811) !important;background-position: center !important;background-repeat: no-repeat !important;background-size: cover !important;}\u00a0\u00bb bd_p_speed=\u00a0\u00bb0.4&Prime;][vc_column font_color=\u00a0\u00bb#ffffff\u00a0\u00bb][vc_custom_heading text=\u00a0\u00bbPhotos de cours\u00a0\u00bb font_container=\u00a0\u00bbtag:h2|text_align:center|color:%23ffffff\u00a0\u00bb use_theme_fonts=\u00a0\u00bbyes\u00a0\u00bb][vc_empty_space height=\u00a0\u00bb10px\u00a0\u00bb][vc_separator color=\u00a0\u00bbcustom\u00a0\u00bb border_width=\u00a0\u00bb4&Prime; el_width=\u00a0\u00bb50&Prime; custom_sparator_width=\u00a0\u00bb155px\u00a0\u00bb accent_color=\u00a0\u00bb#005c2b\u00a0\u00bb][vc_empty_space height=\u00a0\u00bb20px\u00a0\u00bb][vc_column_text]<\/p>\n<p style=\"font-weight: 400;\"><span style=\"color: #ffffff;\">Dans cet espace, vous trouverez toutes les photographies prises dans nos \u00e9coles.<\/span><\/p>\n<p style=\"font-weight: 400;\"><span style=\"color: #ffffff;\">L&rsquo;acc\u00e8s est limit\u00e9 aux familles Acuarella, c&rsquo;est pourquoi l&rsquo;application vous demande de vous inscrire, ensuite nous v\u00e9rierons votre identit\u00e9 pour vous donner acc\u00e8s.<\/span><\/p>\n<p style=\"font-weight: 400;\"><span style=\"color: #ffffff;\">Cette nouvelle galerie permet la convivialit\u00e9 avec le t\u00e9l\u00e9phone portable, une am\u00e9lioration tr\u00e8s importante qui permet la visualisation des dossiers avec leurs images de mani\u00e8re plus claire et plus intuitive, et permet de les t\u00e9l\u00e9charger sur le m\u00eame appareil.<\/span><\/p>\n<p style=\"font-weight: 400;\"><span style=\"color: #ffffff;\">Dans le PDF que vous trouverez ci-dessous, nous expliquons de mani\u00e8re simple comment l\u2019application fonctionne pour pouvoir acc\u00e9der \u00e0 la galerie avec les images de vos enfants.<\/span><\/p>\n<p style=\"font-weight: 400;\"><span style=\"color: #ffffff;\">Nous souhaitons qu&rsquo;ils vous plaisent !!!<\/span><\/p>\n<p>[\/vc_column_text][vc_empty_space height=\u00a0\u00bb60px\u00a0\u00bb][vc_btn title=\u00a0\u00bbManuel d\u00b4acc\u00e8s\u00a0\u00bb align=\u00a0\u00bbcenter\u00a0\u00bb i_icon_fontawesome=\u00a0\u00bbfar fa-file-pdf\u00a0\u00bb add_icon=\u00a0\u00bbtrue\u00a0\u00bb link=\u00a0\u00bburl:https%3A%2F%2Fwww.acuarella.eu%2Fwp-content%2Fuploads%2FGuia-Acceso-Galeria-22-23-1.pdf|target:_blank\u00a0\u00bb][\/vc_column][\/vc_row][vc_row background_color_row=\u00a0\u00bbyes\u00a0\u00bb css=\u00a0\u00bb.vc_custom_1537120490622{padding-top: 55px !important;}\u00a0\u00bb background_color_row_left=\u00a0\u00bb#eaeaea\u00a0\u00bb background_color_row_right=\u00a0\u00bb#eaeaea\u00a0\u00bb][vc_column][vc_custom_heading text=\u00a0\u00bbAcc\u00e8s aux galeries\u00a0\u00bb font_container=\u00a0\u00bbtag:h2|text_align:center\u00a0\u00bb use_theme_fonts=\u00a0\u00bbyes\u00a0\u00bb][vc_empty_space height=\u00a0\u00bb10px\u00a0\u00bb][vc_separator color=\u00a0\u00bbcustom\u00a0\u00bb border_width=\u00a0\u00bb4&Prime; el_width=\u00a0\u00bb50&Prime; custom_sparator_width=\u00a0\u00bb155px\u00a0\u00bb accent_color=\u00a0\u00bb#005c2b\u00a0\u00bb][vc_empty_space height=\u00a0\u00bb40px\u00a0\u00bb][vc_single_image image=\u00a0\u00bb5766&Prime; img_size=\u00a0\u00bbfull\u00a0\u00bb alignment=\u00a0\u00bbcenter\u00a0\u00bb style=\u00a0\u00bbvc_box_shadow_3d\u00a0\u00bb css_animation=\u00a0\u00bbleft-to-right\u00a0\u00bb][vc_empty_space height=\u00a0\u00bb40px\u00a0\u00bb][\/vc_column][\/vc_row][vc_row content_placement=\u00a0\u00bbmiddle\u00a0\u00bb background_color_row=\u00a0\u00bbyes\u00a0\u00bb css=\u00a0\u00bb.vc_custom_1680766109607{padding-bottom: 55px !important;}\u00a0\u00bb background_color_row_left=\u00a0\u00bb#eaeaea\u00a0\u00bb background_color_row_right=\u00a0\u00bb#eaeaea\u00a0\u00bb][vc_column][vc_btn title=\u00a0\u00bbAcc\u00e9s aux photos\u00a0\u00bb align=\u00a0\u00bbcenter\u00a0\u00bb i_icon_fontawesome=\u00a0\u00bbfar fa-images\u00a0\u00bb button_block=\u00a0\u00bbtrue\u00a0\u00bb add_icon=\u00a0\u00bbtrue\u00a0\u00bb link=\u00a0\u00bburl:https%3A%2F%2Fgaleriamelcior.acuarella.eu|target:_blank\u00a0\u00bb][\/vc_column][\/vc_row]<\/p>\n<\/div>","protected":false},"excerpt":{"rendered":"<p>[vc_row full_width=\u00a0\u00bbstretch_row\u00a0\u00bb bg_style=\u00a0\u00bbbg-effect-lg\u00a0\u00bb css=\u00a0\u00bb.vc_custom_1607698073616{padding-top: 55px !important;padding-bottom: 55px !important;background-color: #005c2b !important;}\u00a0\u00bb][vc_column][vc_custom_heading text=\u00a0\u00bbCours 2025-26&Prime; font_container=\u00a0\u00bbtag:h1|text_align:center|color:%23ffffff\u00a0\u00bb use_theme_fonts=\u00a0\u00bbyes\u00a0\u00bb css=\u00a0\u00bb\u00a0\u00bb][\/vc_column][\/vc_row][vc_row css=\u00a0\u00bb.vc_custom_1662479966313{margin-right: 25px !important;margin-left: 25px !important;padding-top: 55px !important;padding-bottom: 25px !important;background-color: rgba(255,255,255,0.8) !important;*background-color: rgb(255,255,255) !important;}\u00a0\u00bb][vc_column][vc_custom_heading text=\u00a0\u00bbBienvenue au cours 2025-26&Prime; font_container=\u00a0\u00bbtag:h2|text_align:center\u00a0\u00bb use_theme_fonts=\u00a0\u00bbyes\u00a0\u00bb css=\u00a0\u00bb\u00a0\u00bb][vc_empty_space height=\u00a0\u00bb10px\u00a0\u00bb][vc_separator color=\u00a0\u00bbcustom\u00a0\u00bb border_width=\u00a0\u00bb4&Prime; el_width=\u00a0\u00bb50&Prime; custom_sparator_width=\u00a0\u00bb155px\u00a0\u00bb accent_color=\u00a0\u00bb#005c2b\u00a0\u00bb][vc_empty_space height=\u00a0\u00bb40px\u00a0\u00bb][vc_column_text] Dans cette section, vous trouverez des informations sur la salle \u00e0 manger et [&hellip;]<\/p>\n","protected":false},"author":4,"featured_media":0,"parent":0,"menu_order":10,"comment_status":"closed","ping_status":"closed","template":"","meta":[],"yoast_head":"<!-- This site is optimized with the Yoast SEO plugin v20.2.1 - https:\/\/yoast.com\/wordpress\/plugins\/seo\/ -->\n<title>Cours 2025-26 | Acuarella | \u00e9coles maternelles Acuarella Barcelone<\/title>\n<meta name=\"description\" content=\"Informations sur le cours, le calendrier, le menu mensuel et les images des activit\u00e9s r\u00e9alis\u00e9es dans les \u00e9coles maternelles Acuarella\" \/>\n<meta name=\"robots\" content=\"index, follow, max-snippet:-1, max-image-preview:large, max-video-preview:-1\" \/>\n<link rel=\"canonical\" href=\"https:\/\/www.acuarella.eu\/fr\/cours-2025-26\/\" \/>\n<meta property=\"og:locale\" content=\"fr_FR\" \/>\n<meta property=\"og:type\" content=\"article\" \/>\n<meta property=\"og:title\" content=\"Cours 2025-26 | Acuarella | \u00e9coles maternelles Acuarella Barcelone\" \/>\n<meta property=\"og:description\" content=\"Informations sur le cours, le calendrier, le menu mensuel et les images des activit\u00e9s r\u00e9alis\u00e9es dans les \u00e9coles maternelles Acuarella\" \/>\n<meta property=\"og:url\" content=\"https:\/\/www.acuarella.eu\/fr\/cours-2025-26\/\" \/>\n<meta property=\"og:site_name\" content=\"Acuarella\" \/>\n<meta property=\"article:publisher\" content=\"https:\/\/www.facebook.com\/acuarellainfants\/\" \/>\n<meta property=\"article:modified_time\" content=\"2025-08-19T17:27:51+00:00\" \/>\n<meta name=\"twitter:card\" content=\"summary_large_image\" \/>\n<meta name=\"twitter:site\" content=\"@AcuarellaLLI\" \/>\n<meta name=\"twitter:label1\" content=\"Dur\u00e9e de lecture estim\u00e9e\" \/>\n\t<meta name=\"twitter:data1\" content=\"4 minutes\" \/>\n<script type=\"application\/ld+json\" class=\"yoast-schema-graph\">{\"@context\":\"https:\/\/schema.org\",\"@graph\":[{\"@type\":\"WebPage\",\"@id\":\"https:\/\/www.acuarella.eu\/fr\/cours-2025-26\/\",\"url\":\"https:\/\/www.acuarella.eu\/fr\/cours-2025-26\/\",\"name\":\"Cours 2025-26 | Acuarella | \u00e9coles maternelles Acuarella Barcelone\",\"isPartOf\":{\"@id\":\"https:\/\/www.acuarella.eu\/fr\/#website\"},\"datePublished\":\"2024-08-06T15:35:17+00:00\",\"dateModified\":\"2025-08-19T17:27:51+00:00\",\"description\":\"Informations sur le cours, le calendrier, le menu mensuel et les images des activit\u00e9s r\u00e9alis\u00e9es dans les \u00e9coles maternelles Acuarella\",\"breadcrumb\":{\"@id\":\"https:\/\/www.acuarella.eu\/fr\/cours-2025-26\/#breadcrumb\"},\"inLanguage\":\"fr-FR\",\"potentialAction\":[{\"@type\":\"ReadAction\",\"target\":[\"https:\/\/www.acuarella.eu\/fr\/cours-2025-26\/\"]}]},{\"@type\":\"BreadcrumbList\",\"@id\":\"https:\/\/www.acuarella.eu\/fr\/cours-2025-26\/#breadcrumb\",\"itemListElement\":[{\"@type\":\"ListItem\",\"position\":1,\"name\":\"Portada\",\"item\":\"https:\/\/www.acuarella.eu\/fr\/\"},{\"@type\":\"ListItem\",\"position\":2,\"name\":\"Cours 2025-26\"}]},{\"@type\":\"WebSite\",\"@id\":\"https:\/\/www.acuarella.eu\/fr\/#website\",\"url\":\"https:\/\/www.acuarella.eu\/fr\/\",\"name\":\"Llars d'infants Acuarella\",\"description\":\"Escuela infantil en Barcelona\",\"publisher\":{\"@id\":\"https:\/\/www.acuarella.eu\/fr\/#organization\"},\"potentialAction\":[{\"@type\":\"SearchAction\",\"target\":{\"@type\":\"EntryPoint\",\"urlTemplate\":\"https:\/\/www.acuarella.eu\/fr\/?s={search_term_string}\"},\"query-input\":\"required name=search_term_string\"}],\"inLanguage\":\"fr-FR\"},{\"@type\":\"Organization\",\"@id\":\"https:\/\/www.acuarella.eu\/fr\/#organization\",\"name\":\"Acuarella\",\"url\":\"https:\/\/www.acuarella.eu\/fr\/\",\"logo\":{\"@type\":\"ImageObject\",\"inLanguage\":\"fr-FR\",\"@id\":\"https:\/\/www.acuarella.eu\/fr\/#\/schema\/logo\/image\/\",\"url\":\"https:\/\/www.acuarella.eu\/wp-content\/uploads\/revslider\/Navidad2018\/logo_500px.png\",\"contentUrl\":\"https:\/\/www.acuarella.eu\/wp-content\/uploads\/revslider\/Navidad2018\/logo_500px.png\",\"width\":500,\"height\":207,\"caption\":\"Acuarella\"},\"image\":{\"@id\":\"https:\/\/www.acuarella.eu\/fr\/#\/schema\/logo\/image\/\"},\"sameAs\":[\"https:\/\/www.facebook.com\/acuarellainfants\/\",\"https:\/\/twitter.com\/AcuarellaLLI\",\"https:\/\/www.instagram.com\/acuarella_llars\/\",\"https:\/\/www.linkedin.com\/company\/11481738\/admin\/\"]}]}<\/script>\n<!-- \/ Yoast SEO plugin. -->","yoast_head_json":{"title":"Cours 2025-26 | Acuarella | \u00e9coles maternelles Acuarella Barcelone","description":"Informations sur le cours, le calendrier, le menu mensuel et les images des activit\u00e9s r\u00e9alis\u00e9es dans les \u00e9coles maternelles Acuarella","robots":{"index":"index","follow":"follow","max-snippet":"max-snippet:-1","max-image-preview":"max-image-preview:large","max-video-preview":"max-video-preview:-1"},"canonical":"https:\/\/www.acuarella.eu\/fr\/cours-2025-26\/","og_locale":"fr_FR","og_type":"article","og_title":"Cours 2025-26 | Acuarella | \u00e9coles maternelles Acuarella Barcelone","og_description":"Informations sur le cours, le calendrier, le menu mensuel et les images des activit\u00e9s r\u00e9alis\u00e9es dans les \u00e9coles maternelles Acuarella","og_url":"https:\/\/www.acuarella.eu\/fr\/cours-2025-26\/","og_site_name":"Acuarella","article_publisher":"https:\/\/www.facebook.com\/acuarellainfants\/","article_modified_time":"2025-08-19T17:27:51+00:00","twitter_card":"summary_large_image","twitter_site":"@AcuarellaLLI","twitter_misc":{"Dur\u00e9e de lecture estim\u00e9e":"4 minutes"},"schema":{"@context":"https:\/\/schema.org","@graph":[{"@type":"WebPage","@id":"https:\/\/www.acuarella.eu\/fr\/cours-2025-26\/","url":"https:\/\/www.acuarella.eu\/fr\/cours-2025-26\/","name":"Cours 2025-26 | Acuarella | \u00e9coles maternelles Acuarella Barcelone","isPartOf":{"@id":"https:\/\/www.acuarella.eu\/fr\/#website"},"datePublished":"2024-08-06T15:35:17+00:00","dateModified":"2025-08-19T17:27:51+00:00","description":"Informations sur le cours, le calendrier, le menu mensuel et les images des activit\u00e9s r\u00e9alis\u00e9es dans les \u00e9coles maternelles Acuarella","breadcrumb":{"@id":"https:\/\/www.acuarella.eu\/fr\/cours-2025-26\/#breadcrumb"},"inLanguage":"fr-FR","potentialAction":[{"@type":"ReadAction","target":["https:\/\/www.acuarella.eu\/fr\/cours-2025-26\/"]}]},{"@type":"BreadcrumbList","@id":"https:\/\/www.acuarella.eu\/fr\/cours-2025-26\/#breadcrumb","itemListElement":[{"@type":"ListItem","position":1,"name":"Portada","item":"https:\/\/www.acuarella.eu\/fr\/"},{"@type":"ListItem","position":2,"name":"Cours 2025-26"}]},{"@type":"WebSite","@id":"https:\/\/www.acuarella.eu\/fr\/#website","url":"https:\/\/www.acuarella.eu\/fr\/","name":"Llars d'infants Acuarella","description":"Escuela infantil en Barcelona","publisher":{"@id":"https:\/\/www.acuarella.eu\/fr\/#organization"},"potentialAction":[{"@type":"SearchAction","target":{"@type":"EntryPoint","urlTemplate":"https:\/\/www.acuarella.eu\/fr\/?s={search_term_string}"},"query-input":"required name=search_term_string"}],"inLanguage":"fr-FR"},{"@type":"Organization","@id":"https:\/\/www.acuarella.eu\/fr\/#organization","name":"Acuarella","url":"https:\/\/www.acuarella.eu\/fr\/","logo":{"@type":"ImageObject","inLanguage":"fr-FR","@id":"https:\/\/www.acuarella.eu\/fr\/#\/schema\/logo\/image\/","url":"https:\/\/www.acuarella.eu\/wp-content\/uploads\/revslider\/Navidad2018\/logo_500px.png","contentUrl":"https:\/\/www.acuarella.eu\/wp-content\/uploads\/revslider\/Navidad2018\/logo_500px.png","width":500,"height":207,"caption":"Acuarella"},"image":{"@id":"https:\/\/www.acuarella.eu\/fr\/#\/schema\/logo\/image\/"},"sameAs":["https:\/\/www.facebook.com\/acuarellainfants\/","https:\/\/twitter.com\/AcuarellaLLI","https:\/\/www.instagram.com\/acuarella_llars\/","https:\/\/www.linkedin.com\/company\/11481738\/admin\/"]}]}},"_links":{"self":[{"href":"https:\/\/www.acuarella.eu\/fr\/wp-json\/wp\/v2\/pages\/10034"}],"collection":[{"href":"https:\/\/www.acuarella.eu\/fr\/wp-json\/wp\/v2\/pages"}],"about":[{"href":"https:\/\/www.acuarella.eu\/fr\/wp-json\/wp\/v2\/types\/page"}],"author":[{"embeddable":true,"href":"https:\/\/www.acuarella.eu\/fr\/wp-json\/wp\/v2\/users\/4"}],"replies":[{"embeddable":true,"href":"https:\/\/www.acuarella.eu\/fr\/wp-json\/wp\/v2\/comments?post=10034"}],"version-history":[{"count":5,"href":"https:\/\/www.acuarella.eu\/fr\/wp-json\/wp\/v2\/pages\/10034\/revisions"}],"predecessor-version":[{"id":10283,"href":"https:\/\/www.acuarella.eu\/fr\/wp-json\/wp\/v2\/pages\/10034\/revisions\/10283"}],"wp:attachment":[{"href":"https:\/\/www.acuarella.eu\/fr\/wp-json\/wp\/v2\/media?parent=10034"}],"curies":[{"name":"wp","href":"https:\/\/api.w.org\/{rel}","templated":true}]}}