{"id":3885,"date":"2017-04-13T10:09:03","date_gmt":"2017-04-13T08:09:03","guid":{"rendered":"http:\/\/www.acuarella.eu\/?page_id=3885\/"},"modified":"2024-08-13T11:37:01","modified_gmt":"2024-08-13T09:37:01","slug":"services","status":"publish","type":"page","link":"https:\/\/www.acuarella.eu\/fr\/services\/","title":{"rendered":"Services"},"content":{"rendered":"<div class=\"wpb-content-wrapper\"><p>[vc_row full_width=\u00a0\u00bbstretch_row\u00a0\u00bb bg_style=\u00a0\u00bbbg-effect-lg\u00a0\u00bb css=\u00a0\u00bb.vc_custom_1619978028260{padding-top: 55px !important;padding-bottom: 55px !important;background-color: #005c2b !important;}\u00a0\u00bb][vc_column][vc_custom_heading text=\u00a0\u00bbServices\u00a0\u00bb font_container=\u00a0\u00bbtag:h1|text_align:center|color:%23ffffff\u00a0\u00bb use_theme_fonts=\u00a0\u00bbyes\u00a0\u00bb][\/vc_column][\/vc_row][vc_row full_width=\u00a0\u00bbstretch_row\u00a0\u00bb css=\u00a0\u00bb.vc_custom_1638225180939{padding-top: 20px !important;}\u00a0\u00bb][vc_column offset=\u00a0\u00bbvc_col-lg-6 vc_col-md-6 vc_col-xs-12&Prime; css=\u00a0\u00bb.vc_custom_1638225283445{padding-right: 25px !important;}\u00a0\u00bb][vc_custom_heading text=\u00a0\u00bbHoraires des centres\u00a0\u00bb font_container=\u00a0\u00bbtag:h2|text_align:center\u00a0\u00bb use_theme_fonts=\u00a0\u00bbyes\u00a0\u00bb][vc_empty_space height=\u00a0\u00bb10px\u00a0\u00bb][vc_separator color=\u00a0\u00bbcustom\u00a0\u00bb align=\u00a0\u00bbcenter\u00a0\u00bb border_width=\u00a0\u00bb4&Prime; custom_sparator_width=\u00a0\u00bb155px\u00a0\u00bb accent_color=\u00a0\u00bb#005c2b\u00a0\u00bb][vc_empty_space height=\u00a0\u00bb20px\u00a0\u00bb][vc_column_text]<\/p>\n<p style=\"text-align: justify;\">Les \u00e9coles ouvrent <strong>de 7h30 \u00e0 18h<\/strong>, ce qui permet aux parents plusieurs horaires et de la souplesse d\u00b4horaire adapt\u00e9e aux besoins des familles.<\/p>\n<p>[\/vc_column_text][vc_empty_space height=\u00a0\u00bb20px\u00a0\u00bb][vc_custom_heading text=\u00a0\u00bbServices \u00e9ducatifs\u00a0\u00bb font_container=\u00a0\u00bbtag:h2|text_align:center\u00a0\u00bb use_theme_fonts=\u00a0\u00bbyes\u00a0\u00bb][vc_empty_space height=\u00a0\u00bb10px\u00a0\u00bb][vc_separator color=\u00a0\u00bbcustom\u00a0\u00bb align=\u00a0\u00bbcenter\u00a0\u00bb border_width=\u00a0\u00bb4&Prime; custom_sparator_width=\u00a0\u00bb155px\u00a0\u00bb accent_color=\u00a0\u00bb#005c2b\u00a0\u00bb][vc_empty_space height=\u00a0\u00bb20px\u00a0\u00bb][vc_column_text]<\/p>\n<p style=\"text-align: justify;\">Nous offrons l\u00b4apprentissage dans un <strong>environnement scolaire<\/strong> o\u00f9 la scolarit\u00e9 (toutes les activit\u00e9s du Projet \u00c9ducatif) et les sp\u00e9cialit\u00e9s de la musique, Anglais, psychomotricit\u00e9, jeux et exercices qui aident \u00e0 stimuler le d\u00e9veloppement intellectuel, physique et \u00e9motionnel des enfants.<\/p>\n<p style=\"text-align: justify;\">Les services \u00e9ducatifs sont offerts<strong> de 9h00 \u00e0 12h00 et de 15h00 \u00e0 17h00, <\/strong>du lundi au vendredi.<\/p>\n<p>[\/vc_column_text][vc_empty_space height=\u00a0\u00bb10px\u00a0\u00bb][vc_custom_heading text=\u00a0\u00bbCantine et repos\u00a0\u00bb font_container=\u00a0\u00bbtag:h2|text_align:center\u00a0\u00bb use_theme_fonts=\u00a0\u00bbyes\u00a0\u00bb][vc_empty_space height=\u00a0\u00bb20px\u00a0\u00bb][vc_separator color=\u00a0\u00bbcustom\u00a0\u00bb align=\u00a0\u00bbcenter\u00a0\u00bb border_width=\u00a0\u00bb4&Prime; custom_sparator_width=\u00a0\u00bb155px\u00a0\u00bb accent_color=\u00a0\u00bb#005c2b\u00a0\u00bb][vc_empty_space height=\u00a0\u00bb20px\u00a0\u00bb][vc_column_text]<\/p>\n<p style=\"text-align: justify;\">Nous offrons la <strong>cantine et un coin de repos<\/strong>. Cela occupera le cr\u00e9neau horaire de <strong>12h00-15h00<\/strong>, o\u00f9 les enfants mangent, puis font la sieste. Il peut \u00eatre fixe ou sporadique.<\/p>\n<p>[\/vc_column_text][vc_empty_space height=\u00a0\u00bb20px\u00a0\u00bb][vc_custom_heading text=\u00a0\u00bbService d\u00b4accueil\u00a0\u00bb font_container=\u00a0\u00bbtag:h2|text_align:center\u00a0\u00bb use_theme_fonts=\u00a0\u00bbyes\u00a0\u00bb][vc_empty_space height=\u00a0\u00bb10px\u00a0\u00bb][vc_separator color=\u00a0\u00bbcustom\u00a0\u00bb align=\u00a0\u00bbcenter\u00a0\u00bb border_width=\u00a0\u00bb4&Prime; custom_sparator_width=\u00a0\u00bb155px\u00a0\u00bb accent_color=\u00a0\u00bb#005c2b\u00a0\u00bb][vc_empty_space height=\u00a0\u00bb20px\u00a0\u00bb][vc_column_text]<\/p>\n<p style=\"text-align: justify;\">Les enfants sont accueillis <strong>de 7h30 \u00e0 9h et<\/strong> repartent \u00e0 la maison <strong>de 17h \u00e0 18h du lundi au vendredi<\/strong>.<\/p>\n<p>[\/vc_column_text][\/vc_column][vc_column offset=\u00a0\u00bbvc_col-lg-6 vc_col-md-6 vc_col-xs-12&Prime;][vc_single_image image=\u00a0\u00bb7963&Prime; img_size=\u00a0\u00bbfull\u00a0\u00bb alignment=\u00a0\u00bbcenter\u00a0\u00bb style=\u00a0\u00bbvc_box_shadow_3d\u00a0\u00bb][\/vc_column][\/vc_row][vc_row full_width=\u00a0\u00bbstretch_row\u00a0\u00bb css=\u00a0\u00bb.vc_custom_1619978446798{padding-top: 55px !important;padding-bottom: 55px !important;}\u00a0\u00bb][vc_column][vc_custom_heading text=\u00a0\u00bbActivit\u00e9s compl\u00e9mentaires\u00a0\u00bb font_container=\u00a0\u00bbtag:h2|text_align:center\u00a0\u00bb use_theme_fonts=\u00a0\u00bbyes\u00a0\u00bb][vc_empty_space height=\u00a0\u00bb10px\u00a0\u00bb][vc_separator color=\u00a0\u00bbcustom\u00a0\u00bb align=\u00a0\u00bbcenter\u00a0\u00bb border_width=\u00a0\u00bb4&Prime; custom_sparator_width=\u00a0\u00bb155px\u00a0\u00bb accent_color=\u00a0\u00bb#005c2b\u00a0\u00bb][vc_empty_space height=\u00a0\u00bb20px\u00a0\u00bb][vc_column_text css=\u00a0\u00bb\u00a0\u00bb]<\/p>\n<p style=\"text-align: justify;\">Une fois par semaine, <strong>nous allons \u00e0 la piscine<\/strong>, au <a href=\"http:\/\/clubmetropolitan.com\/gimnasio\/barcelona\/galileo\">Club Metropolitan<\/a> sur la rue Galileo, o\u00f9 les enfants peuvent profiter des premi\u00e8res exp\u00e9riences dans l&rsquo;eau.<\/p>\n<p style=\"text-align: justify;\">Visites de parcs<strong>, biblioth\u00e8ques <\/strong>pour enfants, escapades \u00e0 Montju\u00efc, \u00e0 la plage de Barcelone, promenades dans le quartier, le march\u00e9&#8230; tout compris dans les services \u00e9ducatifs.<\/p>\n<p>[\/vc_column_text][vc_empty_space height=\u00a0\u00bb20px\u00a0\u00bb][\/vc_column][\/vc_row][vc_row full_width=\u00a0\u00bbstretch_row\u00a0\u00bb parallax=\u00a0\u00bbcontent-moving\u00a0\u00bb parallax_image=\u00a0\u00bb6546&Prime; el_class=\u00a0\u00bbrow-overlay\u00a0\u00bb css=\u00a0\u00bb.vc_custom_1638292215455{padding-bottom: 110px !important;background-color: rgba(255,255,255,0.7) !important;*background-color: rgb(255,255,255) !important;}\u00a0\u00bb][vc_column][vc_custom_heading text=\u00a0\u00bbAnglais \u00e0 Acuarella\u00a0\u00bb font_container=\u00a0\u00bbtag:h2|text_align:center\u00a0\u00bb use_theme_fonts=\u00a0\u00bbyes\u00a0\u00bb][vc_empty_space height=\u00a0\u00bb20px\u00a0\u00bb][vc_separator color=\u00a0\u00bbcustom\u00a0\u00bb align=\u00a0\u00bbcenter\u00a0\u00bb border_width=\u00a0\u00bb4&Prime; custom_sparator_width=\u00a0\u00bb155px\u00a0\u00bb accent_color=\u00a0\u00bb#005c2b\u00a0\u00bb][vc_empty_space height=\u00a0\u00bb20px\u00a0\u00bb][vc_column_text css=\u00a0\u00bb\u00a0\u00bb]Les gar\u00e7ons et les filles am\u00e9liorent continuellement leur vocabulaire et leur compr\u00e9hension de chaque langue d\u00e8s leurs premi\u00e8res ann\u00e9es de vie. Apprendre une langue d\u00e8s la naissance n\u00e9cessite un mod\u00e8le appropri\u00e9 de la nouvelle langue. Dans nos cr\u00e8ches, nous voulons que les enfants commencent \u00e0 penser en anglais parce que nous savons qu&rsquo;ils peuvent comprendre bien avant de pouvoir parler, nous devons donc saisir cette occasion pour le leur offrir.<\/p>\n<p>&nbsp;<\/p>\n<p>Acuarella a sa propre m\u00e9thode d&rsquo;apprentissage de l&rsquo;anglais, bas\u00e9e sur le vocabulaire de base des parties du corps, des couleurs, des nombres, des actions, des sentiments et des phrases de tous les jours, entre autres, que nous r\u00e9alisons avec la pr\u00e9sentation quotidienne de certaines chansons au moyen de pistes audio et avec l\u2019accompagnement du professeur d&rsquo;anglais. Chaque centre adapte la m\u00e9thodologie en fonction des besoins de chaque groupe d&rsquo;enfants et de sa programmation.<\/p>\n<p>&nbsp;<\/p>\n<p>L&rsquo;Acad\u00e9mie Kids&amp;Us collabore \u00e9galement avec nous, leurs professeurs viennent dans les centres Acuarella pour enseigner aux groupes I1 et I2 pendant les heures de classe. Pour plus d&rsquo;informations vous pouvez consulter son site <a href=\"https:\/\/www.kidsandus.es\/es\/\" target=\"_blank\" rel=\"noopener noreferrer\">https:\/\/www.kidsandus.es\/es\/<\/a>[\/vc_column_text][vc_empty_space height=\u00a0\u00bb80px\u00a0\u00bb][\/vc_column][\/vc_row][vc_row full_width=\u00a0\u00bbstretch_row\u00a0\u00bb css=\u00a0\u00bb.vc_custom_1619978446798{padding-top: 55px !important;padding-bottom: 55px !important;}\u00a0\u00bb][vc_column][vc_empty_space height=\u00a0\u00bb10px\u00a0\u00bb][vc_custom_heading text=\u00a0\u00bbAutres avantages\u00a0\u00bb font_container=\u00a0\u00bbtag:h2|text_align:center\u00a0\u00bb use_theme_fonts=\u00a0\u00bbyes\u00a0\u00bb][vc_empty_space height=\u00a0\u00bb10px\u00a0\u00bb][vc_separator color=\u00a0\u00bbcustom\u00a0\u00bb align=\u00a0\u00bbcenter\u00a0\u00bb border_width=\u00a0\u00bb4&Prime; custom_sparator_width=\u00a0\u00bb155px\u00a0\u00bb accent_color=\u00a0\u00bb#005c2b\u00a0\u00bb][vc_empty_space height=\u00a0\u00bb20px\u00a0\u00bb][vc_column_text css=\u00a0\u00bb\u00a0\u00bb]<\/p>\n<ul>\n<li>Les bavoirs sont fournis par l&rsquo;\u00e9cole,\u00a0 vous n\u00b4avez donc pas \u00e0 vous soucier de les laver tous les jours.<\/li>\n<li><span lang=\"FR\">Les fr\u00e8res et s\u0153urs qui co\u00efncident \u00e0 l&rsquo;\u00e9cole, b\u00e9n\u00e9ficient d&rsquo;une r\u00e9duction sur les frais de scolarit\u00e9 et les frais mensuels.<\/span><\/li>\n<li><span lang=\"FR\">Nous r\u00e9duisons la salle \u00e0 manger en cas d&rsquo;absence.<\/span><\/li>\n<li><span lang=\"FR\">Les fournitures scolaires fongibles sont comprises dans le frais mensuel.<\/span><\/li>\n<li><span lang=\"FR\">Nous ouvrons les \u00e9coles du premier jour de septembre au dernier jour de juillet, en ne fermant que quelques jours comme \u00ab\u00a0jours libres\u00a0\u00bb.<\/span><\/li>\n<\/ul>\n<p>[\/vc_column_text][vc_empty_space height=\u00a0\u00bb60px\u00a0\u00bb][vc_custom_heading text=\u00a0\u00bbR\u00e9ductions sur les frais mensuels\u00a0\u00bb font_container=\u00a0\u00bbtag:h2|text_align:center\u00a0\u00bb use_theme_fonts=\u00a0\u00bbyes\u00a0\u00bb][vc_separator color=\u00a0\u00bbcustom\u00a0\u00bb align=\u00a0\u00bbcenter\u00a0\u00bb border_width=\u00a0\u00bb4&Prime; custom_sparator_width=\u00a0\u00bb155px\u00a0\u00bb accent_color=\u00a0\u00bb#005c2b\u00a0\u00bb][\/vc_column][\/vc_row][vc_row gap=\u00a0\u00bb2&Prime; background_color_row=\u00a0\u00bbyes\u00a0\u00bb css=\u00a0\u00bb.vc_custom_1638465767229{padding-top: 55px !important;padding-bottom: 55px !important;}\u00a0\u00bb background_color_row_left=\u00a0\u00bb#eaeaea\u00a0\u00bb background_color_row_right=\u00a0\u00bb#f5f5f5&Prime;][vc_column width=\u00a0\u00bb1\/2&Prime; css=\u00a0\u00bb.vc_custom_1638465992556{padding-right: 20px !important;}\u00a0\u00bb][vc_custom_heading text=\u00a0\u00bbD\u00e9ductions sur le revenu\u00a0\u00bb font_container=\u00a0\u00bbtag:h2|text_align:center\u00a0\u00bb use_theme_fonts=\u00a0\u00bbyes\u00a0\u00bb][vc_empty_space height=\u00a0\u00bb10px\u00a0\u00bb][vc_separator color=\u00a0\u00bbcustom\u00a0\u00bb align=\u00a0\u00bbcenter\u00a0\u00bb border_width=\u00a0\u00bb4&Prime; custom_sparator_width=\u00a0\u00bb155px\u00a0\u00bb accent_color=\u00a0\u00bb#005c2b\u00a0\u00bb][vc_empty_space height=\u00a0\u00bb20px\u00a0\u00bb][vc_column_text]<\/p>\n<h4>Aide aux m\u00e8res qui travaillent<\/h4>\n<p>En plus de l&rsquo;allocation de 1.200 \u20ac par enfant d\u00e9j\u00e0 per\u00e7ue par les m\u00e8res qui travaillent, l&rsquo;allocation de maternit\u00e9 pour les enfants de moins de trois ans, qui sont inscrits dans une \u00e9cole maternelle agr\u00e9\u00e9e, a \u00e9t\u00e9 augment\u00e9e de 1.000 \u20ac suppl\u00e9mentaires. La d\u00e9duction est calcul\u00e9e au prorata du nombre de mois pendant lesquels l&rsquo;enfant fr\u00e9quente la cr\u00e8che. En r\u00e8gle g\u00e9n\u00e9rale, les m\u00e8res qui remplissent les conditions pour b\u00e9n\u00e9ficier de la d\u00e9duction de 1.200 \u20ac pourront \u00e9galement b\u00e9n\u00e9ficier de cette aide. Le pr\u00e9l\u00e8vement sera effectu\u00e9 pour chaque mois pay\u00e9 avec un plafond de 100 \u20ac par mois. Les familles n&rsquo;ont aucune formalit\u00e9 \u00e0 effectuer, c&rsquo;est nous qui, via le formulaire 233, informons l&rsquo;Agence des Imp\u00f4ts de tous les frais pay\u00e9s, y compris les frais d&rsquo;inscription.[\/vc_column_text][vc_empty_space height=\u00a0\u00bb50px\u00a0\u00bb][\/vc_column][vc_column width=\u00a0\u00bb1\/2&Prime; css=\u00a0\u00bb.vc_custom_1638465981193{padding-left: 20px !important;}\u00a0\u00bb][vc_custom_heading text=\u00a0\u00bbR\u00e9mun\u00e9ration en nature\u00a0\u00bb font_container=\u00a0\u00bbtag:h2|text_align:center\u00a0\u00bb use_theme_fonts=\u00a0\u00bbyes\u00a0\u00bb][vc_empty_space height=\u00a0\u00bb10px\u00a0\u00bb][vc_separator color=\u00a0\u00bbcustom\u00a0\u00bb align=\u00a0\u00bbcenter\u00a0\u00bb border_width=\u00a0\u00bb4&Prime; custom_sparator_width=\u00a0\u00bb155px\u00a0\u00bb accent_color=\u00a0\u00bb#005c2b\u00a0\u00bb][vc_empty_space height=\u00a0\u00bb20px\u00a0\u00bb][vc_column_text]<\/p>\n<h4 style=\"text-align: justify;\">Vous connaissez les ch\u00e8ques garderie?<\/h4>\n<p style=\"text-align: justify;\">C\u00b4est un syst\u00e8me qui vous permet de payer une redevance mensuelle avec laquelle vous pouvez obtenir des avantages fiscaux, ce qui se traduit en \u00e9conomies. Par exemple, pour un <strong>frais de 300 \u20ac par mois<\/strong>, les <strong>\u00e9conomies annuelles<\/strong> sont d&rsquo;environ <strong>700 \u20ac<\/strong> (d\u00e9pendant de la r\u00e9tention de chacun).<\/p>\n<p style=\"text-align: justify;\">L&rsquo;\u00e9cole ne b\u00e9n\u00e9ficie pas des ch\u00e8ques, au contraire, mais nous cherchons \u00e0 vous fournir toute l&rsquo;assistance \u00e9conomique possible afin que vous puissiez \u00eatre en mesure d&rsquo;\u00e9conomiser quelques euros par mois.<\/p>\n<p>[\/vc_column_text][vc_empty_space height=\u00a0\u00bb20px\u00a0\u00bb][vc_single_image image=\u00a0\u00bb10017&Prime; img_size=\u00a0\u00bbfull\u00a0\u00bb alignment=\u00a0\u00bbcenter\u00a0\u00bb css=\u00a0\u00bb\u00a0\u00bb][\/vc_column][\/vc_row]<\/p>\n<\/div>","protected":false},"excerpt":{"rendered":"<p>[vc_row full_width=\u00a0\u00bbstretch_row\u00a0\u00bb bg_style=\u00a0\u00bbbg-effect-lg\u00a0\u00bb css=\u00a0\u00bb.vc_custom_1619978028260{padding-top: 55px !important;padding-bottom: 55px !important;background-color: #005c2b !important;}\u00a0\u00bb][vc_column][vc_custom_heading text=\u00a0\u00bbServices\u00a0\u00bb font_container=\u00a0\u00bbtag:h1|text_align:center|color:%23ffffff\u00a0\u00bb use_theme_fonts=\u00a0\u00bbyes\u00a0\u00bb][\/vc_column][\/vc_row][vc_row full_width=\u00a0\u00bbstretch_row\u00a0\u00bb css=\u00a0\u00bb.vc_custom_1638225180939{padding-top: 20px !important;}\u00a0\u00bb][vc_column offset=\u00a0\u00bbvc_col-lg-6 vc_col-md-6 vc_col-xs-12&Prime; css=\u00a0\u00bb.vc_custom_1638225283445{padding-right: 25px !important;}\u00a0\u00bb][vc_custom_heading text=\u00a0\u00bbHoraires des centres\u00a0\u00bb font_container=\u00a0\u00bbtag:h2|text_align:center\u00a0\u00bb use_theme_fonts=\u00a0\u00bbyes\u00a0\u00bb][vc_empty_space height=\u00a0\u00bb10px\u00a0\u00bb][vc_separator color=\u00a0\u00bbcustom\u00a0\u00bb align=\u00a0\u00bbcenter\u00a0\u00bb border_width=\u00a0\u00bb4&Prime; custom_sparator_width=\u00a0\u00bb155px\u00a0\u00bb accent_color=\u00a0\u00bb#005c2b\u00a0\u00bb][vc_empty_space height=\u00a0\u00bb20px\u00a0\u00bb][vc_column_text] Les \u00e9coles ouvrent de 7h30 \u00e0 18h, ce qui permet aux parents plusieurs horaires et de la souplesse d\u00b4horaire adapt\u00e9e [&hellip;]<\/p>\n","protected":false},"author":3,"featured_media":0,"parent":0,"menu_order":40,"comment_status":"closed","ping_status":"closed","template":"","meta":[],"yoast_head":"<!-- This site is optimized with the Yoast SEO plugin v20.2.1 - https:\/\/yoast.com\/wordpress\/plugins\/seo\/ -->\n<title>Services | Acuarella<\/title>\n<meta name=\"description\" content=\"Llar d&#039;infants Guarder\u00edas Escola bressol a Matar\u00f3 i Barcelona\" \/>\n<meta name=\"robots\" content=\"index, follow, max-snippet:-1, max-image-preview:large, max-video-preview:-1\" \/>\n<link rel=\"canonical\" href=\"https:\/\/www.acuarella.eu\/fr\/services\/\" \/>\n<meta property=\"og:locale\" content=\"fr_FR\" \/>\n<meta property=\"og:type\" content=\"article\" \/>\n<meta property=\"og:title\" content=\"Services | Acuarella\" \/>\n<meta property=\"og:description\" content=\"Llar d&#039;infants Guarder\u00edas Escola bressol a Matar\u00f3 i Barcelona\" \/>\n<meta property=\"og:url\" content=\"https:\/\/www.acuarella.eu\/fr\/services\/\" \/>\n<meta property=\"og:site_name\" content=\"Acuarella\" \/>\n<meta property=\"article:publisher\" content=\"https:\/\/www.facebook.com\/acuarellainfants\/\" \/>\n<meta property=\"article:modified_time\" content=\"2024-08-13T09:37:01+00:00\" \/>\n<meta name=\"twitter:card\" content=\"summary_large_image\" \/>\n<meta name=\"twitter:site\" content=\"@AcuarellaLLI\" \/>\n<meta name=\"twitter:label1\" content=\"Dur\u00e9e de lecture estim\u00e9e\" \/>\n\t<meta name=\"twitter:data1\" content=\"4 minutes\" \/>\n<script type=\"application\/ld+json\" class=\"yoast-schema-graph\">{\"@context\":\"https:\/\/schema.org\",\"@graph\":[{\"@type\":\"WebPage\",\"@id\":\"https:\/\/www.acuarella.eu\/fr\/services\/\",\"url\":\"https:\/\/www.acuarella.eu\/fr\/services\/\",\"name\":\"Services | Acuarella\",\"isPartOf\":{\"@id\":\"https:\/\/www.acuarella.eu\/fr\/#website\"},\"datePublished\":\"2017-04-13T08:09:03+00:00\",\"dateModified\":\"2024-08-13T09:37:01+00:00\",\"description\":\"Llar d'infants Guarder\u00edas Escola bressol a Matar\u00f3 i Barcelona\",\"breadcrumb\":{\"@id\":\"https:\/\/www.acuarella.eu\/fr\/services\/#breadcrumb\"},\"inLanguage\":\"fr-FR\",\"potentialAction\":[{\"@type\":\"ReadAction\",\"target\":[\"https:\/\/www.acuarella.eu\/fr\/services\/\"]}]},{\"@type\":\"BreadcrumbList\",\"@id\":\"https:\/\/www.acuarella.eu\/fr\/services\/#breadcrumb\",\"itemListElement\":[{\"@type\":\"ListItem\",\"position\":1,\"name\":\"Portada\",\"item\":\"https:\/\/www.acuarella.eu\/fr\/\"},{\"@type\":\"ListItem\",\"position\":2,\"name\":\"Services\"}]},{\"@type\":\"WebSite\",\"@id\":\"https:\/\/www.acuarella.eu\/fr\/#website\",\"url\":\"https:\/\/www.acuarella.eu\/fr\/\",\"name\":\"Llars d'infants Acuarella\",\"description\":\"Escuela infantil en Barcelona\",\"publisher\":{\"@id\":\"https:\/\/www.acuarella.eu\/fr\/#organization\"},\"potentialAction\":[{\"@type\":\"SearchAction\",\"target\":{\"@type\":\"EntryPoint\",\"urlTemplate\":\"https:\/\/www.acuarella.eu\/fr\/?s={search_term_string}\"},\"query-input\":\"required name=search_term_string\"}],\"inLanguage\":\"fr-FR\"},{\"@type\":\"Organization\",\"@id\":\"https:\/\/www.acuarella.eu\/fr\/#organization\",\"name\":\"Acuarella\",\"url\":\"https:\/\/www.acuarella.eu\/fr\/\",\"logo\":{\"@type\":\"ImageObject\",\"inLanguage\":\"fr-FR\",\"@id\":\"https:\/\/www.acuarella.eu\/fr\/#\/schema\/logo\/image\/\",\"url\":\"https:\/\/www.acuarella.eu\/wp-content\/uploads\/revslider\/Navidad2018\/logo_500px.png\",\"contentUrl\":\"https:\/\/www.acuarella.eu\/wp-content\/uploads\/revslider\/Navidad2018\/logo_500px.png\",\"width\":500,\"height\":207,\"caption\":\"Acuarella\"},\"image\":{\"@id\":\"https:\/\/www.acuarella.eu\/fr\/#\/schema\/logo\/image\/\"},\"sameAs\":[\"https:\/\/www.facebook.com\/acuarellainfants\/\",\"https:\/\/twitter.com\/AcuarellaLLI\",\"https:\/\/www.instagram.com\/acuarella_llars\/\",\"https:\/\/www.linkedin.com\/company\/11481738\/admin\/\"]}]}<\/script>\n<!-- \/ Yoast SEO plugin. -->","yoast_head_json":{"title":"Services | Acuarella","description":"Llar d'infants Guarder\u00edas Escola bressol a Matar\u00f3 i Barcelona","robots":{"index":"index","follow":"follow","max-snippet":"max-snippet:-1","max-image-preview":"max-image-preview:large","max-video-preview":"max-video-preview:-1"},"canonical":"https:\/\/www.acuarella.eu\/fr\/services\/","og_locale":"fr_FR","og_type":"article","og_title":"Services | Acuarella","og_description":"Llar d'infants Guarder\u00edas Escola bressol a Matar\u00f3 i Barcelona","og_url":"https:\/\/www.acuarella.eu\/fr\/services\/","og_site_name":"Acuarella","article_publisher":"https:\/\/www.facebook.com\/acuarellainfants\/","article_modified_time":"2024-08-13T09:37:01+00:00","twitter_card":"summary_large_image","twitter_site":"@AcuarellaLLI","twitter_misc":{"Dur\u00e9e de lecture estim\u00e9e":"4 minutes"},"schema":{"@context":"https:\/\/schema.org","@graph":[{"@type":"WebPage","@id":"https:\/\/www.acuarella.eu\/fr\/services\/","url":"https:\/\/www.acuarella.eu\/fr\/services\/","name":"Services | Acuarella","isPartOf":{"@id":"https:\/\/www.acuarella.eu\/fr\/#website"},"datePublished":"2017-04-13T08:09:03+00:00","dateModified":"2024-08-13T09:37:01+00:00","description":"Llar d'infants Guarder\u00edas Escola bressol a Matar\u00f3 i Barcelona","breadcrumb":{"@id":"https:\/\/www.acuarella.eu\/fr\/services\/#breadcrumb"},"inLanguage":"fr-FR","potentialAction":[{"@type":"ReadAction","target":["https:\/\/www.acuarella.eu\/fr\/services\/"]}]},{"@type":"BreadcrumbList","@id":"https:\/\/www.acuarella.eu\/fr\/services\/#breadcrumb","itemListElement":[{"@type":"ListItem","position":1,"name":"Portada","item":"https:\/\/www.acuarella.eu\/fr\/"},{"@type":"ListItem","position":2,"name":"Services"}]},{"@type":"WebSite","@id":"https:\/\/www.acuarella.eu\/fr\/#website","url":"https:\/\/www.acuarella.eu\/fr\/","name":"Llars d'infants Acuarella","description":"Escuela infantil en Barcelona","publisher":{"@id":"https:\/\/www.acuarella.eu\/fr\/#organization"},"potentialAction":[{"@type":"SearchAction","target":{"@type":"EntryPoint","urlTemplate":"https:\/\/www.acuarella.eu\/fr\/?s={search_term_string}"},"query-input":"required name=search_term_string"}],"inLanguage":"fr-FR"},{"@type":"Organization","@id":"https:\/\/www.acuarella.eu\/fr\/#organization","name":"Acuarella","url":"https:\/\/www.acuarella.eu\/fr\/","logo":{"@type":"ImageObject","inLanguage":"fr-FR","@id":"https:\/\/www.acuarella.eu\/fr\/#\/schema\/logo\/image\/","url":"https:\/\/www.acuarella.eu\/wp-content\/uploads\/revslider\/Navidad2018\/logo_500px.png","contentUrl":"https:\/\/www.acuarella.eu\/wp-content\/uploads\/revslider\/Navidad2018\/logo_500px.png","width":500,"height":207,"caption":"Acuarella"},"image":{"@id":"https:\/\/www.acuarella.eu\/fr\/#\/schema\/logo\/image\/"},"sameAs":["https:\/\/www.facebook.com\/acuarellainfants\/","https:\/\/twitter.com\/AcuarellaLLI","https:\/\/www.instagram.com\/acuarella_llars\/","https:\/\/www.linkedin.com\/company\/11481738\/admin\/"]}]}},"_links":{"self":[{"href":"https:\/\/www.acuarella.eu\/fr\/wp-json\/wp\/v2\/pages\/3885"}],"collection":[{"href":"https:\/\/www.acuarella.eu\/fr\/wp-json\/wp\/v2\/pages"}],"about":[{"href":"https:\/\/www.acuarella.eu\/fr\/wp-json\/wp\/v2\/types\/page"}],"author":[{"embeddable":true,"href":"https:\/\/www.acuarella.eu\/fr\/wp-json\/wp\/v2\/users\/3"}],"replies":[{"embeddable":true,"href":"https:\/\/www.acuarella.eu\/fr\/wp-json\/wp\/v2\/comments?post=3885"}],"version-history":[{"count":22,"href":"https:\/\/www.acuarella.eu\/fr\/wp-json\/wp\/v2\/pages\/3885\/revisions"}],"predecessor-version":[{"id":10064,"href":"https:\/\/www.acuarella.eu\/fr\/wp-json\/wp\/v2\/pages\/3885\/revisions\/10064"}],"wp:attachment":[{"href":"https:\/\/www.acuarella.eu\/fr\/wp-json\/wp\/v2\/media?parent=3885"}],"curies":[{"name":"wp","href":"https:\/\/api.w.org\/{rel}","templated":true}]}}