{"id":3891,"date":"2017-04-13T11:01:45","date_gmt":"2017-04-13T09:01:45","guid":{"rendered":"http:\/\/www.acuarella.eu\/?page_id=3891\/"},"modified":"2023-02-28T23:10:11","modified_gmt":"2023-02-28T22:10:11","slug":"contact-acuarella","status":"publish","type":"page","link":"https:\/\/www.acuarella.eu\/fr\/contact-acuarella\/","title":{"rendered":"Contact-Old"},"content":{"rendered":"<div class=\"wpb-content-wrapper\"><p>[vc_row full_width=\u00a0\u00bbstretch_row\u00a0\u00bb bg_style=\u00a0\u00bbbg-effect-lg\u00a0\u00bb css=\u00a0\u00bb.vc_custom_1619628208699{padding-top: 55px !important;padding-bottom: 55px !important;background-color: #c32f17 !important;}\u00a0\u00bb][vc_column][vc_custom_heading text=\u00a0\u00bbContact Acuarella\u00a0\u00bb font_container=\u00a0\u00bbtag:h1|text_align:center|color:%23ffffff\u00a0\u00bb use_theme_fonts=\u00a0\u00bbyes\u00a0\u00bb link=\u00a0\u00bburl:http%3A%2F%2Fwww.acuarella.eu%2Fcontacte%2F||\u00a0\u00bb][\/vc_column][\/vc_row][vc_row row_head_color=\u00a0\u00bb#575656&Prime; css=\u00a0\u00bb.vc_custom_1452179558660{padding-top: 55px !important;}\u00a0\u00bb][vc_column width=\u00a0\u00bb1\/2&Prime;][vc_column_text]<\/p>\n<h2 style=\"text-align: center;\">Sant Fructu\u00f3s<\/h2>\n<p>[\/vc_column_text][vc_empty_space height=\u00a0\u00bb20px\u00a0\u00bb][vc_separator color=\u00a0\u00bbcustom\u00a0\u00bb border_width=\u00a0\u00bb4&Prime; el_width=\u00a0\u00bb50&Prime; custom_sparator_width=\u00a0\u00bb155px\u00a0\u00bb accent_color=\u00a0\u00bb#7eaa16&Prime;][vc_empty_space height=\u00a0\u00bb36px\u00a0\u00bb][cms_fancybox icon1=\u00a0\u00bbfa fa-home\u00a0\u00bb title1=\u00a0\u00bbSant Fructu\u00f3s, 46, 08004 Barcelona\u00a0\u00bb cms_title_size=\u00a0\u00bbh6&Prime; cms_fancybox_boder_color=\u00a0\u00bb#7eaa16&Prime; cms_fancybox_bg_color=\u00a0\u00bb#7eaa16&Prime; cms_template=\u00a0\u00bbcms_fancybox&#8211;layout-3.php\u00a0\u00bb][cms_fancybox icon1=\u00a0\u00bbfar fa-envelope\u00a0\u00bb title1=\u00a0\u00bbfructuos@acuarella.eu\u00a0\u00bb button_link1=\u00a0\u00bb\u00a0\u00bb cms_title_size=\u00a0\u00bbh6&Prime; cms_fancybox_boder_color=\u00a0\u00bb#7eaa16&Prime; cms_fancybox_bg_color=\u00a0\u00bb#7eaa16&Prime; cms_template=\u00a0\u00bbcms_fancybox&#8211;layout-3.php\u00a0\u00bb heading_1=\u00a0\u00bb\u00a0\u00bb][cms_fancybox icon1=\u00a0\u00bbfa fa-phone\u00a0\u00bb title1=\u00a0\u00bb+34 935 271 172&Prime; cms_title_size=\u00a0\u00bbh6&Prime; cms_fancybox_boder_color=\u00a0\u00bb#7eaa16&Prime; cms_fancybox_bg_color=\u00a0\u00bb#7eaa16&Prime; cms_template=\u00a0\u00bbcms_fancybox&#8211;layout-3.php\u00a0\u00bb][vc_column_text css_animation=\u00a0\u00bbtop-to-bottom\u00a0\u00bb css=\u00a0\u00bb.vc_custom_1536100311432{padding-top: 55px !important;}\u00a0\u00bb]<\/p>\n<p id=\"firstHeading\" lang=\"fr\"><img loading=\"lazy\" src=\"http:\/\/www.acuarella.eu\/wp-content\/uploads\/web\/07.0_contacte\/transporte\/car.png\" alt=\"18px-Rodalies_de_Catalunya\" width=\"30\" height=\"30\" \/> Zone pour arr\u00eater le v\u00e9hicule pendant quelques minutes<\/p>\n<h5>Gran Via &#8211; Santa Dorotea<\/h5>\n<h6>(\u00e0 3 minutes)<\/h6>\n<p><img loading=\"lazy\" class=\"alignnone size-full wp-image-3094\" src=\"http:\/\/www.acuarella.eu\/wp-content\/uploads\/web\/07.0_contacte\/transporte\/Nou_Bus.png\" alt=\"Nou_Bus\" width=\"22\" height=\"22\" \/>\u00a0 <img loading=\"lazy\" class=\"alignnone size-medium wp-image-3107\" src=\"http:\/\/www.acuarella.eu\/wp-content\/uploads\/web\/07.0_contacte\/transporte\/H12_20px.png\" alt=\"H12_20px\" width=\"20\" height=\"20\" \/> <img loading=\"lazy\" class=\"alignnone size-full wp-image-3139\" src=\"http:\/\/www.acuarella.eu\/wp-content\/uploads\/web\/07.0_contacte\/transporte\/H16_20px.png\" alt=\"H16_20px\" width=\"20\" height=\"20\" \/><\/p>\n<p><img loading=\"lazy\" class=\"alignnone size-full wp-image-3104\" src=\"http:\/\/www.acuarella.eu\/wp-content\/uploads\/web\/07.0_contacte\/transporte\/BusUrbano.png\" alt=\"BusUrbano\" width=\"20\" height=\"20\" \/>\u00a0\u00a0 <img loading=\"lazy\" class=\"alignnone size-medium wp-image-3113\" src=\"http:\/\/www.acuarella.eu\/wp-content\/uploads\/web\/07.0_contacte\/transporte\/B_37.png\" alt=\"B_37\" width=\"20\" height=\"20\" \/> <img loading=\"lazy\" class=\"alignnone size-medium wp-image-3114\" src=\"http:\/\/www.acuarella.eu\/wp-content\/uploads\/web\/07.0_contacte\/transporte\/B_46.png\" alt=\"B_46\" width=\"20\" height=\"20\" \/> <img loading=\"lazy\" class=\"alignnone size-medium wp-image-3117\" src=\"http:\/\/www.acuarella.eu\/wp-content\/uploads\/web\/07.0_contacte\/transporte\/B_65.png\" alt=\"B_65\" width=\"20\" height=\"20\" \/> <img loading=\"lazy\" class=\"alignnone size-medium wp-image-3118\" src=\"http:\/\/www.acuarella.eu\/wp-content\/uploads\/web\/07.0_contacte\/transporte\/B_79.png\" alt=\"B_79\" width=\"20\" height=\"20\" \/> <img loading=\"lazy\" class=\"alignnone size-medium wp-image-3119\" src=\"http:\/\/www.acuarella.eu\/wp-content\/uploads\/web\/07.0_contacte\/transporte\/B_91.png\" alt=\"B_91\" width=\"20\" height=\"20\" \/> <img loading=\"lazy\" class=\"alignnone size-medium wp-image-3120\" src=\"http:\/\/www.acuarella.eu\/wp-content\/uploads\/web\/07.0_contacte\/transporte\/B_109.png\" alt=\"B_109\" width=\"20\" height=\"20\" \/> <img loading=\"lazy\" class=\"alignnone size-medium wp-image-3121\" src=\"http:\/\/www.acuarella.eu\/wp-content\/uploads\/web\/07.0_contacte\/transporte\/B_165.png\" alt=\"B_165\" width=\"20\" height=\"20\" \/><\/p>\n<p style=\"padding-left: 30px;\"><img loading=\"lazy\" class=\"alignnone size-full wp-image-3101\" src=\"http:\/\/www.acuarella.eu\/wp-content\/uploads\/web\/07.0_contacte\/transporte\/l70_18px.png\" alt=\"l70_18px\" width=\"22\" height=\"18\" \/> <img loading=\"lazy\" class=\"alignnone size-full wp-image-3102\" src=\"http:\/\/www.acuarella.eu\/wp-content\/uploads\/web\/07.0_contacte\/transporte\/l72_18px.png\" alt=\"l72_18px\" width=\"22\" height=\"18\" \/> <img loading=\"lazy\" class=\"alignnone size-full wp-image-3103\" src=\"http:\/\/www.acuarella.eu\/wp-content\/uploads\/web\/07.0_contacte\/transporte\/l80_18px.png\" alt=\"l80_18px\" width=\"22\" height=\"18\" \/> <img loading=\"lazy\" class=\"alignnone size-full wp-image-3096\" src=\"http:\/\/www.acuarella.eu\/wp-content\/uploads\/web\/07.0_contacte\/transporte\/l81_18px.png\" alt=\"l81_18px\" width=\"22\" height=\"18\" \/> <img loading=\"lazy\" class=\"alignnone size-full wp-image-3097\" src=\"http:\/\/www.acuarella.eu\/wp-content\/uploads\/web\/07.0_contacte\/transporte\/l86_18px.png\" alt=\"l86_18px\" width=\"22\" height=\"18\" \/> <img loading=\"lazy\" class=\"alignnone size-full wp-image-3098\" src=\"http:\/\/www.acuarella.eu\/wp-content\/uploads\/web\/07.0_contacte\/transporte\/l87_18px.png\" alt=\"l87_18px\" width=\"22\" height=\"18\" \/> <img loading=\"lazy\" class=\"alignnone size-full wp-image-3099\" src=\"http:\/\/www.acuarella.eu\/wp-content\/uploads\/web\/07.0_contacte\/transporte\/l94_18px.png\" alt=\"l94_18px\" width=\"22\" height=\"18\" \/> <img loading=\"lazy\" class=\"alignnone size-full wp-image-3100\" src=\"http:\/\/www.acuarella.eu\/wp-content\/uploads\/web\/07.0_contacte\/transporte\/l95_18px.png\" alt=\"l95_18px\" width=\"22\" height=\"18\" \/><\/p>\n<h5>Pla\u00e7a Espanya<\/h5>\n<h6>(\u00e0 6 minutes)<\/h6>\n<p><img loading=\"lazy\" class=\"alignnone size-full wp-image-3082\" src=\"http:\/\/www.acuarella.eu\/wp-content\/uploads\/web\/07.0_contacte\/transporte\/Barcelona_Metro_Logo.png\" alt=\"Barcelona_Metro_Logo\" width=\"20\" height=\"15\" \/>\u00a0\u00a0 <img loading=\"lazy\" class=\"alignnone size-full wp-image-3080\" src=\"http:\/\/www.acuarella.eu\/wp-content\/uploads\/web\/07.0_contacte\/transporte\/L1_barcelona.png\" alt=\"L1_barcelona\" width=\"18\" height=\"18\" \/> <img loading=\"lazy\" class=\"alignnone size-full wp-image-3081\" src=\"http:\/\/www.acuarella.eu\/wp-content\/uploads\/web\/07.0_contacte\/transporte\/L3_barcelona.png\" alt=\"L3_barcelona\" width=\"18\" height=\"18\" \/><\/p>\n<p><img loading=\"lazy\" class=\"alignnone size-full wp-image-3083\" src=\"http:\/\/www.acuarella.eu\/wp-content\/uploads\/web\/07.0_contacte\/transporte\/Barcelon_FGC_Logo.png\" alt=\"Barcelon_FGC_Logo\" width=\"18\" height=\"18\" \/>\u00a0\u00a0 <img loading=\"lazy\" class=\"alignnone size-medium wp-image-3084\" src=\"http:\/\/www.acuarella.eu\/wp-content\/uploads\/web\/07.0_contacte\/transporte\/L8_barcelona.png\" alt=\"L8_barcelona\" width=\"18\" height=\"18\" \/> <img loading=\"lazy\" class=\"alignnone size-medium wp-image-3091\" src=\"http:\/\/www.acuarella.eu\/wp-content\/uploads\/web\/07.0_contacte\/transporte\/S33_barcelona.png\" alt=\"S33_barcelona\" width=\"18\" height=\"18\" \/> <img loading=\"lazy\" class=\"alignnone size-medium wp-image-3089\" src=\"http:\/\/www.acuarella.eu\/wp-content\/uploads\/web\/07.0_contacte\/transporte\/S4_barcelona.png\" alt=\"S4_barcelona\" width=\"18\" height=\"18\" \/> <img loading=\"lazy\" class=\"alignnone size-medium wp-image-3090\" src=\"http:\/\/www.acuarella.eu\/wp-content\/uploads\/web\/07.0_contacte\/transporte\/S8_barcelona.png\" alt=\"S8_barcelona\" width=\"18\" height=\"18\" \/> <img loading=\"lazy\" class=\"alignnone size-medium wp-image-3085\" src=\"http:\/\/www.acuarella.eu\/wp-content\/uploads\/web\/07.0_contacte\/transporte\/R5_barcelona.png\" alt=\"R5_barcelona\" width=\"18\" height=\"18\" \/> <img loading=\"lazy\" class=\"alignnone size-medium wp-image-3086\" src=\"http:\/\/www.acuarella.eu\/wp-content\/uploads\/web\/07.0_contacte\/transporte\/R6_barcelona.png\" alt=\"R6_barcelona\" width=\"18\" height=\"18\" \/> <img loading=\"lazy\" class=\"alignnone size-medium wp-image-3087\" src=\"http:\/\/www.acuarella.eu\/wp-content\/uploads\/web\/07.0_contacte\/transporte\/R50_barcelona.png\" alt=\"R50_barcelona\" width=\"18\" height=\"18\" \/> <img loading=\"lazy\" class=\"alignnone size-medium wp-image-3088\" src=\"http:\/\/www.acuarella.eu\/wp-content\/uploads\/web\/07.0_contacte\/transporte\/R60_barcelona.png\" alt=\"R60_barcelona\" width=\"18\" height=\"18\" \/><\/p>\n<p><img loading=\"lazy\" class=\"alignnone size-full wp-image-3094\" src=\"http:\/\/www.acuarella.eu\/wp-content\/uploads\/web\/07.0_contacte\/transporte\/Nou_Bus.png\" alt=\"Nou_Bus\" width=\"22\" height=\"22\" \/>\u00a0 <img loading=\"lazy\" class=\"alignnone size-full wp-image-3105\" src=\"http:\/\/www.acuarella.eu\/wp-content\/uploads\/web\/07.0_contacte\/transporte\/V7_20px.png\" alt=\"V7_20px\" width=\"20\" height=\"20\" \/> <img loading=\"lazy\" class=\"alignnone size-medium wp-image-3106\" src=\"http:\/\/www.acuarella.eu\/wp-content\/uploads\/web\/07.0_contacte\/transporte\/D20_20px.png\" alt=\"D20_20px\" width=\"20\" height=\"20\" \/><\/p>\n<p><img loading=\"lazy\" class=\"alignnone size-full wp-image-3104\" src=\"http:\/\/www.acuarella.eu\/wp-content\/uploads\/web\/07.0_contacte\/transporte\/BusUrbano.png\" alt=\"BusUrbano\" width=\"20\" height=\"20\" \/>\u00a0\u00a0 <img loading=\"lazy\" class=\"alignnone size-medium wp-image-3123\" src=\"http:\/\/www.acuarella.eu\/wp-content\/uploads\/web\/07.0_contacte\/transporte\/B_9.png\" alt=\"B_9\" width=\"20\" height=\"20\" \/> <img loading=\"lazy\" class=\"alignnone size-full wp-image-3110\" src=\"http:\/\/www.acuarella.eu\/wp-content\/uploads\/web\/07.0_contacte\/transporte\/B_13.png\" alt=\"B_13\" width=\"20\" height=\"20\" \/> <img loading=\"lazy\" class=\"alignnone size-medium wp-image-3111\" src=\"http:\/\/www.acuarella.eu\/wp-content\/uploads\/web\/07.0_contacte\/transporte\/B_23.png\" alt=\"B_23\" width=\"20\" height=\"20\" \/> <img loading=\"lazy\" class=\"alignnone size-medium wp-image-3112\" src=\"http:\/\/www.acuarella.eu\/wp-content\/uploads\/web\/07.0_contacte\/transporte\/B_27.png\" alt=\"B_27\" width=\"20\" height=\"20\" \/> <img loading=\"lazy\" class=\"alignnone size-medium wp-image-3115\" src=\"http:\/\/www.acuarella.eu\/wp-content\/uploads\/web\/07.0_contacte\/transporte\/B_50.png\" alt=\"B_50\" width=\"20\" height=\"20\" \/>\u00a0<img loading=\"lazy\" class=\"alignnone size-medium wp-image-3116\" src=\"http:\/\/www.acuarella.eu\/wp-content\/uploads\/web\/07.0_contacte\/transporte\/B_61.png\" alt=\"B_61\" width=\"20\" height=\"20\" \/> <img loading=\"lazy\" class=\"alignnone size-medium wp-image-3122\" src=\"http:\/\/www.acuarella.eu\/wp-content\/uploads\/web\/07.0_contacte\/transporte\/B_PM.png\" alt=\"B_PM\" width=\"20\" height=\"20\" \/>[\/vc_column_text][\/vc_column][vc_column width=\u00a0\u00bb1\/2&Prime;][vc_column_text]<\/p>\n<h2 style=\"text-align: center;\">Melcior<\/h2>\n<p>[\/vc_column_text][vc_empty_space height=\u00a0\u00bb20px\u00a0\u00bb][vc_separator color=\u00a0\u00bbcustom\u00a0\u00bb border_width=\u00a0\u00bb4&Prime; el_width=\u00a0\u00bb50&Prime; custom_sparator_width=\u00a0\u00bb155px\u00a0\u00bb accent_color=\u00a0\u00bb#ec6f06&Prime;][vc_empty_space height=\u00a0\u00bb36px\u00a0\u00bb][cms_fancybox icon1=\u00a0\u00bbfa fa-home\u00a0\u00bb title1=\u00a0\u00bbMelcior de Palau, 131, 08014 Barcelona\u00a0\u00bb cms_title_size=\u00a0\u00bbh6&Prime; cms_fancybox_boder_color=\u00a0\u00bb#ec6f06&Prime; cms_fancybox_bg_color=\u00a0\u00bb#ec6f06&Prime; cms_template=\u00a0\u00bbcms_fancybox&#8211;layout-3.php\u00a0\u00bb][cms_fancybox icon1=\u00a0\u00bbfar fa-envelope\u00a0\u00bb title1=\u00a0\u00bbmelcior@acuarella.eu\u00a0\u00bb button_link1=\u00a0\u00bbmailto:melcior@acuarella.eu\u00a0\u00bb cms_title_size=\u00a0\u00bbh6&Prime; cms_fancybox_boder_color=\u00a0\u00bb#ec6f06&Prime; cms_fancybox_bg_color=\u00a0\u00bb#ec6f06&Prime; cms_template=\u00a0\u00bbcms_fancybox&#8211;layout-3.php\u00a0\u00bb][cms_fancybox icon1=\u00a0\u00bbfa fa-phone\u00a0\u00bb title1=\u00a0\u00bb+34 931 854 088&Prime; cms_title_size=\u00a0\u00bbh6&Prime; cms_fancybox_boder_color=\u00a0\u00bb#ec6f06&Prime; cms_fancybox_bg_color=\u00a0\u00bb#ec6f06&Prime; cms_template=\u00a0\u00bbcms_fancybox&#8211;layout-3.php\u00a0\u00bb][vc_column_text css_animation=\u00a0\u00bbtop-to-bottom\u00a0\u00bb css=\u00a0\u00bb.vc_custom_1536100297268{padding-top: 55px !important;}\u00a0\u00bb]<\/p>\n<p id=\"firstHeading\" lang=\"fr\"><img loading=\"lazy\" src=\"http:\/\/www.acuarella.eu\/wp-content\/uploads\/web\/07.0_contacte\/transporte\/car.png\" alt=\"18px-Rodalies_de_Catalunya\" width=\"30\" height=\"30\" \/> Zone pour arr\u00eater le v\u00e9hicule pendant quelques minutes<\/p>\n<h5>Sants Estaci\u00f3<\/h5>\n<h6>(\u00e0 5 minutes)<\/h6>\n<p><img loading=\"lazy\" src=\"http:\/\/www.acuarella.eu\/wp-content\/uploads\/web\/07.0_contacte\/transporte\/Barcelona_Metro_Logo.png\" alt=\"Barcelona_Metro_Logo\" width=\"20\" height=\"15\" \/>\u00a0\u00a0 <img loading=\"lazy\" src=\"http:\/\/www.acuarella.eu\/wp-content\/uploads\/web\/07.0_contacte\/transporte\/L1_barcelona.png\" alt=\"L1_barcelona\" width=\"18\" height=\"18\" \/> <img loading=\"lazy\" src=\"http:\/\/www.acuarella.eu\/wp-content\/uploads\/web\/07.0_contacte\/transporte\/L3_barcelona.png\" alt=\"L3_barcelona\" width=\"18\" height=\"18\" \/> <img loading=\"lazy\" src=\"http:\/\/www.acuarella.eu\/wp-content\/uploads\/web\/07.0_contacte\/transporte\/L5_barcelona.png\" alt=\"L5_barcelona\" width=\"18\" height=\"18\" \/><\/p>\n<p><img loading=\"lazy\" src=\"http:\/\/www.acuarella.eu\/wp-content\/uploads\/web\/07.0_contacte\/transporte\/18px-Rodalies_de_Catalunya.png\" alt=\"18px-Rodalies_de_Catalunya\" width=\"18\" height=\"18\" \/>\u00a0\u00a0 <img loading=\"lazy\" src=\"http:\/\/www.acuarella.eu\/wp-content\/uploads\/web\/07.0_contacte\/transporte\/18px-R1_barcelona.png\" alt=\"18px-R1_barcelona\" width=\"18\" height=\"18\" \/> <img loading=\"lazy\" src=\"http:\/\/www.acuarella.eu\/wp-content\/uploads\/web\/07.0_contacte\/transporte\/18px-R2_barcelona.png\" alt=\"18px-R2_barcelona\" width=\"18\" height=\"18\" \/> <img loading=\"lazy\" src=\"http:\/\/www.acuarella.eu\/wp-content\/uploads\/web\/07.0_contacte\/transporte\/18px-R2_Nord_Rodalies.png\" alt=\"18px-R2_Nord_Rodalies\" width=\"18\" height=\"22\" \/> <img loading=\"lazy\" src=\"http:\/\/www.acuarella.eu\/wp-content\/uploads\/web\/07.0_contacte\/transporte\/18px-R2_Sud_Rodalies.png\" alt=\"18px-R2_Sud_Rodalies\" width=\"18\" height=\"22\" \/> <img loading=\"lazy\" src=\"http:\/\/www.acuarella.eu\/wp-content\/uploads\/web\/07.0_contacte\/transporte\/18px-R3_barcelona.png\" alt=\"18px-R3_barcelona\" width=\"18\" height=\"18\" \/> <img loading=\"lazy\" src=\"http:\/\/www.acuarella.eu\/wp-content\/uploads\/web\/07.0_contacte\/transporte\/18px-R4_barcelona.png\" alt=\"18px-R4_barcelona\" width=\"18\" height=\"18\" \/><\/p>\n<p><img loading=\"lazy\" src=\"http:\/\/www.acuarella.eu\/wp-content\/uploads\/web\/07.0_contacte\/transporte\/Nou_Bus.png\" alt=\"Nou_Bus\" width=\"22\" height=\"22\" \/>\u00a0 <img loading=\"lazy\" src=\"http:\/\/www.acuarella.eu\/wp-content\/uploads\/web\/07.0_contacte\/transporte\/H10_20px.png\" alt=\"H10_20px\" width=\"20\" height=\"20\" \/> <img loading=\"lazy\" src=\"http:\/\/www.acuarella.eu\/wp-content\/uploads\/web\/07.0_contacte\/transporte\/V7_20px.png\" alt=\"V7_20px\" width=\"20\" height=\"20\" \/> <img loading=\"lazy\" src=\"http:\/\/www.acuarella.eu\/wp-content\/uploads\/web\/07.0_contacte\/transporte\/D20_20px.png\" alt=\"D20_20px\" width=\"20\" height=\"20\" \/><\/p>\n<p><img loading=\"lazy\" src=\"http:\/\/www.acuarella.eu\/wp-content\/uploads\/web\/07.0_contacte\/transporte\/BusUrbano.png\" alt=\"BusUrbano\" width=\"20\" height=\"20\" \/>\u00a0\u00a0\u00a0<img loading=\"lazy\" src=\"http:\/\/www.acuarella.eu\/wp-content\/uploads\/web\/07.0_contacte\/transporte\/B_78.png\" alt=\"B_78\" width=\"20\" height=\"20\" \/> <img loading=\"lazy\" src=\"http:\/\/www.acuarella.eu\/wp-content\/uploads\/web\/07.0_contacte\/transporte\/B_109.png\" alt=\"B_109\" width=\"20\" height=\"20\" \/>\u00a0<img loading=\"lazy\" src=\"http:\/\/www.acuarella.eu\/wp-content\/uploads\/web\/07.0_contacte\/transporte\/B_115.png\" alt=\"B_115\" width=\"20\" height=\"20\" \/><\/p>\n<p style=\"padding-left: 30px;\"><img loading=\"lazy\" src=\"http:\/\/www.acuarella.eu\/wp-content\/uploads\/web\/07.0_contacte\/transporte\/CJ_18px.png\" alt=\"CJ_18px\" width=\"22\" height=\"18\" \/><\/p>\n<div class=\"gm-style-iw\">\n<div>\n<div dir=\"ltr\">\n<div class=\"poi-info-window gm-style\">\n<div class=\"transit-container\">\n<h5 class=\"transit-title\">Pla\u00e7a del Centre<\/h5>\n<h6>(\u00e0 5 minutes)<\/h6>\n<div><img loading=\"lazy\" src=\"http:\/\/www.acuarella.eu\/wp-content\/uploads\/web\/07.0_contacte\/transporte\/Barcelona_Metro_Logo.png\" alt=\"Barcelona_Metro_Logo\" width=\"20\" height=\"15\" \/>\u00a0\u00a0 <img loading=\"lazy\" src=\"http:\/\/www.acuarella.eu\/wp-content\/uploads\/web\/07.0_contacte\/transporte\/L3_barcelona.png\" alt=\"L3_barcelona\" width=\"18\" height=\"18\" \/><\/div>\n<div><img loading=\"lazy\" src=\"http:\/\/www.acuarella.eu\/wp-content\/uploads\/web\/07.0_contacte\/transporte\/Nou_Bus.png\" alt=\"Nou_Bus\" width=\"22\" height=\"22\" \/>\u00a0 <img loading=\"lazy\" src=\"http:\/\/www.acuarella.eu\/wp-content\/uploads\/web\/07.0_contacte\/transporte\/H10_20px.png\" alt=\"H10_20px\" width=\"20\" height=\"20\" \/><\/div>\n<div><img loading=\"lazy\" src=\"http:\/\/www.acuarella.eu\/wp-content\/uploads\/web\/07.0_contacte\/transporte\/BusUrbano.png\" alt=\"BusUrbano\" width=\"20\" height=\"20\" \/>\u00a0\u00a0 <img loading=\"lazy\" src=\"http:\/\/www.acuarella.eu\/wp-content\/uploads\/web\/07.0_contacte\/transporte\/B_54.png\" alt=\"B_54\" width=\"20\" height=\"20\" \/><\/div>\n<\/div>\n<\/div>\n<\/div>\n<\/div>\n<\/div>\n<p>[\/vc_column_text][\/vc_column][\/vc_row][vc_row][vc_column][vc_empty_space height=\u00a0\u00bb50px\u00a0\u00bb][\/vc_column][\/vc_row][vc_row gap=\u00a0\u00bb35&Prime; css=\u00a0\u00bb.vc_custom_1627897745073{margin-right: 20px !important;}\u00a0\u00bb][vc_column width=\u00a0\u00bb1\/2&Prime;][cms_googlemap api=\u00a0\u00bbAIzaSyCEr4YwuAnlDPKGzIx_sO05WXF0KnEc-BE\u00a0\u00bb address=\u00a0\u00bbCarrer de Sant Fructu\u00f3s, 46, 08004, Barcelona\u00a0\u00bb coordinate=\u00a0\u00bb41.371035, 2.145628&Prime; infoclick=\u00a0\u00bb1&Prime; markercoordinate=\u00a0\u00bb41.371035, 2.145628&Prime; markertitle=\u00a0\u00bbAcuarella\u00a0\u00bb markerdesc=\u00a0\u00bbCarrer de Sant Fructu\u00f3s, 46<br \/>\n08004 Barcelona\u00a0\u00bb markericon=\u00a0\u00bb2654&Prime; zoom=\u00a0\u00bb17&Prime; height=\u00a0\u00bb450px\u00a0\u00bb]JTVCJTdCJTIyZmVhdHVyZVR5cGUlMjIlM0ElMjJwb2klMjIlMkMlMjJlbGVtZW50VHlwZSUyMiUzQSUyMmxhYmVscyUyMiUyQyUyMnN0eWxlcnMlMjIlM0ElNUIlN0IlMjJ2aXNpYmlsaXR5JTIyJTNBJTIyb2ZmJTIyJTdEJTVEJTdEJTJDJTdCJTIyZmVhdHVyZVR5cGUlMjIlM0ElMjJ0cmFuc2l0LnN0YXRpb24lMjIlMkMlMjJzdHlsZXJzJTIyJTNBJTVCJTdCJTIydmlzaWJpbGl0eSUyMiUzQSUyMm9uJTIyJTdEJTVEJTdEJTJDJTdCJTIyZmVhdHVyZVR5cGUlMjIlM0ElMjJ0cmFuc2l0LmxpbmUlMjIlMkMlMjJzdHlsZXJzJTIyJTNBJTVCJTdCJTIydmlzaWJpbGl0eSUyMiUzQSUyMm9mZiUyMiU3RCU1RCU3RCUyQyU3QiUyMmZlYXR1cmVUeXBlJTIyJTNBJTIycm9hZCUyMiUyQyUyMmVsZW1lbnRUeXBlJTIyJTNBJTIyZ2VvbWV0cnkuc3Ryb2tlJTIyJTJDJTIyc3R5bGVycyUyMiUzQSU1QiU3QiUyMnZpc2liaWxpdHklMjIlM0ElMjJvZmYlMjIlN0QlNUQlN0QlMkMlN0IlMjJmZWF0dXJlVHlwZSUyMiUzQSUyMnJvYWQlMjIlMkMlMjJlbGVtZW50VHlwZSUyMiUzQSUyMmxhYmVscy5pY29uJTIyJTJDJTIyc3R5bGVycyUyMiUzQSU1QiU3QiUyMnZpc2liaWxpdHklMjIlM0ElMjJvZmYlMjIlN0QlNUQlN0QlNUQ=[\/cms_googlemap][\/vc_column][vc_column width=\u00a0\u00bb1\/2&Prime;][cms_googlemap api=\u00a0\u00bbAIzaSyCEr4YwuAnlDPKGzIx_sO05WXF0KnEc-BE\u00a0\u00bb address=\u00a0\u00bbCarrer de Melcior de Palau, 131, 08014, Barcelona\u00a0\u00bb coordinate=\u00a0\u00bb41.380980, 2.137694&Prime; infoclick=\u00a0\u00bb1&Prime; markercoordinate=\u00a0\u00bb41.380980, 2.137694&Prime; markertitle=\u00a0\u00bbAcuarella\u00a0\u00bb markerdesc=\u00a0\u00bbCarrer de Melcior de Palau, 131<br \/>\n08014 Barcelona\u00a0\u00bb markericon=\u00a0\u00bb2654&Prime; zoom=\u00a0\u00bb17&Prime; height=\u00a0\u00bb450px\u00a0\u00bb]JTVCJTdCJTIyZmVhdHVyZVR5cGUlMjIlM0ElMjJwb2klMjIlMkMlMjJlbGVtZW50VHlwZSUyMiUzQSUyMmxhYmVscyUyMiUyQyUyMnN0eWxlcnMlMjIlM0ElNUIlN0IlMjJ2aXNpYmlsaXR5JTIyJTNBJTIyb2ZmJTIyJTdEJTVEJTdEJTJDJTdCJTIyZmVhdHVyZVR5cGUlMjIlM0ElMjJ0cmFuc2l0LnN0YXRpb24lMjIlMkMlMjJzdHlsZXJzJTIyJTNBJTVCJTdCJTIydmlzaWJpbGl0eSUyMiUzQSUyMm9uJTIyJTdEJTVEJTdEJTJDJTdCJTIyZmVhdHVyZVR5cGUlMjIlM0ElMjJ0cmFuc2l0LmxpbmUlMjIlMkMlMjJzdHlsZXJzJTIyJTNBJTVCJTdCJTIydmlzaWJpbGl0eSUyMiUzQSUyMm9mZiUyMiU3RCU1RCU3RCUyQyU3QiUyMmZlYXR1cmVUeXBlJTIyJTNBJTIycm9hZCUyMiUyQyUyMmVsZW1lbnRUeXBlJTIyJTNBJTIyZ2VvbWV0cnkuc3Ryb2tlJTIyJTJDJTIyc3R5bGVycyUyMiUzQSU1QiU3QiUyMnZpc2liaWxpdHklMjIlM0ElMjJvZmYlMjIlN0QlNUQlN0QlMkMlN0IlMjJmZWF0dXJlVHlwZSUyMiUzQSUyMnJvYWQlMjIlMkMlMjJlbGVtZW50VHlwZSUyMiUzQSUyMmxhYmVscy5pY29uJTIyJTJDJTIyc3R5bGVycyUyMiUzQSU1QiU3QiUyMnZpc2liaWxpdHklMjIlM0ElMjJvZmYlMjIlN0QlNUQlN0QlNUQ=[\/cms_googlemap][\/vc_column][\/vc_row][vc_row][vc_column][vc_empty_space height=\u00a0\u00bb50px\u00a0\u00bb][\/vc_column][\/vc_row][vc_row full_width=\u00a0\u00bbstretch_row\u00a0\u00bb row_head_color=\u00a0\u00bb#575656&Prime; css=\u00a0\u00bb.vc_custom_1619628214863{padding-top: 130px !important;padding-bottom: 130px !important;background-image: url(http:\/\/www.acuarella.eu\/wp-content\/uploads\/web\/07.0_contacte\/bg-row-contact.jpg?id=2802) !important;background-position: center !important;background-repeat: no-repeat !important;background-size: cover !important;}\u00a0\u00bb][vc_column width=\u00a0\u00bb1\/2&Prime;][\/vc_column][vc_column width=\u00a0\u00bb1\/2&Prime;][vc_column_text]<\/p>\n<h2 style=\"text-align: center;\">Acuarella<\/h2>\n<p>[\/vc_column_text][vc_empty_space height=\u00a0\u00bb20px\u00a0\u00bb][vc_separator color=\u00a0\u00bbcustom\u00a0\u00bb border_width=\u00a0\u00bb4&Prime; el_width=\u00a0\u00bb50&Prime; custom_sparator_width=\u00a0\u00bb155px\u00a0\u00bb accent_color=\u00a0\u00bb#7eaa16&Prime;][vc_empty_space height=\u00a0\u00bb36px\u00a0\u00bb][cms_fancybox icon1=\u00a0\u00bbfa fa-phone\u00a0\u00bb title1=\u00a0\u00bb+34 687 68 54 43&Prime; cms_title_size=\u00a0\u00bbh6&Prime; cms_fancybox_boder_color=\u00a0\u00bb#f7aa00&Prime; cms_fancybox_bg_color=\u00a0\u00bb#f7aa00&Prime; cms_template=\u00a0\u00bbcms_fancybox&#8211;layout-3.php\u00a0\u00bb][cms_fancybox icon1=\u00a0\u00bbfa fa-envelope\u00a0\u00bb title1=\u00a0\u00bbacuarella@acuarella.eu\u00a0\u00bb cms_title_size=\u00a0\u00bbh6&Prime; cms_fancybox_boder_color=\u00a0\u00bb#f7aa00&Prime; cms_fancybox_bg_color=\u00a0\u00bb#f7aa00&Prime; cms_template=\u00a0\u00bbcms_fancybox&#8211;layout-3.php\u00a0\u00bb][cms_fancybox icon1=\u00a0\u00bbfa fa-globe\u00a0\u00bb title1=\u00a0\u00bbhttp:\/\/www.acuarella.eu\u00a0\u00bb cms_title_size=\u00a0\u00bbh6&Prime; cms_fancybox_boder_color=\u00a0\u00bb#f7aa00&Prime; cms_fancybox_bg_color=\u00a0\u00bb#f7aa00&Prime; cms_template=\u00a0\u00bbcms_fancybox&#8211;layout-3.php\u00a0\u00bb][cms_fancybox icon1=\u00a0\u00bbfa fa-clock-o\u00a0\u00bb title1=\u00a0\u00bbDu lundi au vendredi 8h \u00e0 18h\u00a0\u00bb cms_title_size=\u00a0\u00bbh6&Prime; cms_fancybox_boder_color=\u00a0\u00bb#f7aa00&Prime; cms_fancybox_bg_color=\u00a0\u00bb#f7aa00&Prime; cms_template=\u00a0\u00bbcms_fancybox&#8211;layout-3.php\u00a0\u00bb][\/vc_column][\/vc_row]<\/p>\n<\/div>","protected":false},"excerpt":{"rendered":"<p>[vc_row full_width=\u00a0\u00bbstretch_row\u00a0\u00bb bg_style=\u00a0\u00bbbg-effect-lg\u00a0\u00bb css=\u00a0\u00bb.vc_custom_1619628208699{padding-top: 55px !important;padding-bottom: 55px !important;background-color: #c32f17 !important;}\u00a0\u00bb][vc_column][vc_custom_heading text=\u00a0\u00bbContact Acuarella\u00a0\u00bb font_container=\u00a0\u00bbtag:h1|text_align:center|color:%23ffffff\u00a0\u00bb use_theme_fonts=\u00a0\u00bbyes\u00a0\u00bb link=\u00a0\u00bburl:http%3A%2F%2Fwww.acuarella.eu%2Fcontacte%2F||\u00a0\u00bb][\/vc_column][\/vc_row][vc_row row_head_color=\u00a0\u00bb#575656&Prime; css=\u00a0\u00bb.vc_custom_1452179558660{padding-top: 55px !important;}\u00a0\u00bb][vc_column width=\u00a0\u00bb1\/2&Prime;][vc_column_text] Sant Fructu\u00f3s [\/vc_column_text][vc_empty_space height=\u00a0\u00bb20px\u00a0\u00bb][vc_separator color=\u00a0\u00bbcustom\u00a0\u00bb border_width=\u00a0\u00bb4&Prime; el_width=\u00a0\u00bb50&Prime; custom_sparator_width=\u00a0\u00bb155px\u00a0\u00bb accent_color=\u00a0\u00bb#7eaa16&Prime;][vc_empty_space height=\u00a0\u00bb36px\u00a0\u00bb][cms_fancybox icon1=\u00a0\u00bbfa fa-home\u00a0\u00bb title1=\u00a0\u00bbSant Fructu\u00f3s, 46, 08004 Barcelona\u00a0\u00bb cms_title_size=\u00a0\u00bbh6&Prime; cms_fancybox_boder_color=\u00a0\u00bb#7eaa16&Prime; cms_fancybox_bg_color=\u00a0\u00bb#7eaa16&Prime; cms_template=\u00a0\u00bbcms_fancybox&#8211;layout-3.php\u00a0\u00bb][cms_fancybox icon1=\u00a0\u00bbfar fa-envelope\u00a0\u00bb title1=\u00a0\u00bbfructuos@acuarella.eu\u00a0\u00bb button_link1=\u00a0\u00bb\u00a0\u00bb cms_title_size=\u00a0\u00bbh6&Prime; cms_fancybox_boder_color=\u00a0\u00bb#7eaa16&Prime; cms_fancybox_bg_color=\u00a0\u00bb#7eaa16&Prime; cms_template=\u00a0\u00bbcms_fancybox&#8211;layout-3.php\u00a0\u00bb heading_1=\u00a0\u00bb\u00a0\u00bb][cms_fancybox icon1=\u00a0\u00bbfa fa-phone\u00a0\u00bb title1=\u00a0\u00bb+34 935 271 [&hellip;]<\/p>\n","protected":false},"author":3,"featured_media":0,"parent":0,"menu_order":60,"comment_status":"closed","ping_status":"closed","template":"","meta":[],"yoast_head":"<!-- This site is optimized with the Yoast SEO plugin v20.2.1 - https:\/\/yoast.com\/wordpress\/plugins\/seo\/ -->\n<title>Contact-Old | Acuarella | O\u00f9 sont nos \u00e9coles maternelles \u00e0 Barcelone<\/title>\n<meta name=\"description\" content=\"Vous trouverez ici o\u00f9 se trouvent nos \u00e9coles maternelles Acuarella \u00e0 Barcelone ainsi que tous les moyens de contact possibles.\" \/>\n<meta name=\"robots\" content=\"index, follow, max-snippet:-1, max-image-preview:large, max-video-preview:-1\" \/>\n<link rel=\"canonical\" href=\"https:\/\/www.acuarella.eu\/fr\/contact-acuarella\/\" \/>\n<meta property=\"og:locale\" content=\"fr_FR\" \/>\n<meta property=\"og:type\" content=\"article\" \/>\n<meta property=\"og:title\" content=\"Contact-Old | Acuarella | O\u00f9 sont nos \u00e9coles maternelles \u00e0 Barcelone\" \/>\n<meta property=\"og:description\" content=\"Vous trouverez ici o\u00f9 se trouvent nos \u00e9coles maternelles Acuarella \u00e0 Barcelone ainsi que tous les moyens de contact possibles.\" \/>\n<meta property=\"og:url\" content=\"https:\/\/www.acuarella.eu\/fr\/contact-acuarella\/\" \/>\n<meta property=\"og:site_name\" content=\"Acuarella\" \/>\n<meta property=\"article:publisher\" content=\"https:\/\/www.facebook.com\/acuarellainfants\/\" \/>\n<meta property=\"article:modified_time\" content=\"2023-02-28T22:10:11+00:00\" \/>\n<meta property=\"og:image\" content=\"http:\/\/www.acuarella.eu\/wp-content\/uploads\/web\/07.0_contacte\/transporte\/car.png\" \/>\n<meta name=\"twitter:card\" content=\"summary_large_image\" \/>\n<meta name=\"twitter:site\" content=\"@AcuarellaLLI\" \/>\n<meta name=\"twitter:label1\" content=\"Dur\u00e9e de lecture estim\u00e9e\" \/>\n\t<meta name=\"twitter:data1\" content=\"4 minutes\" \/>\n<script type=\"application\/ld+json\" class=\"yoast-schema-graph\">{\"@context\":\"https:\/\/schema.org\",\"@graph\":[{\"@type\":\"WebPage\",\"@id\":\"https:\/\/www.acuarella.eu\/fr\/contact-acuarella\/\",\"url\":\"https:\/\/www.acuarella.eu\/fr\/contact-acuarella\/\",\"name\":\"Contact-Old | Acuarella | O\u00f9 sont nos \u00e9coles maternelles \u00e0 Barcelone\",\"isPartOf\":{\"@id\":\"https:\/\/www.acuarella.eu\/fr\/#website\"},\"datePublished\":\"2017-04-13T09:01:45+00:00\",\"dateModified\":\"2023-02-28T22:10:11+00:00\",\"description\":\"Vous trouverez ici o\u00f9 se trouvent nos \u00e9coles maternelles Acuarella \u00e0 Barcelone ainsi que tous les moyens de contact possibles.\",\"breadcrumb\":{\"@id\":\"https:\/\/www.acuarella.eu\/fr\/contact-acuarella\/#breadcrumb\"},\"inLanguage\":\"fr-FR\",\"potentialAction\":[{\"@type\":\"ReadAction\",\"target\":[\"https:\/\/www.acuarella.eu\/fr\/contact-acuarella\/\"]}]},{\"@type\":\"BreadcrumbList\",\"@id\":\"https:\/\/www.acuarella.eu\/fr\/contact-acuarella\/#breadcrumb\",\"itemListElement\":[{\"@type\":\"ListItem\",\"position\":1,\"name\":\"Portada\",\"item\":\"https:\/\/www.acuarella.eu\/fr\/\"},{\"@type\":\"ListItem\",\"position\":2,\"name\":\"Contact-Old\"}]},{\"@type\":\"WebSite\",\"@id\":\"https:\/\/www.acuarella.eu\/fr\/#website\",\"url\":\"https:\/\/www.acuarella.eu\/fr\/\",\"name\":\"Llars d'infants Acuarella\",\"description\":\"Escuela infantil en Barcelona\",\"publisher\":{\"@id\":\"https:\/\/www.acuarella.eu\/fr\/#organization\"},\"potentialAction\":[{\"@type\":\"SearchAction\",\"target\":{\"@type\":\"EntryPoint\",\"urlTemplate\":\"https:\/\/www.acuarella.eu\/fr\/?s={search_term_string}\"},\"query-input\":\"required name=search_term_string\"}],\"inLanguage\":\"fr-FR\"},{\"@type\":\"Organization\",\"@id\":\"https:\/\/www.acuarella.eu\/fr\/#organization\",\"name\":\"Acuarella\",\"url\":\"https:\/\/www.acuarella.eu\/fr\/\",\"logo\":{\"@type\":\"ImageObject\",\"inLanguage\":\"fr-FR\",\"@id\":\"https:\/\/www.acuarella.eu\/fr\/#\/schema\/logo\/image\/\",\"url\":\"https:\/\/www.acuarella.eu\/wp-content\/uploads\/revslider\/Navidad2018\/logo_500px.png\",\"contentUrl\":\"https:\/\/www.acuarella.eu\/wp-content\/uploads\/revslider\/Navidad2018\/logo_500px.png\",\"width\":500,\"height\":207,\"caption\":\"Acuarella\"},\"image\":{\"@id\":\"https:\/\/www.acuarella.eu\/fr\/#\/schema\/logo\/image\/\"},\"sameAs\":[\"https:\/\/www.facebook.com\/acuarellainfants\/\",\"https:\/\/twitter.com\/AcuarellaLLI\",\"https:\/\/www.instagram.com\/acuarella_llars\/\",\"https:\/\/www.linkedin.com\/company\/11481738\/admin\/\"]}]}<\/script>\n<!-- \/ Yoast SEO plugin. -->","yoast_head_json":{"title":"Contact-Old | Acuarella | O\u00f9 sont nos \u00e9coles maternelles \u00e0 Barcelone","description":"Vous trouverez ici o\u00f9 se trouvent nos \u00e9coles maternelles Acuarella \u00e0 Barcelone ainsi que tous les moyens de contact possibles.","robots":{"index":"index","follow":"follow","max-snippet":"max-snippet:-1","max-image-preview":"max-image-preview:large","max-video-preview":"max-video-preview:-1"},"canonical":"https:\/\/www.acuarella.eu\/fr\/contact-acuarella\/","og_locale":"fr_FR","og_type":"article","og_title":"Contact-Old | Acuarella | O\u00f9 sont nos \u00e9coles maternelles \u00e0 Barcelone","og_description":"Vous trouverez ici o\u00f9 se trouvent nos \u00e9coles maternelles Acuarella \u00e0 Barcelone ainsi que tous les moyens de contact possibles.","og_url":"https:\/\/www.acuarella.eu\/fr\/contact-acuarella\/","og_site_name":"Acuarella","article_publisher":"https:\/\/www.facebook.com\/acuarellainfants\/","article_modified_time":"2023-02-28T22:10:11+00:00","og_image":[{"url":"http:\/\/www.acuarella.eu\/wp-content\/uploads\/web\/07.0_contacte\/transporte\/car.png"}],"twitter_card":"summary_large_image","twitter_site":"@AcuarellaLLI","twitter_misc":{"Dur\u00e9e de lecture estim\u00e9e":"4 minutes"},"schema":{"@context":"https:\/\/schema.org","@graph":[{"@type":"WebPage","@id":"https:\/\/www.acuarella.eu\/fr\/contact-acuarella\/","url":"https:\/\/www.acuarella.eu\/fr\/contact-acuarella\/","name":"Contact-Old | Acuarella | O\u00f9 sont nos \u00e9coles maternelles \u00e0 Barcelone","isPartOf":{"@id":"https:\/\/www.acuarella.eu\/fr\/#website"},"datePublished":"2017-04-13T09:01:45+00:00","dateModified":"2023-02-28T22:10:11+00:00","description":"Vous trouverez ici o\u00f9 se trouvent nos \u00e9coles maternelles Acuarella \u00e0 Barcelone ainsi que tous les moyens de contact possibles.","breadcrumb":{"@id":"https:\/\/www.acuarella.eu\/fr\/contact-acuarella\/#breadcrumb"},"inLanguage":"fr-FR","potentialAction":[{"@type":"ReadAction","target":["https:\/\/www.acuarella.eu\/fr\/contact-acuarella\/"]}]},{"@type":"BreadcrumbList","@id":"https:\/\/www.acuarella.eu\/fr\/contact-acuarella\/#breadcrumb","itemListElement":[{"@type":"ListItem","position":1,"name":"Portada","item":"https:\/\/www.acuarella.eu\/fr\/"},{"@type":"ListItem","position":2,"name":"Contact-Old"}]},{"@type":"WebSite","@id":"https:\/\/www.acuarella.eu\/fr\/#website","url":"https:\/\/www.acuarella.eu\/fr\/","name":"Llars d'infants Acuarella","description":"Escuela infantil en Barcelona","publisher":{"@id":"https:\/\/www.acuarella.eu\/fr\/#organization"},"potentialAction":[{"@type":"SearchAction","target":{"@type":"EntryPoint","urlTemplate":"https:\/\/www.acuarella.eu\/fr\/?s={search_term_string}"},"query-input":"required name=search_term_string"}],"inLanguage":"fr-FR"},{"@type":"Organization","@id":"https:\/\/www.acuarella.eu\/fr\/#organization","name":"Acuarella","url":"https:\/\/www.acuarella.eu\/fr\/","logo":{"@type":"ImageObject","inLanguage":"fr-FR","@id":"https:\/\/www.acuarella.eu\/fr\/#\/schema\/logo\/image\/","url":"https:\/\/www.acuarella.eu\/wp-content\/uploads\/revslider\/Navidad2018\/logo_500px.png","contentUrl":"https:\/\/www.acuarella.eu\/wp-content\/uploads\/revslider\/Navidad2018\/logo_500px.png","width":500,"height":207,"caption":"Acuarella"},"image":{"@id":"https:\/\/www.acuarella.eu\/fr\/#\/schema\/logo\/image\/"},"sameAs":["https:\/\/www.facebook.com\/acuarellainfants\/","https:\/\/twitter.com\/AcuarellaLLI","https:\/\/www.instagram.com\/acuarella_llars\/","https:\/\/www.linkedin.com\/company\/11481738\/admin\/"]}]}},"_links":{"self":[{"href":"https:\/\/www.acuarella.eu\/fr\/wp-json\/wp\/v2\/pages\/3891"}],"collection":[{"href":"https:\/\/www.acuarella.eu\/fr\/wp-json\/wp\/v2\/pages"}],"about":[{"href":"https:\/\/www.acuarella.eu\/fr\/wp-json\/wp\/v2\/types\/page"}],"author":[{"embeddable":true,"href":"https:\/\/www.acuarella.eu\/fr\/wp-json\/wp\/v2\/users\/3"}],"replies":[{"embeddable":true,"href":"https:\/\/www.acuarella.eu\/fr\/wp-json\/wp\/v2\/comments?post=3891"}],"version-history":[{"count":18,"href":"https:\/\/www.acuarella.eu\/fr\/wp-json\/wp\/v2\/pages\/3891\/revisions"}],"predecessor-version":[{"id":9345,"href":"https:\/\/www.acuarella.eu\/fr\/wp-json\/wp\/v2\/pages\/3891\/revisions\/9345"}],"wp:attachment":[{"href":"https:\/\/www.acuarella.eu\/fr\/wp-json\/wp\/v2\/media?parent=3891"}],"curies":[{"name":"wp","href":"https:\/\/api.w.org\/{rel}","templated":true}]}}