{"id":3909,"date":"2017-05-22T06:50:57","date_gmt":"2017-05-22T04:50:57","guid":{"rendered":"http:\/\/www.acuarella.eu\/?page_id=3909\/"},"modified":"2023-03-01T01:29:14","modified_gmt":"2023-03-01T00:29:14","slug":"les-ecoles","status":"publish","type":"page","link":"https:\/\/www.acuarella.eu\/fr\/les-ecoles\/","title":{"rendered":"L&rsquo;\u00e9cole"},"content":{"rendered":"<div class=\"wpb-content-wrapper\"><p>[vc_row full_width=\u00a0\u00bbstretch_row\u00a0\u00bb bg_style=\u00a0\u00bbbg-effect-lg\u00a0\u00bb css=\u00a0\u00bb.vc_custom_1619630403418{background-color: #f7aa00 !important;}\u00a0\u00bb][vc_column][vc_custom_heading text=\u00a0\u00bbLes \u00e9coles\u00a0\u00bb font_container=\u00a0\u00bbtag:h1|text_align:center|color:%23ffffff\u00a0\u00bb use_theme_fonts=\u00a0\u00bbyes\u00a0\u00bb css=\u00a0\u00bb.vc_custom_1574889443213{padding-top: 55px !important;padding-bottom: 55px !important;}\u00a0\u00bb][\/vc_column][\/vc_row][vc_row css=\u00a0\u00bb.vc_custom_1459606663125{padding-top: 55px !important;}\u00a0\u00bb][vc_column width=\u00a0\u00bb1\/2&Prime;][vc_custom_heading text=\u00a0\u00bbEspaces\u00a0\u00bb font_container=\u00a0\u00bbtag:h2|text_align:center\u00a0\u00bb use_theme_fonts=\u00a0\u00bbyes\u00a0\u00bb][vc_empty_space height=\u00a0\u00bb10px\u00a0\u00bb][vc_separator color=\u00a0\u00bbcustom\u00a0\u00bb align=\u00a0\u00bbcenter\u00a0\u00bb border_width=\u00a0\u00bb4&Prime; custom_sparator_width=\u00a0\u00bb155px\u00a0\u00bb accent_color=\u00a0\u00bb#f7aa00&Prime;][vc_empty_space height=\u00a0\u00bb20px\u00a0\u00bb][vc_column_text]Sur ce site, vous trouverez le lien vers les cr\u00e8ches Acuarella, o\u00f9 vous verrez de nombreuses images de chaque \u00e9cole, ainsi que des photos des activit\u00e9s r\u00e9alis\u00e9es et des images de chaque profil de notre \u00e9quipe p\u00e9dagogique.<\/p>\n<p>En explorant ces rubriques, vous aurez une vue approximative de chaque \u00e9cole, mais si vous souhaitez la visiter, n&rsquo;h\u00e9sitez pas \u00e0 nous <a href=\"https:\/\/www.acuarella.eu\/fr\/contact\/\">contacter<\/a> et nous nous ferons un plaisir de vous la montrer sans aucune engagement.[\/vc_column_text][\/vc_column][vc_column width=\u00a0\u00bb1\/2&Prime;][vc_single_image image=\u00a0\u00bb6117&Prime; img_size=\u00a0\u00bbfull\u00a0\u00bb alignment=\u00a0\u00bbcenter\u00a0\u00bb style=\u00a0\u00bbvc_box_shadow_3d\u00a0\u00bb css_animation=\u00a0\u00bbright-to-left\u00a0\u00bb][\/vc_column][\/vc_row][vc_row][vc_column][vc_empty_space height=\u00a0\u00bb20px\u00a0\u00bb][vc_separator color=\u00a0\u00bbcustom\u00a0\u00bb align=\u00a0\u00bbcenter\u00a0\u00bb el_width=\u00a0\u00bb70&Prime; accent_color=\u00a0\u00bb#e9e9e9&Prime;][vc_empty_space height=\u00a0\u00bb20px\u00a0\u00bb][\/vc_column][\/vc_row][vc_row css=\u00a0\u00bb.vc_custom_1459607582211{padding-top: 55px !important;}\u00a0\u00bb][vc_column][vc_custom_heading text=\u00a0\u00bbLes \u00e9coles\u00a0\u00bb font_container=\u00a0\u00bbtag:h2|text_align:center\u00a0\u00bb use_theme_fonts=\u00a0\u00bbyes\u00a0\u00bb][vc_empty_space height=\u00a0\u00bb10px\u00a0\u00bb][vc_separator color=\u00a0\u00bbcustom\u00a0\u00bb align=\u00a0\u00bbcenter\u00a0\u00bb border_width=\u00a0\u00bb4&Prime; custom_sparator_width=\u00a0\u00bb155px\u00a0\u00bb accent_color=\u00a0\u00bb#f7aa00&Prime;][vc_empty_space height=\u00a0\u00bb20px\u00a0\u00bb][\/vc_column][\/vc_row][vc_row css=\u00a0\u00bb.vc_custom_1459607616795{padding-top: 55px !important;}\u00a0\u00bb][vc_column width=\u00a0\u00bb1\/2&Prime;][vc_btn title=\u00a0\u00bbSants\u00a0\u00bb align=\u00a0\u00bbcenter\u00a0\u00bb link=\u00a0\u00bburl:https%3A%2F%2Fwww.acuarella.eu%2Ffr%2Flecole%2Fsants%2F|title:Sants||\u00a0\u00bb][vc_column_text]<img loading=\"lazy\" class=\"size-medium wp-image-6888 aligncenter\" src=\"https:\/\/www.acuarella.eu\/wp-content\/uploads\/Fa\u00e7ana-Sant-Fructu\u00f3s-WEB-2-300x200.jpg\" alt=\"\" width=\"300\" height=\"200\" \/><\/p>\n<p style=\"text-align: center;\">Sant Fructu\u00f3s<\/p>\n<p>[\/vc_column_text][\/vc_column][vc_column width=\u00a0\u00bb1\/2&Prime;][vc_btn title=\u00a0\u00bbSants-Les Corts\u00a0\u00bb align=\u00a0\u00bbcenter\u00a0\u00bb link=\u00a0\u00bburl:https%3A%2F%2Fwww.acuarella.eu%2Ffr%2Flecole%2Fsants-les-corts%2F|title:Sants||\u00a0\u00bb][vc_single_image image=\u00a0\u00bb5249&Prime; img_size=\u00a0\u00bbmedium\u00a0\u00bb alignment=\u00a0\u00bbcenter\u00a0\u00bb][vc_column_text]<\/p>\n<p style=\"text-align: center;\">Acuarella Melcior<\/p>\n<p>[\/vc_column_text][\/vc_column][\/vc_row][vc_row][vc_column][vc_empty_space height=\u00a0\u00bb20px\u00a0\u00bb][vc_separator color=\u00a0\u00bbcustom\u00a0\u00bb align=\u00a0\u00bbcenter\u00a0\u00bb el_width=\u00a0\u00bb70&Prime; accent_color=\u00a0\u00bb#e9e9e9&Prime;][vc_empty_space height=\u00a0\u00bb20px\u00a0\u00bb][\/vc_column][\/vc_row][vc_row css=\u00a0\u00bb.vc_custom_1459607582211{padding-top: 55px !important;}\u00a0\u00bb][vc_column][vc_custom_heading text=\u00a0\u00bbGroupes\u00a0\u00bb font_container=\u00a0\u00bbtag:h2|text_align:center\u00a0\u00bb use_theme_fonts=\u00a0\u00bbyes\u00a0\u00bb][vc_empty_space height=\u00a0\u00bb10px\u00a0\u00bb][vc_separator color=\u00a0\u00bbcustom\u00a0\u00bb align=\u00a0\u00bbcenter\u00a0\u00bb border_width=\u00a0\u00bb4&Prime; custom_sparator_width=\u00a0\u00bb155px\u00a0\u00bb accent_color=\u00a0\u00bb#f7aa00&Prime;][vc_empty_space height=\u00a0\u00bb20px\u00a0\u00bb][\/vc_column][\/vc_row][vc_row css=\u00a0\u00bb.vc_custom_1459607616795{padding-top: 55px !important;}\u00a0\u00bb][vc_column width=\u00a0\u00bb1\/3&Prime;][cms_fancybox content_align=\u00a0\u00bbcenter\u00a0\u00bb icon1=\u00a0\u00bbfa fa-sun-o\u00a0\u00bb title1=\u00a0\u00bbSoleils\u00a0\u00bb cms_fancybox_boder_color=\u00a0\u00bb#f7aa00&Prime; cms_fancybox_bg_color=\u00a0\u00bb#f7aa00&Prime; cms_template=\u00a0\u00bbcms_fancybox.php\u00a0\u00bb][vc_column_text]<\/p>\n<p style=\"text-align: center;\">(0 &#8211; 1 ans)<\/p>\n<p style=\"text-align: center;\">Premier contact avec d&rsquo;autres enfants et un nouvel environnement. A ce stade, nous travaillerons tous ses sens (la vue, l&rsquo;ou\u00efe, l&rsquo;odorat, le toucher et le go\u00fbt) par des jeux, l\u00b4exp\u00e9rimentation, des massages, et des paniers, comme celui des tr\u00e9sors qui vise le d\u00e9veloppement physique et intellectuel.<\/p>\n<p>[\/vc_column_text][\/vc_column][vc_column width=\u00a0\u00bb1\/3&Prime;][cms_fancybox content_align=\u00a0\u00bbcenter\u00a0\u00bb icon1=\u00a0\u00bbfa fa-moon-o\u00a0\u00bb title1=\u00a0\u00bbLunes\u00a0\u00bb cms_fancybox_boder_color=\u00a0\u00bb#005c2b\u00a0\u00bb cms_fancybox_bg_color=\u00a0\u00bb#005c2b\u00a0\u00bb cms_template=\u00a0\u00bbcms_fancybox.php\u00a0\u00bb][vc_column_text]<\/p>\n<p style=\"text-align: center;\">(1 &#8211; 2 ans)<\/p>\n<p style=\"text-align: center;\">Les enfants peuvent d\u00e9j\u00e0 ramasser des objets et les transporter, ce qui est id\u00e9al pour introduire le \u00ab jeu heuristique \u00bb, ce qui combine le jeu, l\u00b4exploration et les objets. A ce stade, nous mettons une grande importance \u00e0 la compr\u00e9hension du langage et de l&rsquo;articulation des mots et des phrases courtes.<\/p>\n<p>[\/vc_column_text][\/vc_column][vc_column width=\u00a0\u00bb1\/3&Prime;][cms_fancybox content_align=\u00a0\u00bbcenter\u00a0\u00bb icon1=\u00a0\u00bbfa fa-star-o\u00a0\u00bb title1=\u00a0\u00bb\u00c9toiles\u00a0\u00bb cms_fancybox_boder_color=\u00a0\u00bb#c32f17&Prime; cms_fancybox_bg_color=\u00a0\u00bb#c32f17&Prime; cms_template=\u00a0\u00bbcms_fancybox.php\u00a0\u00bb][vc_column_text]<\/p>\n<p style=\"text-align: center;\">(2 &#8211; 3 ans)<\/p>\n<p style=\"text-align: center;\">Les enfants interagissent d&rsquo;une mani\u00e8re globale. A cet \u00e2ge, l\u00b4empathie se pr\u00e9sente ce qui est id\u00e9al pour introduire des jeux d\u00b4apprentissage plus \u00e9labor\u00e9, comme le jeu symbolique.<\/p>\n<p>[\/vc_column_text][\/vc_column][\/vc_row]<\/p>\n<\/div>","protected":false},"excerpt":{"rendered":"<p>[vc_row full_width=\u00a0\u00bbstretch_row\u00a0\u00bb bg_style=\u00a0\u00bbbg-effect-lg\u00a0\u00bb css=\u00a0\u00bb.vc_custom_1619630403418{background-color: #f7aa00 !important;}\u00a0\u00bb][vc_column][vc_custom_heading text=\u00a0\u00bbLes \u00e9coles\u00a0\u00bb font_container=\u00a0\u00bbtag:h1|text_align:center|color:%23ffffff\u00a0\u00bb use_theme_fonts=\u00a0\u00bbyes\u00a0\u00bb css=\u00a0\u00bb.vc_custom_1574889443213{padding-top: 55px !important;padding-bottom: 55px !important;}\u00a0\u00bb][\/vc_column][\/vc_row][vc_row css=\u00a0\u00bb.vc_custom_1459606663125{padding-top: 55px !important;}\u00a0\u00bb][vc_column width=\u00a0\u00bb1\/2&Prime;][vc_custom_heading text=\u00a0\u00bbEspaces\u00a0\u00bb font_container=\u00a0\u00bbtag:h2|text_align:center\u00a0\u00bb use_theme_fonts=\u00a0\u00bbyes\u00a0\u00bb][vc_empty_space height=\u00a0\u00bb10px\u00a0\u00bb][vc_separator color=\u00a0\u00bbcustom\u00a0\u00bb align=\u00a0\u00bbcenter\u00a0\u00bb border_width=\u00a0\u00bb4&Prime; custom_sparator_width=\u00a0\u00bb155px\u00a0\u00bb accent_color=\u00a0\u00bb#f7aa00&Prime;][vc_empty_space height=\u00a0\u00bb20px\u00a0\u00bb][vc_column_text]Sur ce site, vous trouverez le lien vers les cr\u00e8ches Acuarella, o\u00f9 vous verrez de nombreuses images de chaque \u00e9cole, ainsi que des photos des activit\u00e9s r\u00e9alis\u00e9es [&hellip;]<\/p>\n","protected":false},"author":3,"featured_media":0,"parent":0,"menu_order":20,"comment_status":"closed","ping_status":"closed","template":"","meta":[],"yoast_head":"<!-- This site is optimized with the Yoast SEO plugin v20.2.1 - https:\/\/yoast.com\/wordpress\/plugins\/seo\/ -->\n<title>L&#039;\u00e9cole | Acuarella | les cr\u00e8ches \u00e0 Matar\u00f3 et Barcelone<\/title>\n<meta name=\"description\" content=\"Sur ce site, vous trouverez le lien vers les cr\u00e8ches Acuarella, o\u00f9 vous pourrez voir de nombreuses images de chaque garderie\" \/>\n<meta name=\"robots\" content=\"index, follow, max-snippet:-1, max-image-preview:large, max-video-preview:-1\" \/>\n<link rel=\"canonical\" href=\"https:\/\/www.acuarella.eu\/fr\/les-ecoles\/\" \/>\n<meta property=\"og:locale\" content=\"fr_FR\" \/>\n<meta property=\"og:type\" content=\"article\" \/>\n<meta property=\"og:title\" content=\"L&#039;\u00e9cole | Acuarella | les cr\u00e8ches \u00e0 Matar\u00f3 et Barcelone\" \/>\n<meta property=\"og:description\" content=\"Sur ce site, vous trouverez le lien vers les cr\u00e8ches Acuarella, o\u00f9 vous pourrez voir de nombreuses images de chaque garderie\" \/>\n<meta property=\"og:url\" content=\"https:\/\/www.acuarella.eu\/fr\/les-ecoles\/\" \/>\n<meta property=\"og:site_name\" content=\"Acuarella\" \/>\n<meta property=\"article:publisher\" content=\"https:\/\/www.facebook.com\/acuarellainfants\/\" \/>\n<meta property=\"article:modified_time\" content=\"2023-03-01T00:29:14+00:00\" \/>\n<meta name=\"twitter:card\" content=\"summary_large_image\" \/>\n<meta name=\"twitter:site\" content=\"@AcuarellaLLI\" \/>\n<meta name=\"twitter:label1\" content=\"Dur\u00e9e de lecture estim\u00e9e\" \/>\n\t<meta name=\"twitter:data1\" content=\"2 minutes\" \/>\n<script type=\"application\/ld+json\" class=\"yoast-schema-graph\">{\"@context\":\"https:\/\/schema.org\",\"@graph\":[{\"@type\":\"WebPage\",\"@id\":\"https:\/\/www.acuarella.eu\/fr\/les-ecoles\/\",\"url\":\"https:\/\/www.acuarella.eu\/fr\/les-ecoles\/\",\"name\":\"L'\u00e9cole | Acuarella | les cr\u00e8ches \u00e0 Matar\u00f3 et Barcelone\",\"isPartOf\":{\"@id\":\"https:\/\/www.acuarella.eu\/fr\/#website\"},\"datePublished\":\"2017-05-22T04:50:57+00:00\",\"dateModified\":\"2023-03-01T00:29:14+00:00\",\"description\":\"Sur ce site, vous trouverez le lien vers les cr\u00e8ches Acuarella, o\u00f9 vous pourrez voir de nombreuses images de chaque garderie\",\"breadcrumb\":{\"@id\":\"https:\/\/www.acuarella.eu\/fr\/les-ecoles\/#breadcrumb\"},\"inLanguage\":\"fr-FR\",\"potentialAction\":[{\"@type\":\"ReadAction\",\"target\":[\"https:\/\/www.acuarella.eu\/fr\/les-ecoles\/\"]}]},{\"@type\":\"BreadcrumbList\",\"@id\":\"https:\/\/www.acuarella.eu\/fr\/les-ecoles\/#breadcrumb\",\"itemListElement\":[{\"@type\":\"ListItem\",\"position\":1,\"name\":\"Portada\",\"item\":\"https:\/\/www.acuarella.eu\/fr\/\"},{\"@type\":\"ListItem\",\"position\":2,\"name\":\"L&#8217;\u00e9cole\"}]},{\"@type\":\"WebSite\",\"@id\":\"https:\/\/www.acuarella.eu\/fr\/#website\",\"url\":\"https:\/\/www.acuarella.eu\/fr\/\",\"name\":\"Llars d'infants Acuarella\",\"description\":\"Escuela infantil en Barcelona\",\"publisher\":{\"@id\":\"https:\/\/www.acuarella.eu\/fr\/#organization\"},\"potentialAction\":[{\"@type\":\"SearchAction\",\"target\":{\"@type\":\"EntryPoint\",\"urlTemplate\":\"https:\/\/www.acuarella.eu\/fr\/?s={search_term_string}\"},\"query-input\":\"required name=search_term_string\"}],\"inLanguage\":\"fr-FR\"},{\"@type\":\"Organization\",\"@id\":\"https:\/\/www.acuarella.eu\/fr\/#organization\",\"name\":\"Acuarella\",\"url\":\"https:\/\/www.acuarella.eu\/fr\/\",\"logo\":{\"@type\":\"ImageObject\",\"inLanguage\":\"fr-FR\",\"@id\":\"https:\/\/www.acuarella.eu\/fr\/#\/schema\/logo\/image\/\",\"url\":\"https:\/\/www.acuarella.eu\/wp-content\/uploads\/revslider\/Navidad2018\/logo_500px.png\",\"contentUrl\":\"https:\/\/www.acuarella.eu\/wp-content\/uploads\/revslider\/Navidad2018\/logo_500px.png\",\"width\":500,\"height\":207,\"caption\":\"Acuarella\"},\"image\":{\"@id\":\"https:\/\/www.acuarella.eu\/fr\/#\/schema\/logo\/image\/\"},\"sameAs\":[\"https:\/\/www.facebook.com\/acuarellainfants\/\",\"https:\/\/twitter.com\/AcuarellaLLI\",\"https:\/\/www.instagram.com\/acuarella_llars\/\",\"https:\/\/www.linkedin.com\/company\/11481738\/admin\/\"]}]}<\/script>\n<!-- \/ Yoast SEO plugin. -->","yoast_head_json":{"title":"L'\u00e9cole | Acuarella | les cr\u00e8ches \u00e0 Matar\u00f3 et Barcelone","description":"Sur ce site, vous trouverez le lien vers les cr\u00e8ches Acuarella, o\u00f9 vous pourrez voir de nombreuses images de chaque garderie","robots":{"index":"index","follow":"follow","max-snippet":"max-snippet:-1","max-image-preview":"max-image-preview:large","max-video-preview":"max-video-preview:-1"},"canonical":"https:\/\/www.acuarella.eu\/fr\/les-ecoles\/","og_locale":"fr_FR","og_type":"article","og_title":"L'\u00e9cole | Acuarella | les cr\u00e8ches \u00e0 Matar\u00f3 et Barcelone","og_description":"Sur ce site, vous trouverez le lien vers les cr\u00e8ches Acuarella, o\u00f9 vous pourrez voir de nombreuses images de chaque garderie","og_url":"https:\/\/www.acuarella.eu\/fr\/les-ecoles\/","og_site_name":"Acuarella","article_publisher":"https:\/\/www.facebook.com\/acuarellainfants\/","article_modified_time":"2023-03-01T00:29:14+00:00","twitter_card":"summary_large_image","twitter_site":"@AcuarellaLLI","twitter_misc":{"Dur\u00e9e de lecture estim\u00e9e":"2 minutes"},"schema":{"@context":"https:\/\/schema.org","@graph":[{"@type":"WebPage","@id":"https:\/\/www.acuarella.eu\/fr\/les-ecoles\/","url":"https:\/\/www.acuarella.eu\/fr\/les-ecoles\/","name":"L'\u00e9cole | Acuarella | les cr\u00e8ches \u00e0 Matar\u00f3 et Barcelone","isPartOf":{"@id":"https:\/\/www.acuarella.eu\/fr\/#website"},"datePublished":"2017-05-22T04:50:57+00:00","dateModified":"2023-03-01T00:29:14+00:00","description":"Sur ce site, vous trouverez le lien vers les cr\u00e8ches Acuarella, o\u00f9 vous pourrez voir de nombreuses images de chaque garderie","breadcrumb":{"@id":"https:\/\/www.acuarella.eu\/fr\/les-ecoles\/#breadcrumb"},"inLanguage":"fr-FR","potentialAction":[{"@type":"ReadAction","target":["https:\/\/www.acuarella.eu\/fr\/les-ecoles\/"]}]},{"@type":"BreadcrumbList","@id":"https:\/\/www.acuarella.eu\/fr\/les-ecoles\/#breadcrumb","itemListElement":[{"@type":"ListItem","position":1,"name":"Portada","item":"https:\/\/www.acuarella.eu\/fr\/"},{"@type":"ListItem","position":2,"name":"L&#8217;\u00e9cole"}]},{"@type":"WebSite","@id":"https:\/\/www.acuarella.eu\/fr\/#website","url":"https:\/\/www.acuarella.eu\/fr\/","name":"Llars d'infants Acuarella","description":"Escuela infantil en Barcelona","publisher":{"@id":"https:\/\/www.acuarella.eu\/fr\/#organization"},"potentialAction":[{"@type":"SearchAction","target":{"@type":"EntryPoint","urlTemplate":"https:\/\/www.acuarella.eu\/fr\/?s={search_term_string}"},"query-input":"required name=search_term_string"}],"inLanguage":"fr-FR"},{"@type":"Organization","@id":"https:\/\/www.acuarella.eu\/fr\/#organization","name":"Acuarella","url":"https:\/\/www.acuarella.eu\/fr\/","logo":{"@type":"ImageObject","inLanguage":"fr-FR","@id":"https:\/\/www.acuarella.eu\/fr\/#\/schema\/logo\/image\/","url":"https:\/\/www.acuarella.eu\/wp-content\/uploads\/revslider\/Navidad2018\/logo_500px.png","contentUrl":"https:\/\/www.acuarella.eu\/wp-content\/uploads\/revslider\/Navidad2018\/logo_500px.png","width":500,"height":207,"caption":"Acuarella"},"image":{"@id":"https:\/\/www.acuarella.eu\/fr\/#\/schema\/logo\/image\/"},"sameAs":["https:\/\/www.facebook.com\/acuarellainfants\/","https:\/\/twitter.com\/AcuarellaLLI","https:\/\/www.instagram.com\/acuarella_llars\/","https:\/\/www.linkedin.com\/company\/11481738\/admin\/"]}]}},"_links":{"self":[{"href":"https:\/\/www.acuarella.eu\/fr\/wp-json\/wp\/v2\/pages\/3909"}],"collection":[{"href":"https:\/\/www.acuarella.eu\/fr\/wp-json\/wp\/v2\/pages"}],"about":[{"href":"https:\/\/www.acuarella.eu\/fr\/wp-json\/wp\/v2\/types\/page"}],"author":[{"embeddable":true,"href":"https:\/\/www.acuarella.eu\/fr\/wp-json\/wp\/v2\/users\/3"}],"replies":[{"embeddable":true,"href":"https:\/\/www.acuarella.eu\/fr\/wp-json\/wp\/v2\/comments?post=3909"}],"version-history":[{"count":10,"href":"https:\/\/www.acuarella.eu\/fr\/wp-json\/wp\/v2\/pages\/3909\/revisions"}],"predecessor-version":[{"id":9406,"href":"https:\/\/www.acuarella.eu\/fr\/wp-json\/wp\/v2\/pages\/3909\/revisions\/9406"}],"wp:attachment":[{"href":"https:\/\/www.acuarella.eu\/fr\/wp-json\/wp\/v2\/media?parent=3909"}],"curies":[{"name":"wp","href":"https:\/\/api.w.org\/{rel}","templated":true}]}}