{"id":3925,"date":"2017-05-22T10:17:55","date_gmt":"2017-05-22T08:17:55","guid":{"rendered":"http:\/\/www.acuarella.eu\/?page_id=3925\/"},"modified":"2021-05-01T18:19:15","modified_gmt":"2021-05-01T16:19:15","slug":"objectifs","status":"publish","type":"page","link":"https:\/\/www.acuarella.eu\/fr\/projet\/objectifs\/","title":{"rendered":"Objectifs"},"content":{"rendered":"<div class=\"wpb-content-wrapper\"><p>[vc_row full_width=\u00a0\u00bbstretch_row\u00a0\u00bb bg_style=\u00a0\u00bbbg-effect-lg\u00a0\u00bb css=\u00a0\u00bb.vc_custom_1619885122416{padding-top: 55px !important;padding-bottom: 55px !important;background-color: #f7a501 !important;}\u00a0\u00bb][vc_column][vc_custom_heading text=\u00a0\u00bbObjectifs\u00a0\u00bb font_container=\u00a0\u00bbtag:h1|text_align:center|color:%23ffffff\u00a0\u00bb use_theme_fonts=\u00a0\u00bbyes\u00a0\u00bb][\/vc_column][\/vc_row][vc_row full_width=\u00a0\u00bbstretch_row\u00a0\u00bb parallax=\u00a0\u00bbcontent-moving\u00a0\u00bb parallax_image=\u00a0\u00bb4646&Prime; el_class=\u00a0\u00bbrow-overlay\u00a0\u00bb bg_style=\u00a0\u00bbimg_parallax\u00a0\u00bb overlay_row=\u00a0\u00bbyes\u00a0\u00bb css=\u00a0\u00bb.vc_custom_1619885948275{padding-top: 55px !important;padding-bottom: 90px !important;background-color: rgba(255,255,255,0.7) !important;background-position: center;background-repeat: no-repeat !important;background-size: cover !important;*background-color: rgb(255,255,255) !important;}\u00a0\u00bb overlay_color=\u00a0\u00bb#ffffff\u00a0\u00bb overlay_opacity=\u00a0\u00bb0.8&Prime; bd_p_speed=\u00a0\u00bb0.5&Prime;][vc_column width=\u00a0\u00bb1\/3&Prime; font_color=\u00a0\u00bb#000000&Prime;][cms_fancybox icon1=\u00a0\u00bbfa fa-check\u00a0\u00bb title1=\u00a0\u00bbFavoriser\u00a0\u00bb cms_title_size=\u00a0\u00bbh3&Prime; cms_fancybox_icon_color=\u00a0\u00bb#1b5036&Prime; cms_fancybox_boder_color=\u00a0\u00bb#ffffff\u00a0\u00bb cms_fancybox_bg_color=\u00a0\u00bb#ffffff\u00a0\u00bb cms_fancybox_title_color=\u00a0\u00bb#1b5036&Prime; cms_fancybox_content_color=\u00a0\u00bb#000000&Prime; cms_template=\u00a0\u00bbcms_fancybox&#8211;layout-3.php\u00a0\u00bb description1=\u00a0\u00bbPromouvoir le d\u00e9veloppement int\u00e9gral des enfants, ce qui maximise leurs chances sur les fondements de la fantaisie et de l&rsquo;imagination.\u00a0\u00bb][vc_empty_space height=\u00a0\u00bb40px\u00a0\u00bb][cms_fancybox icon1=\u00a0\u00bbfa fa-check\u00a0\u00bb title1=\u00a0\u00bbPermettre\u00a0\u00bb cms_title_size=\u00a0\u00bbh3&Prime; cms_fancybox_icon_color=\u00a0\u00bb#1b5036&Prime; cms_fancybox_boder_color=\u00a0\u00bb#ffffff\u00a0\u00bb cms_fancybox_bg_color=\u00a0\u00bb#ffffff\u00a0\u00bb cms_fancybox_title_color=\u00a0\u00bb#1b5036&Prime; cms_fancybox_content_color=\u00a0\u00bb#000000&Prime; cms_template=\u00a0\u00bbcms_fancybox&#8211;layout-3.php\u00a0\u00bb description1=\u00a0\u00bbFaciliter la rencontre avec les autres enfants et les relations sociales.\u00a0\u00bb][\/vc_column][vc_column width=\u00a0\u00bb1\/3&Prime;][cms_fancybox icon1=\u00a0\u00bbfa fa-check\u00a0\u00bb title1=\u00a0\u00bbPartager\u00a0\u00bb cms_title_size=\u00a0\u00bbh3&Prime; cms_fancybox_icon_color=\u00a0\u00bb#1b5036&Prime; cms_fancybox_boder_color=\u00a0\u00bb#ffffff\u00a0\u00bb cms_fancybox_bg_color=\u00a0\u00bb#ffffff\u00a0\u00bb cms_fancybox_title_color=\u00a0\u00bb#1b5036&Prime; cms_fancybox_content_color=\u00a0\u00bb#000000&Prime; cms_template=\u00a0\u00bbcms_fancybox&#8211;layout-3.php\u00a0\u00bb description1=\u00a0\u00bbPartager le processus de l&rsquo;\u00e9ducation avec la famille.\u00a0\u00bb][vc_empty_space height=\u00a0\u00bb92px\u00a0\u00bb][cms_fancybox icon1=\u00a0\u00bbfa fa-check\u00a0\u00bb title1=\u00a0\u00bbObtenir\u00a0\u00bb cms_title_size=\u00a0\u00bbh3&Prime; cms_fancybox_icon_color=\u00a0\u00bb#1b5036&Prime; cms_fancybox_boder_color=\u00a0\u00bb#ffffff\u00a0\u00bb cms_fancybox_bg_color=\u00a0\u00bb#ffffff\u00a0\u00bb cms_fancybox_title_color=\u00a0\u00bb#1b5036&Prime; cms_fancybox_content_color=\u00a0\u00bb#000000&Prime; cms_template=\u00a0\u00bbcms_fancybox&#8211;layout-3.php\u00a0\u00bb description1=\u00a0\u00bbObtenir les habitudes d&rsquo;autonomie, de sant\u00e9, d&rsquo;ordre et de coexistence.\u00a0\u00bb][\/vc_column][vc_column width=\u00a0\u00bb1\/3&Prime;][cms_fancybox icon1=\u00a0\u00bbfa fa-check\u00a0\u00bb title1=\u00a0\u00bbImmersion\u00a0\u00bb cms_title_size=\u00a0\u00bbh3&Prime; cms_fancybox_icon_color=\u00a0\u00bb#1b5036&Prime; cms_fancybox_boder_color=\u00a0\u00bb#ffffff\u00a0\u00bb cms_fancybox_bg_color=\u00a0\u00bb#ffffff\u00a0\u00bb cms_fancybox_title_color=\u00a0\u00bb#1b5036&Prime; cms_fancybox_content_color=\u00a0\u00bb#000000&Prime; cms_template=\u00a0\u00bbcms_fancybox&#8211;layout-3.php\u00a0\u00bb description1=\u00a0\u00bbImmersion linguistique en Anglais comme troisi\u00e8me langue.\u00a0\u00bb][vc_empty_space height=\u00a0\u00bb66px\u00a0\u00bb][cms_fancybox icon1=\u00a0\u00bbfa fa-check\u00a0\u00bb title1=\u00a0\u00bbTravailler\u00a0\u00bb cms_title_size=\u00a0\u00bbh3&Prime; cms_fancybox_icon_color=\u00a0\u00bb#1b5036&Prime; cms_fancybox_boder_color=\u00a0\u00bb#ffffff\u00a0\u00bb cms_fancybox_bg_color=\u00a0\u00bb#ffffff\u00a0\u00bb cms_fancybox_title_color=\u00a0\u00bb#1b5036&Prime; cms_fancybox_content_color=\u00a0\u00bb#000000&Prime; cms_template=\u00a0\u00bbcms_fancybox&#8211;layout-3.php\u00a0\u00bb description1=\u00a0\u00bbTravailler sur les trois principaux domaines de l&rsquo;\u00e9ducation de la petite enfance: la d\u00e9couverte de soi, la d\u00e9couverte de l&rsquo;environnement naturel et social et de l&rsquo;intercommunication et de la langue.\u00a0\u00bb][\/vc_column][vc_column][\/vc_column][\/vc_row]<\/p>\n<\/div>","protected":false},"excerpt":{"rendered":"<p>[vc_row full_width=\u00a0\u00bbstretch_row\u00a0\u00bb bg_style=\u00a0\u00bbbg-effect-lg\u00a0\u00bb css=\u00a0\u00bb.vc_custom_1619885122416{padding-top: 55px !important;padding-bottom: 55px !important;background-color: #f7a501 !important;}\u00a0\u00bb][vc_column][vc_custom_heading text=\u00a0\u00bbObjectifs\u00a0\u00bb font_container=\u00a0\u00bbtag:h1|text_align:center|color:%23ffffff\u00a0\u00bb use_theme_fonts=\u00a0\u00bbyes\u00a0\u00bb][\/vc_column][\/vc_row][vc_row full_width=\u00a0\u00bbstretch_row\u00a0\u00bb parallax=\u00a0\u00bbcontent-moving\u00a0\u00bb parallax_image=\u00a0\u00bb4646&Prime; el_class=\u00a0\u00bbrow-overlay\u00a0\u00bb bg_style=\u00a0\u00bbimg_parallax\u00a0\u00bb overlay_row=\u00a0\u00bbyes\u00a0\u00bb css=\u00a0\u00bb.vc_custom_1619885948275{padding-top: 55px !important;padding-bottom: 90px !important;background-color: rgba(255,255,255,0.7) !important;background-position: center;background-repeat: no-repeat !important;background-size: cover !important;*background-color: rgb(255,255,255) !important;}\u00a0\u00bb overlay_color=\u00a0\u00bb#ffffff\u00a0\u00bb overlay_opacity=\u00a0\u00bb0.8&Prime; bd_p_speed=\u00a0\u00bb0.5&Prime;][vc_column width=\u00a0\u00bb1\/3&Prime; font_color=\u00a0\u00bb#000000&Prime;][cms_fancybox icon1=\u00a0\u00bbfa fa-check\u00a0\u00bb title1=\u00a0\u00bbFavoriser\u00a0\u00bb cms_title_size=\u00a0\u00bbh3&Prime; cms_fancybox_icon_color=\u00a0\u00bb#1b5036&Prime; cms_fancybox_boder_color=\u00a0\u00bb#ffffff\u00a0\u00bb cms_fancybox_bg_color=\u00a0\u00bb#ffffff\u00a0\u00bb cms_fancybox_title_color=\u00a0\u00bb#1b5036&Prime; cms_fancybox_content_color=\u00a0\u00bb#000000&Prime; cms_template=\u00a0\u00bbcms_fancybox&#8211;layout-3.php\u00a0\u00bb description1=\u00a0\u00bbPromouvoir le d\u00e9veloppement int\u00e9gral des enfants, ce [&hellip;]<\/p>\n","protected":false},"author":3,"featured_media":0,"parent":3919,"menu_order":20,"comment_status":"closed","ping_status":"closed","template":"","meta":[],"yoast_head":"<!-- This site is optimized with the Yoast SEO plugin v20.2.1 - https:\/\/yoast.com\/wordpress\/plugins\/seo\/ -->\n<title>Objectifs | Acuarella<\/title>\n<meta name=\"description\" content=\"Llar d&#039;infants Guarder\u00edas Escola bressol a Matar\u00f3 i Barcelona\" \/>\n<meta name=\"robots\" content=\"index, follow, max-snippet:-1, max-image-preview:large, max-video-preview:-1\" \/>\n<link rel=\"canonical\" href=\"https:\/\/www.acuarella.eu\/fr\/projet\/objectifs\/\" \/>\n<meta property=\"og:locale\" content=\"fr_FR\" \/>\n<meta property=\"og:type\" content=\"article\" \/>\n<meta property=\"og:title\" content=\"Objectifs | Acuarella\" \/>\n<meta property=\"og:description\" content=\"Llar d&#039;infants Guarder\u00edas Escola bressol a Matar\u00f3 i Barcelona\" \/>\n<meta property=\"og:url\" content=\"https:\/\/www.acuarella.eu\/fr\/projet\/objectifs\/\" \/>\n<meta property=\"og:site_name\" content=\"Acuarella\" \/>\n<meta property=\"article:publisher\" content=\"https:\/\/www.facebook.com\/acuarellainfants\/\" \/>\n<meta property=\"article:modified_time\" content=\"2021-05-01T16:19:15+00:00\" \/>\n<meta name=\"twitter:card\" content=\"summary_large_image\" \/>\n<meta name=\"twitter:site\" content=\"@AcuarellaLLI\" \/>\n<meta name=\"twitter:label1\" content=\"Dur\u00e9e de lecture estim\u00e9e\" \/>\n\t<meta name=\"twitter:data1\" content=\"2 minutes\" \/>\n<script type=\"application\/ld+json\" class=\"yoast-schema-graph\">{\"@context\":\"https:\/\/schema.org\",\"@graph\":[{\"@type\":\"WebPage\",\"@id\":\"https:\/\/www.acuarella.eu\/fr\/projet\/objectifs\/\",\"url\":\"https:\/\/www.acuarella.eu\/fr\/projet\/objectifs\/\",\"name\":\"Objectifs | Acuarella\",\"isPartOf\":{\"@id\":\"https:\/\/www.acuarella.eu\/fr\/#website\"},\"datePublished\":\"2017-05-22T08:17:55+00:00\",\"dateModified\":\"2021-05-01T16:19:15+00:00\",\"description\":\"Llar d'infants Guarder\u00edas Escola bressol a Matar\u00f3 i Barcelona\",\"breadcrumb\":{\"@id\":\"https:\/\/www.acuarella.eu\/fr\/projet\/objectifs\/#breadcrumb\"},\"inLanguage\":\"fr-FR\",\"potentialAction\":[{\"@type\":\"ReadAction\",\"target\":[\"https:\/\/www.acuarella.eu\/fr\/projet\/objectifs\/\"]}]},{\"@type\":\"BreadcrumbList\",\"@id\":\"https:\/\/www.acuarella.eu\/fr\/projet\/objectifs\/#breadcrumb\",\"itemListElement\":[{\"@type\":\"ListItem\",\"position\":1,\"name\":\"Portada\",\"item\":\"https:\/\/www.acuarella.eu\/fr\/\"},{\"@type\":\"ListItem\",\"position\":2,\"name\":\"Projet\",\"item\":\"https:\/\/www.acuarella.eu\/fr\/projet\/\"},{\"@type\":\"ListItem\",\"position\":3,\"name\":\"Objectifs\"}]},{\"@type\":\"WebSite\",\"@id\":\"https:\/\/www.acuarella.eu\/fr\/#website\",\"url\":\"https:\/\/www.acuarella.eu\/fr\/\",\"name\":\"Llars d'infants Acuarella\",\"description\":\"Escuela infantil en Barcelona\",\"publisher\":{\"@id\":\"https:\/\/www.acuarella.eu\/fr\/#organization\"},\"potentialAction\":[{\"@type\":\"SearchAction\",\"target\":{\"@type\":\"EntryPoint\",\"urlTemplate\":\"https:\/\/www.acuarella.eu\/fr\/?s={search_term_string}\"},\"query-input\":\"required name=search_term_string\"}],\"inLanguage\":\"fr-FR\"},{\"@type\":\"Organization\",\"@id\":\"https:\/\/www.acuarella.eu\/fr\/#organization\",\"name\":\"Acuarella\",\"url\":\"https:\/\/www.acuarella.eu\/fr\/\",\"logo\":{\"@type\":\"ImageObject\",\"inLanguage\":\"fr-FR\",\"@id\":\"https:\/\/www.acuarella.eu\/fr\/#\/schema\/logo\/image\/\",\"url\":\"https:\/\/www.acuarella.eu\/wp-content\/uploads\/revslider\/Navidad2018\/logo_500px.png\",\"contentUrl\":\"https:\/\/www.acuarella.eu\/wp-content\/uploads\/revslider\/Navidad2018\/logo_500px.png\",\"width\":500,\"height\":207,\"caption\":\"Acuarella\"},\"image\":{\"@id\":\"https:\/\/www.acuarella.eu\/fr\/#\/schema\/logo\/image\/\"},\"sameAs\":[\"https:\/\/www.facebook.com\/acuarellainfants\/\",\"https:\/\/twitter.com\/AcuarellaLLI\",\"https:\/\/www.instagram.com\/acuarella_llars\/\",\"https:\/\/www.linkedin.com\/company\/11481738\/admin\/\"]}]}<\/script>\n<!-- \/ Yoast SEO plugin. -->","yoast_head_json":{"title":"Objectifs | Acuarella","description":"Llar d'infants Guarder\u00edas Escola bressol a Matar\u00f3 i Barcelona","robots":{"index":"index","follow":"follow","max-snippet":"max-snippet:-1","max-image-preview":"max-image-preview:large","max-video-preview":"max-video-preview:-1"},"canonical":"https:\/\/www.acuarella.eu\/fr\/projet\/objectifs\/","og_locale":"fr_FR","og_type":"article","og_title":"Objectifs | Acuarella","og_description":"Llar d'infants Guarder\u00edas Escola bressol a Matar\u00f3 i Barcelona","og_url":"https:\/\/www.acuarella.eu\/fr\/projet\/objectifs\/","og_site_name":"Acuarella","article_publisher":"https:\/\/www.facebook.com\/acuarellainfants\/","article_modified_time":"2021-05-01T16:19:15+00:00","twitter_card":"summary_large_image","twitter_site":"@AcuarellaLLI","twitter_misc":{"Dur\u00e9e de lecture estim\u00e9e":"2 minutes"},"schema":{"@context":"https:\/\/schema.org","@graph":[{"@type":"WebPage","@id":"https:\/\/www.acuarella.eu\/fr\/projet\/objectifs\/","url":"https:\/\/www.acuarella.eu\/fr\/projet\/objectifs\/","name":"Objectifs | Acuarella","isPartOf":{"@id":"https:\/\/www.acuarella.eu\/fr\/#website"},"datePublished":"2017-05-22T08:17:55+00:00","dateModified":"2021-05-01T16:19:15+00:00","description":"Llar d'infants Guarder\u00edas Escola bressol a Matar\u00f3 i Barcelona","breadcrumb":{"@id":"https:\/\/www.acuarella.eu\/fr\/projet\/objectifs\/#breadcrumb"},"inLanguage":"fr-FR","potentialAction":[{"@type":"ReadAction","target":["https:\/\/www.acuarella.eu\/fr\/projet\/objectifs\/"]}]},{"@type":"BreadcrumbList","@id":"https:\/\/www.acuarella.eu\/fr\/projet\/objectifs\/#breadcrumb","itemListElement":[{"@type":"ListItem","position":1,"name":"Portada","item":"https:\/\/www.acuarella.eu\/fr\/"},{"@type":"ListItem","position":2,"name":"Projet","item":"https:\/\/www.acuarella.eu\/fr\/projet\/"},{"@type":"ListItem","position":3,"name":"Objectifs"}]},{"@type":"WebSite","@id":"https:\/\/www.acuarella.eu\/fr\/#website","url":"https:\/\/www.acuarella.eu\/fr\/","name":"Llars d'infants Acuarella","description":"Escuela infantil en Barcelona","publisher":{"@id":"https:\/\/www.acuarella.eu\/fr\/#organization"},"potentialAction":[{"@type":"SearchAction","target":{"@type":"EntryPoint","urlTemplate":"https:\/\/www.acuarella.eu\/fr\/?s={search_term_string}"},"query-input":"required name=search_term_string"}],"inLanguage":"fr-FR"},{"@type":"Organization","@id":"https:\/\/www.acuarella.eu\/fr\/#organization","name":"Acuarella","url":"https:\/\/www.acuarella.eu\/fr\/","logo":{"@type":"ImageObject","inLanguage":"fr-FR","@id":"https:\/\/www.acuarella.eu\/fr\/#\/schema\/logo\/image\/","url":"https:\/\/www.acuarella.eu\/wp-content\/uploads\/revslider\/Navidad2018\/logo_500px.png","contentUrl":"https:\/\/www.acuarella.eu\/wp-content\/uploads\/revslider\/Navidad2018\/logo_500px.png","width":500,"height":207,"caption":"Acuarella"},"image":{"@id":"https:\/\/www.acuarella.eu\/fr\/#\/schema\/logo\/image\/"},"sameAs":["https:\/\/www.facebook.com\/acuarellainfants\/","https:\/\/twitter.com\/AcuarellaLLI","https:\/\/www.instagram.com\/acuarella_llars\/","https:\/\/www.linkedin.com\/company\/11481738\/admin\/"]}]}},"_links":{"self":[{"href":"https:\/\/www.acuarella.eu\/fr\/wp-json\/wp\/v2\/pages\/3925"}],"collection":[{"href":"https:\/\/www.acuarella.eu\/fr\/wp-json\/wp\/v2\/pages"}],"about":[{"href":"https:\/\/www.acuarella.eu\/fr\/wp-json\/wp\/v2\/types\/page"}],"author":[{"embeddable":true,"href":"https:\/\/www.acuarella.eu\/fr\/wp-json\/wp\/v2\/users\/3"}],"replies":[{"embeddable":true,"href":"https:\/\/www.acuarella.eu\/fr\/wp-json\/wp\/v2\/comments?post=3925"}],"version-history":[{"count":4,"href":"https:\/\/www.acuarella.eu\/fr\/wp-json\/wp\/v2\/pages\/3925\/revisions"}],"predecessor-version":[{"id":7793,"href":"https:\/\/www.acuarella.eu\/fr\/wp-json\/wp\/v2\/pages\/3925\/revisions\/7793"}],"up":[{"embeddable":true,"href":"https:\/\/www.acuarella.eu\/fr\/wp-json\/wp\/v2\/pages\/3919"}],"wp:attachment":[{"href":"https:\/\/www.acuarella.eu\/fr\/wp-json\/wp\/v2\/media?parent=3925"}],"curies":[{"name":"wp","href":"https:\/\/api.w.org\/{rel}","templated":true}]}}