{"id":9286,"date":"2023-02-26T01:23:53","date_gmt":"2023-02-26T00:23:53","guid":{"rendered":"https:\/\/www.acuarella.eu\/les-ecoles\/sants-les-corts-copy\/"},"modified":"2026-04-07T16:28:38","modified_gmt":"2026-04-07T14:28:38","slug":"acuarella-melcior","status":"publish","type":"page","link":"https:\/\/www.acuarella.eu\/fr\/les-ecoles\/acuarella-melcior\/","title":{"rendered":"Acuarella Melcior"},"content":{"rendered":"<div class=\"wpb-content-wrapper\"><p>[vc_row full_width=\u00a0\u00bbstretch_row\u00a0\u00bb bg_style=\u00a0\u00bbbg-effect-lg\u00a0\u00bb css=\u00a0\u00bb.vc_custom_1619627853931{padding-top: 55px !important;padding-bottom: 55px !important;background-color: #ec6f06 !important;}\u00a0\u00bb][vc_column][vc_custom_heading text=\u00a0\u00bbMelcior de Palau\u00a0\u00bb font_container=\u00a0\u00bbtag:h1|text_align:center|color:%23ffffff\u00a0\u00bb use_theme_fonts=\u00a0\u00bbyes\u00a0\u00bb][\/vc_column][\/vc_row][vc_row css=\u00a0\u00bb.vc_custom_1534803532644{padding-top: 55px !important;padding-bottom: 55px !important;}\u00a0\u00bb][vc_column width=\u00a0\u00bb1\/2&Prime;][vc_column_text]Le centre qui se trouve a <strong>131 rue Melcior Palau<\/strong> a ouvert le 1er Septembre 2011. Aussi \u00e0 Barcelone, il est situ\u00e9 <strong>dans le quartier de Sants, tr\u00e8s proche de Les Corts et de L&rsquo;Eixample Esquerra<\/strong> (entre la rue Berlin, rue Numancia et de Sants Estaci\u00f3).<\/p>\n<p>L&rsquo;\u00e9cole est situ\u00e9e dans un ancient b\u00e2timent class\u00e9 <em>G\u00e9neros de Punto Farr\u00e9s<\/em>, une usine de textiles imprim\u00e9s construit en l&rsquo;an 1920 et r\u00e9habilit\u00e9 en 2007. Le b\u00e2timent offre une <strong>esth\u00e9tique sobre et une ambiance enfantine et moderne<\/strong>. Il est entour\u00e9 par <strong>un environnement tout \u00e0 fait coll\u00e9gial<\/strong>. Le site b\u00e9n\u00e9ficie d&rsquo;une belle rue pi\u00e9tonne sur le chemin \u2018cami escolar\u2019, sans traffic ou bruit. C\u2019est un <strong>b\u00e2timent r\u00e9habilit\u00e9<\/strong> spacieux et <strong>lumineux<\/strong> dans tous les espaces, aussi bien dans nos salles de classe que sur la cour de r\u00e9creation.[\/vc_column_text][\/vc_column][vc_column width=\u00a0\u00bb1\/2&Prime;][vc_single_image image=\u00a0\u00bb6845&Prime; img_size=\u00a0\u00bbfull\u00a0\u00bb alignment=\u00a0\u00bbcenter\u00a0\u00bb style=\u00a0\u00bbvc_box_shadow_3d\u00a0\u00bb css_animation=\u00a0\u00bbright-to-left\u00a0\u00bb][\/vc_column][\/vc_row][vc_row full_width=\u00a0\u00bbstretch_row\u00a0\u00bb parallax=\u00a0\u00bbcontent-moving\u00a0\u00bb parallax_image=\u00a0\u00bb4856&Prime; el_class=\u00a0\u00bbrow-overlay\u00a0\u00bb bg_style=\u00a0\u00bbimg_parallax\u00a0\u00bb overlay_row=\u00a0\u00bbyes\u00a0\u00bb css=\u00a0\u00bb.vc_custom_1691006907029{padding-top: 55px !important;padding-bottom: 55px !important;background-color: rgba(236,111,6,0.5) !important;*background-color: rgb(236,111,6) !important;}\u00a0\u00bb bd_p_speed=\u00a0\u00bb0.7&Prime; overlay_color=\u00a0\u00bb#ec6f06&Prime; overlay_opacity=\u00a0\u00bb0.5&Prime;][vc_column font_color=\u00a0\u00bb#000000&Prime;][cms_carousel xsmall_items=\u00a0\u00bb1&Prime; small_items=\u00a0\u00bb2&Prime; medium_items=\u00a0\u00bb3&Prime; large_items=\u00a0\u00bb4&Prime; margin=\u00a0\u00bb30&Prime; dots=\u00a0\u00bbfalse\u00a0\u00bb source=\u00a0\u00bbsize:All|order_by:date|post_type:team|tax_query:37&Prime; cms_template=\u00a0\u00bbcms_carousel&#8211;layout-team-1.php\u00a0\u00bb][\/vc_column][\/vc_row][vc_row full_width=\u00a0\u00bbstretch_row_content\u00a0\u00bb css=\u00a0\u00bb.vc_custom_1621880505565{padding-top: 55px !important;padding-bottom: 55px !important;}\u00a0\u00bb][vc_column][vc_masonry_media_grid element_width=\u00a0\u00bb3&Prime; gap=\u00a0\u00bb4&Prime; css=\u00a0\u00bb.vc_custom_1619302602662{padding-top: 4px !important;padding-bottom: 4px !important;}\u00a0\u00bb initial_loading_animation=\u00a0\u00bbfadeIn\u00a0\u00bb grid_id=\u00a0\u00bbvc_gid:1775572067912-61fdbce4-5a37-2&Prime; include=\u00a0\u00bb7684,7669,7679,7674&Prime;][vc_empty_space height=\u00a0\u00bb60px\u00a0\u00bb][vc_custom_heading text=\u00a0\u00bbGroupes\u00a0\u00bb font_container=\u00a0\u00bbtag:h2|text_align:center\u00a0\u00bb use_theme_fonts=\u00a0\u00bbyes\u00a0\u00bb][vc_empty_space height=\u00a0\u00bb20px\u00a0\u00bb][vc_separator color=\u00a0\u00bbcustom\u00a0\u00bb border_width=\u00a0\u00bb4&Prime; el_width=\u00a0\u00bb50&Prime; accent_color=\u00a0\u00bb#f7aa00&Prime;][vc_empty_space height=\u00a0\u00bb20px\u00a0\u00bb][\/vc_column][\/vc_row][vc_row css=\u00a0\u00bb.vc_custom_1677372934099{padding-top: 55px !important;padding-bottom: 55px !important;}\u00a0\u00bb][vc_column width=\u00a0\u00bb1\/3&Prime;][cms_fancybox content_align=\u00a0\u00bbcenter\u00a0\u00bb icon1=\u00a0\u00bbfar fa-sun\u00a0\u00bb title1=\u00a0\u00bbSoleils\u00a0\u00bb cms_fancybox_boder_color=\u00a0\u00bb#f7aa00&Prime; cms_fancybox_bg_color=\u00a0\u00bb#f7aa00&Prime; cms_template=\u00a0\u00bbcms_fancybox.php\u00a0\u00bb][vc_column_text]<\/p>\n<p style=\"font-weight: 400; text-align: center;\">(0 \u2013 1 ans)<\/p>\n<p style=\"font-weight: 400; text-align: center;\">Premier contact avec d\u2019autres enfants et un nouvel environnement. A ce stade, nous travaillerons tous ses sens (la vue, l\u2019ou\u00efe, l\u2019odorat, le toucher et le go\u00fbt) par des jeux, l\u00b4exp\u00e9rimentation, des massages, et des paniers, comme celui des tr\u00e9sors qui vise le d\u00e9veloppement physique et intellectuel.<\/p>\n<p>[\/vc_column_text][\/vc_column][vc_column width=\u00a0\u00bb1\/3&Prime;][cms_fancybox content_align=\u00a0\u00bbcenter\u00a0\u00bb icon1=\u00a0\u00bbfar fa-moon\u00a0\u00bb title1=\u00a0\u00bbLunes\u00a0\u00bb cms_fancybox_boder_color=\u00a0\u00bb#005c2b\u00a0\u00bb cms_fancybox_bg_color=\u00a0\u00bb#005c2b\u00a0\u00bb cms_template=\u00a0\u00bbcms_fancybox.php\u00a0\u00bb][vc_column_text]<\/p>\n<p style=\"font-weight: 400; text-align: center;\">(1 \u2013 2 ans)<\/p>\n<p style=\"font-weight: 400; text-align: center;\">Les enfants peuvent d\u00e9j\u00e0 ramasser des objets et les transporter, ce qui est id\u00e9al pour introduire le \u00ab jeu heuristique \u00bb, ce qui combine le jeu, l\u00b4exploration et les objets. A ce stade, nous mettons une grande importance \u00e0 la compr\u00e9hension du langage et de l\u2019articulation des mots et des phrases courtes.<\/p>\n<p>[\/vc_column_text][\/vc_column][vc_column width=\u00a0\u00bb1\/3&Prime;][cms_fancybox content_align=\u00a0\u00bbcenter\u00a0\u00bb icon1=\u00a0\u00bbfar fa-sun\u00a0\u00bb title1=\u00a0\u00bb\u00c9toiles\u00a0\u00bb cms_fancybox_boder_color=\u00a0\u00bb#c32f17&Prime; cms_fancybox_bg_color=\u00a0\u00bb#c32f17&Prime; cms_template=\u00a0\u00bbcms_fancybox.php\u00a0\u00bb][vc_column_text]<\/p>\n<p style=\"font-weight: 400; text-align: center;\">(2 \u2013 3 ans)<\/p>\n<p style=\"font-weight: 400; text-align: center;\">Les enfants interagissent d\u2019une mani\u00e8re globale. A cet \u00e2ge, l\u00b4empathie se pr\u00e9sente ce qui est id\u00e9al pour introduire des jeux d\u00b4apprentissage plus \u00e9labor\u00e9, comme le jeu symbolique.<\/p>\n<p>[\/vc_column_text][\/vc_column][\/vc_row][vc_row full_width=\u00a0\u00bbstretch_row\u00a0\u00bb bg_style=\u00a0\u00bbbg-effect-lg\u00a0\u00bb css=\u00a0\u00bb.vc_custom_1607704259681{padding-top: 55px !important;padding-bottom: 55px !important;background-color: #ec6f06 !important;}\u00a0\u00bb][vc_column][vc_custom_heading text=\u00a0\u00bbNouriture\u00a0\u00bb font_container=\u00a0\u00bbtag:h1|text_align:center|color:%23ffffff\u00a0\u00bb use_theme_fonts=\u00a0\u00bbyes\u00a0\u00bb][\/vc_column][\/vc_row][vc_row full_width=\u00a0\u00bbstretch_row\u00a0\u00bb gap=\u00a0\u00bb2&Prime; parallax=\u00a0\u00bbcontent-moving\u00a0\u00bb parallax_image=\u00a0\u00bb6328&Prime; el_class=\u00a0\u00bbrow-overlay\u00a0\u00bb css=\u00a0\u00bb.vc_custom_1621880416422{padding-top: 55px !important;padding-bottom: 55px !important;background-color: rgba(255,255,255,0.7) !important;*background-color: rgb(255,255,255) !important;}\u00a0\u00bb][vc_column][vc_custom_heading text=\u00a0\u00bbCantine\u00a0\u00bb font_container=\u00a0\u00bbtag:h2|text_align:center|color:%23000000&Prime; use_theme_fonts=\u00a0\u00bbyes\u00a0\u00bb][vc_separator color=\u00a0\u00bbcustom\u00a0\u00bb border_width=\u00a0\u00bb4&Prime; el_width=\u00a0\u00bb50&Prime; accent_color=\u00a0\u00bb#ec6f06&Prime;][vc_empty_space height=\u00a0\u00bb60px\u00a0\u00bb][vc_column_text]<span style=\"color: #000000;\">Les centres de Acuarella disposent de cuisine et salle \u00e0 manger spacieuse.<\/span><\/p>\n<p><span style=\"color: #000000;\">Les centres de Acuarella disposen d\u2019une cuisine et d\u2019une salle \u00e0 manger. Tous les aliments sont pr\u00e9par\u00e9s chaque jour dans nos installations; on ne sert pas de repas pr\u00e9cuits ou transport\u00e9s.<\/span><\/p>\n<p><span style=\"color: #000000;\">A l\u2019\u00e9cole, ce sont les enseignants qui sont responsables pendant l\u00b4heure du d\u00e9jeuner. Cela permet le travail d\u2019\u00e9ducation li\u00e9 aux habitudes comportementales et nutritionnelles \u00e0 l\u2019heure du repas.<\/span><\/p>\n<p><span style=\"color: #000000;\">Dans les centres, les menus sont pr\u00e9par\u00e9s avec des conseils de nutritionnistes, d\u2019\u00e9ducateurs et du personnel de cuisine.<\/span><\/p>\n<p><span style=\"color: #000000;\">Certains menus r\u00e9pondent aux besoins des plus petits, des enfants avec des cas d\u2019intol\u00e9rances et d\u2019allergies, et en plus, il y a un menu sp\u00e9cial pour les c\u0153liaques.<\/span><\/p>\n<p><span style=\"color: #000000;\">Tous les jours, des \u00e9chantillons de tous les plats sont recueillis pour l\u2019inspection sanitaire.<\/span>[\/vc_column_text][vc_empty_space height=\u00a0\u00bb60px\u00a0\u00bb][vc_custom_heading text=\u00a0\u00bbT\u00e9l\u00e9charger menu 4\/2026&Prime; font_container=\u00a0\u00bbtag:h2|text_align:center\u00a0\u00bb use_theme_fonts=\u00a0\u00bbyes\u00a0\u00bb css=\u00a0\u00bb\u00a0\u00bb][vc_empty_space height=\u00a0\u00bb10px\u00a0\u00bb][vc_separator color=\u00a0\u00bbcustom\u00a0\u00bb border_width=\u00a0\u00bb4&Prime; el_width=\u00a0\u00bb50&Prime; accent_color=\u00a0\u00bb#ec6f06&Prime;][vc_empty_space height=\u00a0\u00bb10px\u00a0\u00bb][\/vc_column][\/vc_row][vc_row][vc_column width=\u00a0\u00bb1\/2&Prime;][vc_btn title=\u00a0\u00bbMenu 6-12 mois\u00a0\u00bb align=\u00a0\u00bbcenter\u00a0\u00bb i_type=\u00a0\u00bblinecons\u00a0\u00bb i_icon_linecons=\u00a0\u00bbvc_li vc_li-food\u00a0\u00bb css=\u00a0\u00bb\u00a0\u00bb button_block=\u00a0\u00bbtrue\u00a0\u00bb add_icon=\u00a0\u00bbtrue\u00a0\u00bb link=\u00a0\u00bburl:https%3A%2F%2Fwww.acuarella.eu%2Fwp-content%2Fuploads%2F26-4_menu_6-12m.pdf|target:_blank\u00a0\u00bb][vc_empty_space height=\u00a0\u00bb10px\u00a0\u00bb][\/vc_column][vc_column width=\u00a0\u00bb1\/2&Prime;][vc_btn title=\u00a0\u00bbMenu 12-36 mois\u00a0\u00bb align=\u00a0\u00bbcenter\u00a0\u00bb i_type=\u00a0\u00bblinecons\u00a0\u00bb i_icon_linecons=\u00a0\u00bbvc_li vc_li-food\u00a0\u00bb css=\u00a0\u00bb\u00a0\u00bb button_block=\u00a0\u00bbtrue\u00a0\u00bb add_icon=\u00a0\u00bbtrue\u00a0\u00bb link=\u00a0\u00bburl:https%3A%2F%2Fwww.acuarella.eu%2Fwp-content%2Fuploads%2F26-4_menu_12-36m.pdf|target:_blank\u00a0\u00bb][vc_empty_space height=\u00a0\u00bb10px\u00a0\u00bb][\/vc_column][\/vc_row][vc_row][vc_column][vc_empty_space height=\u00a0\u00bb10px\u00a0\u00bb][\/vc_column][\/vc_row][vc_row full_width=\u00a0\u00bbstretch_row\u00a0\u00bb bg_style=\u00a0\u00bbbg-effect-lg\u00a0\u00bb css=\u00a0\u00bb.vc_custom_1607704259681{padding-top: 55px !important;padding-bottom: 55px !important;background-color: #ec6f06 !important;}\u00a0\u00bb][vc_column][vc_empty_space height=\u00a0\u00bb10px\u00a0\u00bb][vc_custom_heading text=\u00a0\u00bbGalerie Melcior de Palau\u00a0\u00bb font_container=\u00a0\u00bbtag:h1|text_align:center|color:%23ffffff\u00a0\u00bb use_theme_fonts=\u00a0\u00bbyes\u00a0\u00bb][\/vc_column][\/vc_row][vc_row full_width=\u00a0\u00bbstretch_row\u00a0\u00bb bg_style=\u00a0\u00bbbg-effect-lg\u00a0\u00bb css=\u00a0\u00bb.vc_custom_1607704264491{background-color: #ec6f06 !important;}\u00a0\u00bb][vc_column][vc_custom_heading text=\u00a0\u00bbCliquez sur les photos pour voir une version plus grande\u00a0\u00bb font_container=\u00a0\u00bbtag:h6|text_align:center|color:%23ffffff\u00a0\u00bb use_theme_fonts=\u00a0\u00bbyes\u00a0\u00bb][\/vc_column][\/vc_row][vc_row full_width=\u00a0\u00bbstretch_row_content\u00a0\u00bb][vc_column][vc_masonry_media_grid element_width=\u00a0\u00bb3&Prime; gap=\u00a0\u00bb4&Prime; grid_id=\u00a0\u00bbvc_gid:1775572067919-4cab8525-1a27-7&Prime; include=\u00a0\u00bb7578,7537,5060,7613,7585,7644,7593,7597,7546,7609,7605,7601,7640,7657&Prime;][\/vc_column][\/vc_row]<\/p>\n<\/div>","protected":false},"excerpt":{"rendered":"<p>[vc_row full_width=\u00a0\u00bbstretch_row\u00a0\u00bb bg_style=\u00a0\u00bbbg-effect-lg\u00a0\u00bb css=\u00a0\u00bb.vc_custom_1619627853931{padding-top: 55px !important;padding-bottom: 55px !important;background-color: #ec6f06 !important;}\u00a0\u00bb][vc_column][vc_custom_heading text=\u00a0\u00bbMelcior de Palau\u00a0\u00bb font_container=\u00a0\u00bbtag:h1|text_align:center|color:%23ffffff\u00a0\u00bb use_theme_fonts=\u00a0\u00bbyes\u00a0\u00bb][\/vc_column][\/vc_row][vc_row css=\u00a0\u00bb.vc_custom_1534803532644{padding-top: 55px !important;padding-bottom: 55px !important;}\u00a0\u00bb][vc_column width=\u00a0\u00bb1\/2&Prime;][vc_column_text]Le centre qui se trouve a 131 rue Melcior Palau a ouvert le 1er Septembre 2011. Aussi \u00e0 Barcelone, il est situ\u00e9 dans le quartier de Sants, tr\u00e8s proche de Les Corts et de L&rsquo;Eixample [&hellip;]<\/p>\n","protected":false},"author":4,"featured_media":0,"parent":3909,"menu_order":10,"comment_status":"closed","ping_status":"closed","template":"","meta":[],"yoast_head":"<!-- This site is optimized with the Yoast SEO plugin v20.2.1 - https:\/\/yoast.com\/wordpress\/plugins\/seo\/ -->\n<title>Cr\u00e8che Acuarella | Melcior de Palau, 131 | Barcelone<\/title>\n<meta name=\"description\" content=\"Le cr\u00e8che Acuarella Melcior se trouve a 131 rue Melcior Palau \u00e0 Barcelone, tr\u00e8s proche de Les Corts et de L&#039;Eixample Esquerra\" \/>\n<meta name=\"robots\" content=\"index, follow, max-snippet:-1, max-image-preview:large, max-video-preview:-1\" \/>\n<link rel=\"canonical\" href=\"https:\/\/www.acuarella.eu\/fr\/les-ecoles\/acuarella-melcior\/\" \/>\n<meta property=\"og:locale\" content=\"fr_FR\" \/>\n<meta property=\"og:type\" content=\"article\" \/>\n<meta property=\"og:title\" content=\"Cr\u00e8che Acuarella | Melcior de Palau, 131 | Barcelone\" \/>\n<meta property=\"og:description\" content=\"Le cr\u00e8che Acuarella Melcior se trouve a 131 rue Melcior Palau \u00e0 Barcelone, tr\u00e8s proche de Les Corts et de L&#039;Eixample Esquerra\" \/>\n<meta property=\"og:url\" content=\"https:\/\/www.acuarella.eu\/fr\/les-ecoles\/acuarella-melcior\/\" \/>\n<meta property=\"og:site_name\" content=\"Acuarella\" \/>\n<meta property=\"article:publisher\" content=\"https:\/\/www.facebook.com\/acuarellainfants\/\" \/>\n<meta property=\"article:modified_time\" content=\"2026-04-07T14:28:38+00:00\" \/>\n<meta name=\"twitter:card\" content=\"summary_large_image\" \/>\n<meta name=\"twitter:site\" content=\"@AcuarellaLLI\" \/>\n<meta name=\"twitter:label1\" content=\"Dur\u00e9e de lecture estim\u00e9e\" \/>\n\t<meta name=\"twitter:data1\" content=\"3 minutes\" \/>\n<script type=\"application\/ld+json\" class=\"yoast-schema-graph\">{\"@context\":\"https:\/\/schema.org\",\"@graph\":[{\"@type\":\"WebPage\",\"@id\":\"https:\/\/www.acuarella.eu\/fr\/les-ecoles\/acuarella-melcior\/\",\"url\":\"https:\/\/www.acuarella.eu\/fr\/les-ecoles\/acuarella-melcior\/\",\"name\":\"Cr\u00e8che Acuarella | Melcior de Palau, 131 | Barcelone\",\"isPartOf\":{\"@id\":\"https:\/\/www.acuarella.eu\/fr\/#website\"},\"datePublished\":\"2023-02-26T00:23:53+00:00\",\"dateModified\":\"2026-04-07T14:28:38+00:00\",\"description\":\"Le cr\u00e8che Acuarella Melcior se trouve a 131 rue Melcior Palau \u00e0 Barcelone, tr\u00e8s proche de Les Corts et de L'Eixample Esquerra\",\"breadcrumb\":{\"@id\":\"https:\/\/www.acuarella.eu\/fr\/les-ecoles\/acuarella-melcior\/#breadcrumb\"},\"inLanguage\":\"fr-FR\",\"potentialAction\":[{\"@type\":\"ReadAction\",\"target\":[\"https:\/\/www.acuarella.eu\/fr\/les-ecoles\/acuarella-melcior\/\"]}]},{\"@type\":\"BreadcrumbList\",\"@id\":\"https:\/\/www.acuarella.eu\/fr\/les-ecoles\/acuarella-melcior\/#breadcrumb\",\"itemListElement\":[{\"@type\":\"ListItem\",\"position\":1,\"name\":\"Portada\",\"item\":\"https:\/\/www.acuarella.eu\/fr\/\"},{\"@type\":\"ListItem\",\"position\":2,\"name\":\"L&#8217;\u00e9cole\",\"item\":\"https:\/\/www.acuarella.eu\/fr\/les-ecoles\/\"},{\"@type\":\"ListItem\",\"position\":3,\"name\":\"Acuarella Melcior\"}]},{\"@type\":\"WebSite\",\"@id\":\"https:\/\/www.acuarella.eu\/fr\/#website\",\"url\":\"https:\/\/www.acuarella.eu\/fr\/\",\"name\":\"Llars d'infants Acuarella\",\"description\":\"Escuela infantil en Barcelona\",\"publisher\":{\"@id\":\"https:\/\/www.acuarella.eu\/fr\/#organization\"},\"potentialAction\":[{\"@type\":\"SearchAction\",\"target\":{\"@type\":\"EntryPoint\",\"urlTemplate\":\"https:\/\/www.acuarella.eu\/fr\/?s={search_term_string}\"},\"query-input\":\"required name=search_term_string\"}],\"inLanguage\":\"fr-FR\"},{\"@type\":\"Organization\",\"@id\":\"https:\/\/www.acuarella.eu\/fr\/#organization\",\"name\":\"Acuarella\",\"url\":\"https:\/\/www.acuarella.eu\/fr\/\",\"logo\":{\"@type\":\"ImageObject\",\"inLanguage\":\"fr-FR\",\"@id\":\"https:\/\/www.acuarella.eu\/fr\/#\/schema\/logo\/image\/\",\"url\":\"https:\/\/www.acuarella.eu\/wp-content\/uploads\/revslider\/Navidad2018\/logo_500px.png\",\"contentUrl\":\"https:\/\/www.acuarella.eu\/wp-content\/uploads\/revslider\/Navidad2018\/logo_500px.png\",\"width\":500,\"height\":207,\"caption\":\"Acuarella\"},\"image\":{\"@id\":\"https:\/\/www.acuarella.eu\/fr\/#\/schema\/logo\/image\/\"},\"sameAs\":[\"https:\/\/www.facebook.com\/acuarellainfants\/\",\"https:\/\/twitter.com\/AcuarellaLLI\",\"https:\/\/www.instagram.com\/acuarella_llars\/\",\"https:\/\/www.linkedin.com\/company\/11481738\/admin\/\"]}]}<\/script>\n<!-- \/ Yoast SEO plugin. -->","yoast_head_json":{"title":"Cr\u00e8che Acuarella | Melcior de Palau, 131 | Barcelone","description":"Le cr\u00e8che Acuarella Melcior se trouve a 131 rue Melcior Palau \u00e0 Barcelone, tr\u00e8s proche de Les Corts et de L'Eixample Esquerra","robots":{"index":"index","follow":"follow","max-snippet":"max-snippet:-1","max-image-preview":"max-image-preview:large","max-video-preview":"max-video-preview:-1"},"canonical":"https:\/\/www.acuarella.eu\/fr\/les-ecoles\/acuarella-melcior\/","og_locale":"fr_FR","og_type":"article","og_title":"Cr\u00e8che Acuarella | Melcior de Palau, 131 | Barcelone","og_description":"Le cr\u00e8che Acuarella Melcior se trouve a 131 rue Melcior Palau \u00e0 Barcelone, tr\u00e8s proche de Les Corts et de L'Eixample Esquerra","og_url":"https:\/\/www.acuarella.eu\/fr\/les-ecoles\/acuarella-melcior\/","og_site_name":"Acuarella","article_publisher":"https:\/\/www.facebook.com\/acuarellainfants\/","article_modified_time":"2026-04-07T14:28:38+00:00","twitter_card":"summary_large_image","twitter_site":"@AcuarellaLLI","twitter_misc":{"Dur\u00e9e de lecture estim\u00e9e":"3 minutes"},"schema":{"@context":"https:\/\/schema.org","@graph":[{"@type":"WebPage","@id":"https:\/\/www.acuarella.eu\/fr\/les-ecoles\/acuarella-melcior\/","url":"https:\/\/www.acuarella.eu\/fr\/les-ecoles\/acuarella-melcior\/","name":"Cr\u00e8che Acuarella | Melcior de Palau, 131 | Barcelone","isPartOf":{"@id":"https:\/\/www.acuarella.eu\/fr\/#website"},"datePublished":"2023-02-26T00:23:53+00:00","dateModified":"2026-04-07T14:28:38+00:00","description":"Le cr\u00e8che Acuarella Melcior se trouve a 131 rue Melcior Palau \u00e0 Barcelone, tr\u00e8s proche de Les Corts et de L'Eixample Esquerra","breadcrumb":{"@id":"https:\/\/www.acuarella.eu\/fr\/les-ecoles\/acuarella-melcior\/#breadcrumb"},"inLanguage":"fr-FR","potentialAction":[{"@type":"ReadAction","target":["https:\/\/www.acuarella.eu\/fr\/les-ecoles\/acuarella-melcior\/"]}]},{"@type":"BreadcrumbList","@id":"https:\/\/www.acuarella.eu\/fr\/les-ecoles\/acuarella-melcior\/#breadcrumb","itemListElement":[{"@type":"ListItem","position":1,"name":"Portada","item":"https:\/\/www.acuarella.eu\/fr\/"},{"@type":"ListItem","position":2,"name":"L&#8217;\u00e9cole","item":"https:\/\/www.acuarella.eu\/fr\/les-ecoles\/"},{"@type":"ListItem","position":3,"name":"Acuarella Melcior"}]},{"@type":"WebSite","@id":"https:\/\/www.acuarella.eu\/fr\/#website","url":"https:\/\/www.acuarella.eu\/fr\/","name":"Llars d'infants Acuarella","description":"Escuela infantil en Barcelona","publisher":{"@id":"https:\/\/www.acuarella.eu\/fr\/#organization"},"potentialAction":[{"@type":"SearchAction","target":{"@type":"EntryPoint","urlTemplate":"https:\/\/www.acuarella.eu\/fr\/?s={search_term_string}"},"query-input":"required name=search_term_string"}],"inLanguage":"fr-FR"},{"@type":"Organization","@id":"https:\/\/www.acuarella.eu\/fr\/#organization","name":"Acuarella","url":"https:\/\/www.acuarella.eu\/fr\/","logo":{"@type":"ImageObject","inLanguage":"fr-FR","@id":"https:\/\/www.acuarella.eu\/fr\/#\/schema\/logo\/image\/","url":"https:\/\/www.acuarella.eu\/wp-content\/uploads\/revslider\/Navidad2018\/logo_500px.png","contentUrl":"https:\/\/www.acuarella.eu\/wp-content\/uploads\/revslider\/Navidad2018\/logo_500px.png","width":500,"height":207,"caption":"Acuarella"},"image":{"@id":"https:\/\/www.acuarella.eu\/fr\/#\/schema\/logo\/image\/"},"sameAs":["https:\/\/www.facebook.com\/acuarellainfants\/","https:\/\/twitter.com\/AcuarellaLLI","https:\/\/www.instagram.com\/acuarella_llars\/","https:\/\/www.linkedin.com\/company\/11481738\/admin\/"]}]}},"_links":{"self":[{"href":"https:\/\/www.acuarella.eu\/fr\/wp-json\/wp\/v2\/pages\/9286"}],"collection":[{"href":"https:\/\/www.acuarella.eu\/fr\/wp-json\/wp\/v2\/pages"}],"about":[{"href":"https:\/\/www.acuarella.eu\/fr\/wp-json\/wp\/v2\/types\/page"}],"author":[{"embeddable":true,"href":"https:\/\/www.acuarella.eu\/fr\/wp-json\/wp\/v2\/users\/4"}],"replies":[{"embeddable":true,"href":"https:\/\/www.acuarella.eu\/fr\/wp-json\/wp\/v2\/comments?post=9286"}],"version-history":[{"count":78,"href":"https:\/\/www.acuarella.eu\/fr\/wp-json\/wp\/v2\/pages\/9286\/revisions"}],"predecessor-version":[{"id":10394,"href":"https:\/\/www.acuarella.eu\/fr\/wp-json\/wp\/v2\/pages\/9286\/revisions\/10394"}],"up":[{"embeddable":true,"href":"https:\/\/www.acuarella.eu\/fr\/wp-json\/wp\/v2\/pages\/3909"}],"wp:attachment":[{"href":"https:\/\/www.acuarella.eu\/fr\/wp-json\/wp\/v2\/media?parent=9286"}],"curies":[{"name":"wp","href":"https:\/\/api.w.org\/{rel}","templated":true}]}}