{"id":9310,"date":"2023-02-26T21:25:22","date_gmt":"2023-02-26T20:25:22","guid":{"rendered":"https:\/\/www.acuarella.eu\/contact-acuarella-copy\/"},"modified":"2024-07-23T23:50:03","modified_gmt":"2024-07-23T21:50:03","slug":"contact","status":"publish","type":"page","link":"https:\/\/www.acuarella.eu\/fr\/contact\/","title":{"rendered":"Contact"},"content":{"rendered":"<div class=\"wpb-content-wrapper\"><p>[vc_row full_width=\u00a0\u00bbstretch_row\u00a0\u00bb bg_style=\u00a0\u00bbbg-effect-lg\u00a0\u00bb css=\u00a0\u00bb.vc_custom_1619628208699{padding-top: 55px !important;padding-bottom: 55px !important;background-color: #c32f17 !important;}\u00a0\u00bb][vc_column][vc_custom_heading text=\u00a0\u00bbO\u00f9 sommes-nous\u00a0\u00bb font_container=\u00a0\u00bbtag:h1|text_align:center|color:%23ffffff\u00a0\u00bb use_theme_fonts=\u00a0\u00bbyes\u00a0\u00bb link=\u00a0\u00bburl:http%3A%2F%2Fwww.acuarella.eu%2Fcontacte%2F||\u00a0\u00bb][\/vc_column][\/vc_row][vc_row row_head_color=\u00a0\u00bb#575656&Prime; css=\u00a0\u00bb.vc_custom_1452179558660{padding-top: 55px !important;}\u00a0\u00bb][vc_column][vc_column_text]<\/p>\n<h2 style=\"text-align: center;\">Acuarella Melcior<\/h2>\n<p>[\/vc_column_text][vc_empty_space height=\u00a0\u00bb20px\u00a0\u00bb][vc_separator color=\u00a0\u00bbcustom\u00a0\u00bb border_width=\u00a0\u00bb4&Prime; el_width=\u00a0\u00bb50&Prime; custom_sparator_width=\u00a0\u00bb155px\u00a0\u00bb accent_color=\u00a0\u00bb#ec6f06&Prime;][vc_empty_space height=\u00a0\u00bb82px\u00a0\u00bb][\/vc_column][\/vc_row][vc_row full_width=\u00a0\u00bbstretch_row\u00a0\u00bb gap=\u00a0\u00bb2&Prime; css=\u00a0\u00bb.vc_custom_1677443442699{margin-left: 55px !important;}\u00a0\u00bb][vc_column width=\u00a0\u00bb1\/3&Prime;][cms_fancybox content_align=\u00a0\u00bbleft\u00a0\u00bb icon1=\u00a0\u00bbfas fa-home\u00a0\u00bb title1=\u00a0\u00bbMelcior de Palau, 131, 08014 Barcelona\u00a0\u00bb button_link1=\u00a0\u00bbhttps:\/\/www.google.es\/maps\/place\/Llar+d&rsquo;infants+Acuarella+Melcior\/@41.3809465,2.1289189,16z\/data=!4m10!1m2!2m1!1sacuarella!3m6!1s0x12a49887788459b1:0x55e4cfbe43a428d7!8m2!3d41.3809463!4d2.1376731!15sCglhY3VhcmVsbGEiA4gBAZIBD2RheV9jYXJlX2NlbnRlcuABAA!16s%2Fg%2F12m9gf785&Prime; cms_title_size=\u00a0\u00bbh6&Prime; cms_fancybox_boder_color=\u00a0\u00bb#ec6f06&Prime; cms_fancybox_bg_color=\u00a0\u00bb#ec6f06&Prime; cms_template=\u00a0\u00bbcms_fancybox&#8211;layout-3.php\u00a0\u00bb][\/vc_column][vc_column width=\u00a0\u00bb1\/3&Prime; css=\u00a0\u00bb.vc_custom_1677443490090{margin-left: 55px !important;}\u00a0\u00bb][cms_fancybox content_align=\u00a0\u00bbright\u00a0\u00bb icon1=\u00a0\u00bbfar fa-envelope\u00a0\u00bb title1=\u00a0\u00bbmelcior@acuarella.eu\u00a0\u00bb button_link1=\u00a0\u00bbmailto:melcior@acuarella.eu\u00a0\u00bb cms_title_size=\u00a0\u00bbh6&Prime; cms_fancybox_boder_color=\u00a0\u00bb#ec6f06&Prime; cms_fancybox_bg_color=\u00a0\u00bb#ec6f06&Prime; cms_template=\u00a0\u00bbcms_fancybox&#8211;layout-3.php\u00a0\u00bb][\/vc_column][vc_column width=\u00a0\u00bb1\/3&Prime; css=\u00a0\u00bb.vc_custom_1677443501134{padding-left: 55px !important;}\u00a0\u00bb][cms_fancybox content_align=\u00a0\u00bbright\u00a0\u00bb icon1=\u00a0\u00bbfas fa-phone-alt\u00a0\u00bb title1=\u00a0\u00bb+34 931 854 088&Prime; button_link1=\u00a0\u00bbtel:+34931854088&Prime; cms_title_size=\u00a0\u00bbh6&Prime; cms_fancybox_boder_color=\u00a0\u00bb#ec6f06&Prime; cms_fancybox_bg_color=\u00a0\u00bb#ec6f06&Prime; cms_template=\u00a0\u00bbcms_fancybox&#8211;layout-3.php\u00a0\u00bb][\/vc_column][\/vc_row][vc_row row_head_color=\u00a0\u00bb#575656&Prime; css=\u00a0\u00bb.vc_custom_1452179558660{padding-top: 55px !important;}\u00a0\u00bb][vc_column][vc_column_text css_animation=\u00a0\u00bbtop-to-bottom\u00a0\u00bb css=\u00a0\u00bb.vc_custom_1677451627768{padding-top: 55px !important;}\u00a0\u00bb]<\/p>\n<h5 id=\"tw-target-text\" class=\"tw-data-text tw-text-large tw-ta\" dir=\"ltr\" data-placeholder=\"Traducci\u00f3n\"><span class=\"Y2IQFc\" lang=\"fr\" style=\"color: #000000;\">Comment arriver \u00e0 Acuarella ?<\/span><\/h5>\n<p>&nbsp;<\/p>\n<h5 id=\"firstHeading\" lang=\"fr\"><img loading=\"lazy\" class=\"\" src=\"http:\/\/www.acuarella.eu\/wp-content\/uploads\/web\/07.0_contacte\/transporte\/car.png\" alt=\"18px-Rodalies_de_Catalunya\" width=\"23\" height=\"23\" \/>\u00a0 Zone pour arr\u00eater le v\u00e9hicule pendant quelques minutes<\/h5>\n<h5>Sants Estaci\u00f3<\/h5>\n<h6>(\u00e0 5 minutes)<\/h6>\n<p><img loading=\"lazy\" src=\"http:\/\/www.acuarella.eu\/wp-content\/uploads\/web\/07.0_contacte\/transporte\/Barcelona_Metro_Logo.png\" alt=\"Barcelona_Metro_Logo\" width=\"20\" height=\"15\" \/>\u00a0\u00a0 <img loading=\"lazy\" src=\"http:\/\/www.acuarella.eu\/wp-content\/uploads\/web\/07.0_contacte\/transporte\/L1_barcelona.png\" alt=\"L1_barcelona\" width=\"18\" height=\"18\" \/> <img loading=\"lazy\" src=\"http:\/\/www.acuarella.eu\/wp-content\/uploads\/web\/07.0_contacte\/transporte\/L3_barcelona.png\" alt=\"L3_barcelona\" width=\"18\" height=\"18\" \/> <img loading=\"lazy\" src=\"http:\/\/www.acuarella.eu\/wp-content\/uploads\/web\/07.0_contacte\/transporte\/L5_barcelona.png\" alt=\"L5_barcelona\" width=\"18\" height=\"18\" \/>\u00a0, \u00a0<img loading=\"lazy\" src=\"http:\/\/www.acuarella.eu\/wp-content\/uploads\/web\/07.0_contacte\/transporte\/18px-Rodalies_de_Catalunya.png\" alt=\"18px-Rodalies_de_Catalunya\" width=\"18\" height=\"18\" \/>\u00a0\u00a0 <img loading=\"lazy\" src=\"http:\/\/www.acuarella.eu\/wp-content\/uploads\/web\/07.0_contacte\/transporte\/18px-R1_barcelona.png\" alt=\"18px-R1_barcelona\" width=\"18\" height=\"18\" \/> <img loading=\"lazy\" src=\"http:\/\/www.acuarella.eu\/wp-content\/uploads\/web\/07.0_contacte\/transporte\/18px-R2_barcelona.png\" alt=\"18px-R2_barcelona\" width=\"18\" height=\"18\" \/> <img loading=\"lazy\" src=\"http:\/\/www.acuarella.eu\/wp-content\/uploads\/web\/07.0_contacte\/transporte\/18px-R2_Nord_Rodalies.png\" alt=\"18px-R2_Nord_Rodalies\" width=\"18\" height=\"22\" \/> <img loading=\"lazy\" src=\"http:\/\/www.acuarella.eu\/wp-content\/uploads\/web\/07.0_contacte\/transporte\/18px-R2_Sud_Rodalies.png\" alt=\"18px-R2_Sud_Rodalies\" width=\"18\" height=\"22\" \/> <img loading=\"lazy\" src=\"http:\/\/www.acuarella.eu\/wp-content\/uploads\/web\/07.0_contacte\/transporte\/18px-R3_barcelona.png\" alt=\"18px-R3_barcelona\" width=\"18\" height=\"18\" \/> <img loading=\"lazy\" src=\"http:\/\/www.acuarella.eu\/wp-content\/uploads\/web\/07.0_contacte\/transporte\/18px-R4_barcelona.png\" alt=\"18px-R4_barcelona\" width=\"18\" height=\"18\" \/>\u00a0, \u00a0<img loading=\"lazy\" src=\"http:\/\/www.acuarella.eu\/wp-content\/uploads\/web\/07.0_contacte\/transporte\/BusUrbano.png\" alt=\"BusUrbano\" width=\"20\" height=\"20\" \/>\u00a0\u00a0<img loading=\"lazy\" src=\"http:\/\/www.acuarella.eu\/wp-content\/uploads\/web\/07.0_contacte\/transporte\/H10_20px.png\" alt=\"H10_20px\" width=\"20\" height=\"20\" \/>\u00a0<img loading=\"lazy\" src=\"http:\/\/www.acuarella.eu\/wp-content\/uploads\/web\/07.0_contacte\/transporte\/V7_20px.png\" alt=\"V7_20px\" width=\"20\" height=\"20\" \/> <img loading=\"lazy\" src=\"http:\/\/www.acuarella.eu\/wp-content\/uploads\/web\/07.0_contacte\/transporte\/D20_20px.png\" alt=\"D20_20px\" width=\"20\" height=\"20\" \/>\u00a0\u00a0<img loading=\"lazy\" src=\"http:\/\/www.acuarella.eu\/wp-content\/uploads\/web\/07.0_contacte\/transporte\/B_78.png\" alt=\"B_78\" width=\"20\" height=\"20\" \/> <img loading=\"lazy\" src=\"http:\/\/www.acuarella.eu\/wp-content\/uploads\/web\/07.0_contacte\/transporte\/B_109.png\" alt=\"B_109\" width=\"20\" height=\"20\" \/>\u00a0<img loading=\"lazy\" src=\"http:\/\/www.acuarella.eu\/wp-content\/uploads\/web\/07.0_contacte\/transporte\/CJ_18px.png\" alt=\"CJ_18px\" width=\"22\" height=\"18\" \/><\/p>\n<div class=\"gm-style-iw\">\n<div>\n<div dir=\"ltr\">\n<div class=\"poi-info-window gm-style\">\n<div class=\"transit-container\">\n<h5 class=\"transit-title\">Pla\u00e7a del Centre<\/h5>\n<h6>(\u00e0 5 minutes)<\/h6>\n<div><img loading=\"lazy\" src=\"http:\/\/www.acuarella.eu\/wp-content\/uploads\/web\/07.0_contacte\/transporte\/Barcelona_Metro_Logo.png\" alt=\"Barcelona_Metro_Logo\" width=\"20\" height=\"15\" \/>\u00a0\u00a0 <img loading=\"lazy\" src=\"http:\/\/www.acuarella.eu\/wp-content\/uploads\/web\/07.0_contacte\/transporte\/L3_barcelona.png\" alt=\"L3_barcelona\" width=\"18\" height=\"18\" \/>\u00a0,\u00a0<img loading=\"lazy\" src=\"http:\/\/www.acuarella.eu\/wp-content\/uploads\/web\/07.0_contacte\/transporte\/BusUrbano.png\" alt=\"BusUrbano\" width=\"20\" height=\"20\" \/>\u00a0\u00a0<img loading=\"lazy\" src=\"http:\/\/www.acuarella.eu\/wp-content\/uploads\/web\/07.0_contacte\/transporte\/H10_20px.png\" alt=\"H10_20px\" width=\"20\" height=\"20\" \/>\u00a0<img loading=\"lazy\" src=\"http:\/\/www.acuarella.eu\/wp-content\/uploads\/web\/07.0_contacte\/transporte\/B_54.png\" alt=\"B_54\" width=\"20\" height=\"20\" \/><\/div>\n<\/div>\n<\/div>\n<\/div>\n<\/div>\n<\/div>\n<p>[\/vc_column_text][\/vc_column][\/vc_row][vc_row][vc_column][vc_empty_space height=\u00a0\u00bb50px\u00a0\u00bb][\/vc_column][\/vc_row][vc_row full_width=\u00a0\u00bbstretch_row\u00a0\u00bb gap=\u00a0\u00bb35&Prime; css=\u00a0\u00bb.vc_custom_1677451659142{margin-right: 20px !important;}\u00a0\u00bb][vc_column][vc_gmaps link=\u00a0\u00bb#E-8_JTNDaWZyYW1lJTIwc3JjJTNEJTIyaHR0cHMlM0ElMkYlMkZ3d3cuZ29vZ2xlLmNvbSUyRm1hcHMlMkZlbWJlZCUzRnBiJTNEJTIxMW0xOCUyMTFtMTIlMjExbTMlMjExZDIxMTYuODYwMzgyOTQ2NjI3JTIxMmQyLjEzNjM1MDk0MTUwNzI1NDYlMjEzZDQxLjM4MDc2MTU3NjIzODUyJTIxMm0zJTIxMWYwJTIxMmYwJTIxM2YwJTIxM20yJTIxMWkxMDI0JTIxMmk3NjglMjE0ZjEzLjElMjEzbTMlMjExbTIlMjExczB4MTJhNDk4ODc3ODg0NTliMSUyNTNBMHg1NWU0Y2ZiZTQzYTQyOGQ3JTIxMnNMbGFyJTI1MjBkJTI2JTIzMzklM0JpbmZhbnRzJTI1MjBBY3VhcmVsbGElMjUyME1lbGNpb3IlMjE1ZTAlMjEzbTIlMjExc2VzJTIxMnNkZSUyMTR2MTY3NzYxNDMwMTMyOSUyMTVtMiUyMTFzZXMlMjEyc2RlJTIyJTIwd2lkdGglM0QlMjJhdXRvJTIyJTIwaGVpZ2h0JTNEJTIyNDUwJTIyJTIwc3R5bGUlM0QlMjJib3JkZXIlM0EwJTNCJTIyJTIwYWxsb3dmdWxsc2NyZWVuJTNEJTIyJTIyJTIwbG9hZGluZyUzRCUyMmxhenklMjIlMjByZWZlcnJlcnBvbGljeSUzRCUyMm5vLXJlZmVycmVyLXdoZW4tZG93bmdyYWRlJTIyJTNFJTNDJTJGaWZyYW1lJTNF\u00a0\u00bb][\/vc_column][\/vc_row][vc_row][vc_column][vc_empty_space height=\u00a0\u00bb50px\u00a0\u00bb][\/vc_column][\/vc_row][vc_row full_width=\u00a0\u00bbstretch_row\u00a0\u00bb row_head_color=\u00a0\u00bb#575656&Prime; css=\u00a0\u00bb.vc_custom_1619628214863{padding-top: 130px !important;padding-bottom: 130px !important;background-image: url(http:\/\/www.acuarella.eu\/wp-content\/uploads\/web\/07.0_contacte\/bg-row-contact.jpg?id=2802) !important;background-position: center !important;background-repeat: no-repeat !important;background-size: cover !important;}\u00a0\u00bb][vc_column width=\u00a0\u00bb1\/2&Prime;][\/vc_column][vc_column width=\u00a0\u00bb1\/2&Prime;][vc_column_text]<\/p>\n<h2 style=\"text-align: center;\">Acuarella<\/h2>\n<p>[\/vc_column_text][vc_empty_space height=\u00a0\u00bb20px\u00a0\u00bb][vc_separator color=\u00a0\u00bbcustom\u00a0\u00bb border_width=\u00a0\u00bb4&Prime; el_width=\u00a0\u00bb50&Prime; custom_sparator_width=\u00a0\u00bb155px\u00a0\u00bb accent_color=\u00a0\u00bb#7eaa16&Prime;][vc_empty_space height=\u00a0\u00bb36px\u00a0\u00bb][cms_fancybox icon1=\u00a0\u00bbfas fa-phone-alt\u00a0\u00bb title1=\u00a0\u00bb+34 931 854 088&Prime; button_link1=\u00a0\u00bbtel:+34687685443&Prime; cms_title_size=\u00a0\u00bbh6&Prime; cms_fancybox_boder_color=\u00a0\u00bb#f7aa00&Prime; cms_fancybox_bg_color=\u00a0\u00bb#f7aa00&Prime; cms_template=\u00a0\u00bbcms_fancybox&#8211;layout-3.php\u00a0\u00bb heading_1=\u00a0\u00bb\u00a0\u00bb][cms_fancybox icon1=\u00a0\u00bbfar fa-envelope\u00a0\u00bb title1=\u00a0\u00bbacuarella@acuarella.eu\u00a0\u00bb button_link1=\u00a0\u00bbmailto:acuarella@acuarella.eu\u00a0\u00bb cms_title_size=\u00a0\u00bbh6&Prime; cms_fancybox_boder_color=\u00a0\u00bb#f7aa00&Prime; cms_fancybox_bg_color=\u00a0\u00bb#f7aa00&Prime; cms_template=\u00a0\u00bbcms_fancybox&#8211;layout-3.php\u00a0\u00bb][cms_fancybox icon1=\u00a0\u00bbfa fa-clock-o\u00a0\u00bb title1=\u00a0\u00bbDu lundi au vendredi 8h \u00e0 18h\u00a0\u00bb cms_title_size=\u00a0\u00bbh6&Prime; cms_fancybox_boder_color=\u00a0\u00bb#f7aa00&Prime; cms_fancybox_bg_color=\u00a0\u00bb#f7aa00&Prime; cms_template=\u00a0\u00bbcms_fancybox&#8211;layout-3.php\u00a0\u00bb][cms_fancybox icon1=\u00a0\u00bbfab fa-linkedin\u00a0\u00bb title1=\u00a0\u00bbLinkedin Acuarella\u00a0\u00bb button_link1=\u00a0\u00bbhttps:\/\/www.linkedin.com\/company\/acuarellainfants\/\u00a0\u00bb cms_title_size=\u00a0\u00bbh6&Prime; cms_fancybox_boder_color=\u00a0\u00bb#f7aa00&Prime; cms_fancybox_bg_color=\u00a0\u00bb#f7aa00&Prime; cms_template=\u00a0\u00bbcms_fancybox&#8211;layout-3.php\u00a0\u00bb][\/vc_column][\/vc_row]<\/p>\n<\/div>","protected":false},"excerpt":{"rendered":"<p>[vc_row full_width=\u00a0\u00bbstretch_row\u00a0\u00bb bg_style=\u00a0\u00bbbg-effect-lg\u00a0\u00bb css=\u00a0\u00bb.vc_custom_1619628208699{padding-top: 55px !important;padding-bottom: 55px !important;background-color: #c32f17 !important;}\u00a0\u00bb][vc_column][vc_custom_heading text=\u00a0\u00bbO\u00f9 sommes-nous\u00a0\u00bb font_container=\u00a0\u00bbtag:h1|text_align:center|color:%23ffffff\u00a0\u00bb use_theme_fonts=\u00a0\u00bbyes\u00a0\u00bb link=\u00a0\u00bburl:http%3A%2F%2Fwww.acuarella.eu%2Fcontacte%2F||\u00a0\u00bb][\/vc_column][\/vc_row][vc_row row_head_color=\u00a0\u00bb#575656&Prime; css=\u00a0\u00bb.vc_custom_1452179558660{padding-top: 55px !important;}\u00a0\u00bb][vc_column][vc_column_text] Acuarella Melcior [\/vc_column_text][vc_empty_space height=\u00a0\u00bb20px\u00a0\u00bb][vc_separator color=\u00a0\u00bbcustom\u00a0\u00bb border_width=\u00a0\u00bb4&Prime; el_width=\u00a0\u00bb50&Prime; custom_sparator_width=\u00a0\u00bb155px\u00a0\u00bb accent_color=\u00a0\u00bb#ec6f06&Prime;][vc_empty_space height=\u00a0\u00bb82px\u00a0\u00bb][\/vc_column][\/vc_row][vc_row full_width=\u00a0\u00bbstretch_row\u00a0\u00bb gap=\u00a0\u00bb2&Prime; css=\u00a0\u00bb.vc_custom_1677443442699{margin-left: 55px !important;}\u00a0\u00bb][vc_column width=\u00a0\u00bb1\/3&Prime;][cms_fancybox content_align=\u00a0\u00bbleft\u00a0\u00bb icon1=\u00a0\u00bbfas fa-home\u00a0\u00bb title1=\u00a0\u00bbMelcior de Palau, 131, 08014 Barcelona\u00a0\u00bb button_link1=\u00a0\u00bbhttps:\/\/www.google.es\/maps\/place\/Llar+d&rsquo;infants+Acuarella+Melcior\/@41.3809465,2.1289189,16z\/data=!4m10!1m2!2m1!1sacuarella!3m6!1s0x12a49887788459b1:0x55e4cfbe43a428d7!8m2!3d41.3809463!4d2.1376731!15sCglhY3VhcmVsbGEiA4gBAZIBD2RheV9jYXJlX2NlbnRlcuABAA!16s%2Fg%2F12m9gf785&Prime; cms_title_size=\u00a0\u00bbh6&Prime; cms_fancybox_boder_color=\u00a0\u00bb#ec6f06&Prime; cms_fancybox_bg_color=\u00a0\u00bb#ec6f06&Prime; cms_template=\u00a0\u00bbcms_fancybox&#8211;layout-3.php\u00a0\u00bb][\/vc_column][vc_column width=\u00a0\u00bb1\/3&Prime; css=\u00a0\u00bb.vc_custom_1677443490090{margin-left: 55px !important;}\u00a0\u00bb][cms_fancybox content_align=\u00a0\u00bbright\u00a0\u00bb icon1=\u00a0\u00bbfar [&hellip;]<\/p>\n","protected":false},"author":4,"featured_media":0,"parent":0,"menu_order":60,"comment_status":"closed","ping_status":"closed","template":"","meta":[],"yoast_head":"<!-- This site is optimized with the Yoast SEO plugin v20.2.1 - https:\/\/yoast.com\/wordpress\/plugins\/seo\/ -->\n<title>Contact | Acuarella | O\u00f9 sont nos \u00e9coles maternelles \u00e0 Barcelone<\/title>\n<meta name=\"description\" content=\"Vous trouverez ici o\u00f9 se trouvent nos \u00e9coles maternelles Acuarella \u00e0 Barcelone ainsi que tous les moyens de contact possibles.\" \/>\n<meta name=\"robots\" content=\"index, follow, max-snippet:-1, max-image-preview:large, max-video-preview:-1\" \/>\n<link rel=\"canonical\" href=\"https:\/\/www.acuarella.eu\/fr\/contact\/\" \/>\n<meta property=\"og:locale\" content=\"fr_FR\" \/>\n<meta property=\"og:type\" content=\"article\" \/>\n<meta property=\"og:title\" content=\"Contact | Acuarella | O\u00f9 sont nos \u00e9coles maternelles \u00e0 Barcelone\" \/>\n<meta property=\"og:description\" content=\"Vous trouverez ici o\u00f9 se trouvent nos \u00e9coles maternelles Acuarella \u00e0 Barcelone ainsi que tous les moyens de contact possibles.\" \/>\n<meta property=\"og:url\" content=\"https:\/\/www.acuarella.eu\/fr\/contact\/\" \/>\n<meta property=\"og:site_name\" content=\"Acuarella\" \/>\n<meta property=\"article:publisher\" content=\"https:\/\/www.facebook.com\/acuarellainfants\/\" \/>\n<meta property=\"article:modified_time\" content=\"2024-07-23T21:50:03+00:00\" \/>\n<meta property=\"og:image\" content=\"http:\/\/www.acuarella.eu\/wp-content\/uploads\/web\/07.0_contacte\/transporte\/car.png\" \/>\n<meta name=\"twitter:card\" content=\"summary_large_image\" \/>\n<meta name=\"twitter:site\" content=\"@AcuarellaLLI\" \/>\n<meta name=\"twitter:label1\" content=\"Dur\u00e9e de lecture estim\u00e9e\" \/>\n\t<meta name=\"twitter:data1\" content=\"6 minutes\" \/>\n<script type=\"application\/ld+json\" class=\"yoast-schema-graph\">{\"@context\":\"https:\/\/schema.org\",\"@graph\":[{\"@type\":\"WebPage\",\"@id\":\"https:\/\/www.acuarella.eu\/fr\/contact\/\",\"url\":\"https:\/\/www.acuarella.eu\/fr\/contact\/\",\"name\":\"Contact | Acuarella | O\u00f9 sont nos \u00e9coles maternelles \u00e0 Barcelone\",\"isPartOf\":{\"@id\":\"https:\/\/www.acuarella.eu\/fr\/#website\"},\"datePublished\":\"2023-02-26T20:25:22+00:00\",\"dateModified\":\"2024-07-23T21:50:03+00:00\",\"description\":\"Vous trouverez ici o\u00f9 se trouvent nos \u00e9coles maternelles Acuarella \u00e0 Barcelone ainsi que tous les moyens de contact possibles.\",\"breadcrumb\":{\"@id\":\"https:\/\/www.acuarella.eu\/fr\/contact\/#breadcrumb\"},\"inLanguage\":\"fr-FR\",\"potentialAction\":[{\"@type\":\"ReadAction\",\"target\":[\"https:\/\/www.acuarella.eu\/fr\/contact\/\"]}]},{\"@type\":\"BreadcrumbList\",\"@id\":\"https:\/\/www.acuarella.eu\/fr\/contact\/#breadcrumb\",\"itemListElement\":[{\"@type\":\"ListItem\",\"position\":1,\"name\":\"Portada\",\"item\":\"https:\/\/www.acuarella.eu\/fr\/\"},{\"@type\":\"ListItem\",\"position\":2,\"name\":\"Contact\"}]},{\"@type\":\"WebSite\",\"@id\":\"https:\/\/www.acuarella.eu\/fr\/#website\",\"url\":\"https:\/\/www.acuarella.eu\/fr\/\",\"name\":\"Llars d'infants Acuarella\",\"description\":\"Escuela infantil en Barcelona\",\"publisher\":{\"@id\":\"https:\/\/www.acuarella.eu\/fr\/#organization\"},\"potentialAction\":[{\"@type\":\"SearchAction\",\"target\":{\"@type\":\"EntryPoint\",\"urlTemplate\":\"https:\/\/www.acuarella.eu\/fr\/?s={search_term_string}\"},\"query-input\":\"required name=search_term_string\"}],\"inLanguage\":\"fr-FR\"},{\"@type\":\"Organization\",\"@id\":\"https:\/\/www.acuarella.eu\/fr\/#organization\",\"name\":\"Acuarella\",\"url\":\"https:\/\/www.acuarella.eu\/fr\/\",\"logo\":{\"@type\":\"ImageObject\",\"inLanguage\":\"fr-FR\",\"@id\":\"https:\/\/www.acuarella.eu\/fr\/#\/schema\/logo\/image\/\",\"url\":\"https:\/\/www.acuarella.eu\/wp-content\/uploads\/revslider\/Navidad2018\/logo_500px.png\",\"contentUrl\":\"https:\/\/www.acuarella.eu\/wp-content\/uploads\/revslider\/Navidad2018\/logo_500px.png\",\"width\":500,\"height\":207,\"caption\":\"Acuarella\"},\"image\":{\"@id\":\"https:\/\/www.acuarella.eu\/fr\/#\/schema\/logo\/image\/\"},\"sameAs\":[\"https:\/\/www.facebook.com\/acuarellainfants\/\",\"https:\/\/twitter.com\/AcuarellaLLI\",\"https:\/\/www.instagram.com\/acuarella_llars\/\",\"https:\/\/www.linkedin.com\/company\/11481738\/admin\/\"]}]}<\/script>\n<!-- \/ Yoast SEO plugin. -->","yoast_head_json":{"title":"Contact | Acuarella | O\u00f9 sont nos \u00e9coles maternelles \u00e0 Barcelone","description":"Vous trouverez ici o\u00f9 se trouvent nos \u00e9coles maternelles Acuarella \u00e0 Barcelone ainsi que tous les moyens de contact possibles.","robots":{"index":"index","follow":"follow","max-snippet":"max-snippet:-1","max-image-preview":"max-image-preview:large","max-video-preview":"max-video-preview:-1"},"canonical":"https:\/\/www.acuarella.eu\/fr\/contact\/","og_locale":"fr_FR","og_type":"article","og_title":"Contact | Acuarella | O\u00f9 sont nos \u00e9coles maternelles \u00e0 Barcelone","og_description":"Vous trouverez ici o\u00f9 se trouvent nos \u00e9coles maternelles Acuarella \u00e0 Barcelone ainsi que tous les moyens de contact possibles.","og_url":"https:\/\/www.acuarella.eu\/fr\/contact\/","og_site_name":"Acuarella","article_publisher":"https:\/\/www.facebook.com\/acuarellainfants\/","article_modified_time":"2024-07-23T21:50:03+00:00","og_image":[{"url":"http:\/\/www.acuarella.eu\/wp-content\/uploads\/web\/07.0_contacte\/transporte\/car.png"}],"twitter_card":"summary_large_image","twitter_site":"@AcuarellaLLI","twitter_misc":{"Dur\u00e9e de lecture estim\u00e9e":"6 minutes"},"schema":{"@context":"https:\/\/schema.org","@graph":[{"@type":"WebPage","@id":"https:\/\/www.acuarella.eu\/fr\/contact\/","url":"https:\/\/www.acuarella.eu\/fr\/contact\/","name":"Contact | Acuarella | O\u00f9 sont nos \u00e9coles maternelles \u00e0 Barcelone","isPartOf":{"@id":"https:\/\/www.acuarella.eu\/fr\/#website"},"datePublished":"2023-02-26T20:25:22+00:00","dateModified":"2024-07-23T21:50:03+00:00","description":"Vous trouverez ici o\u00f9 se trouvent nos \u00e9coles maternelles Acuarella \u00e0 Barcelone ainsi que tous les moyens de contact possibles.","breadcrumb":{"@id":"https:\/\/www.acuarella.eu\/fr\/contact\/#breadcrumb"},"inLanguage":"fr-FR","potentialAction":[{"@type":"ReadAction","target":["https:\/\/www.acuarella.eu\/fr\/contact\/"]}]},{"@type":"BreadcrumbList","@id":"https:\/\/www.acuarella.eu\/fr\/contact\/#breadcrumb","itemListElement":[{"@type":"ListItem","position":1,"name":"Portada","item":"https:\/\/www.acuarella.eu\/fr\/"},{"@type":"ListItem","position":2,"name":"Contact"}]},{"@type":"WebSite","@id":"https:\/\/www.acuarella.eu\/fr\/#website","url":"https:\/\/www.acuarella.eu\/fr\/","name":"Llars d'infants Acuarella","description":"Escuela infantil en Barcelona","publisher":{"@id":"https:\/\/www.acuarella.eu\/fr\/#organization"},"potentialAction":[{"@type":"SearchAction","target":{"@type":"EntryPoint","urlTemplate":"https:\/\/www.acuarella.eu\/fr\/?s={search_term_string}"},"query-input":"required name=search_term_string"}],"inLanguage":"fr-FR"},{"@type":"Organization","@id":"https:\/\/www.acuarella.eu\/fr\/#organization","name":"Acuarella","url":"https:\/\/www.acuarella.eu\/fr\/","logo":{"@type":"ImageObject","inLanguage":"fr-FR","@id":"https:\/\/www.acuarella.eu\/fr\/#\/schema\/logo\/image\/","url":"https:\/\/www.acuarella.eu\/wp-content\/uploads\/revslider\/Navidad2018\/logo_500px.png","contentUrl":"https:\/\/www.acuarella.eu\/wp-content\/uploads\/revslider\/Navidad2018\/logo_500px.png","width":500,"height":207,"caption":"Acuarella"},"image":{"@id":"https:\/\/www.acuarella.eu\/fr\/#\/schema\/logo\/image\/"},"sameAs":["https:\/\/www.facebook.com\/acuarellainfants\/","https:\/\/twitter.com\/AcuarellaLLI","https:\/\/www.instagram.com\/acuarella_llars\/","https:\/\/www.linkedin.com\/company\/11481738\/admin\/"]}]}},"_links":{"self":[{"href":"https:\/\/www.acuarella.eu\/fr\/wp-json\/wp\/v2\/pages\/9310"}],"collection":[{"href":"https:\/\/www.acuarella.eu\/fr\/wp-json\/wp\/v2\/pages"}],"about":[{"href":"https:\/\/www.acuarella.eu\/fr\/wp-json\/wp\/v2\/types\/page"}],"author":[{"embeddable":true,"href":"https:\/\/www.acuarella.eu\/fr\/wp-json\/wp\/v2\/users\/4"}],"replies":[{"embeddable":true,"href":"https:\/\/www.acuarella.eu\/fr\/wp-json\/wp\/v2\/comments?post=9310"}],"version-history":[{"count":10,"href":"https:\/\/www.acuarella.eu\/fr\/wp-json\/wp\/v2\/pages\/9310\/revisions"}],"predecessor-version":[{"id":10001,"href":"https:\/\/www.acuarella.eu\/fr\/wp-json\/wp\/v2\/pages\/9310\/revisions\/10001"}],"wp:attachment":[{"href":"https:\/\/www.acuarella.eu\/fr\/wp-json\/wp\/v2\/media?parent=9310"}],"curies":[{"name":"wp","href":"https:\/\/api.w.org\/{rel}","templated":true}]}}